{"id":6247,"date":"2024-11-13T12:10:02","date_gmt":"2024-11-13T12:10:02","guid":{"rendered":"https:\/\/sophie-scholl-schule.eu\/?page_id=6247"},"modified":"2024-11-13T12:20:21","modified_gmt":"2024-11-13T12:20:21","slug":"archiv","status":"publish","type":"page","link":"https:\/\/sophie-scholl-schule.eu\/?page_id=6247","title":{"rendered":"Archiv"},"content":{"rendered":"\n<style type=\"text\/css\" data-created_by=\"avia_inline_auto\" id=\"style-css-av-m3fucfae-89d890457df82a649b9412692509218b\">\n#top .av-special-heading.av-m3fucfae-89d890457df82a649b9412692509218b{\npadding-bottom:10px;\n}\nbody .av-special-heading.av-m3fucfae-89d890457df82a649b9412692509218b .av-special-heading-tag .heading-char{\nfont-size:25px;\n}\n.av-special-heading.av-m3fucfae-89d890457df82a649b9412692509218b .av-subheading{\nfont-size:15px;\n}\n<\/style>\n<div  class='av-special-heading av-m3fucfae-89d890457df82a649b9412692509218b av-special-heading-h3  avia-builder-el-0  el_before_av_textblock  avia-builder-el-first '><h3 class='av-special-heading-tag '  itemprop=\"headline\"  >Archiv<\/h3><div class=\"special-heading-border\"><div class=\"special-heading-inner-border\"><\/div><\/div><\/div>\n<section  class='av_textblock_section av-m3fuc4kg-1163c9cda9960259a43dcbb814cecfc8 '   itemscope=\"itemscope\" itemtype=\"https:\/\/schema.org\/CreativeWork\" ><div class='avia_textblock'  itemprop=\"text\" ><p>Hier finden Sie alle Beitr\u00e4ge, die auf unserer Startseite waren:<\/p>\n<\/div><\/section>\n<div  data-slideshow-options=\"{&quot;animation&quot;:&quot;fade&quot;,&quot;autoplay&quot;:false,&quot;loop_autoplay&quot;:&quot;once&quot;,&quot;interval&quot;:5,&quot;loop_manual&quot;:&quot;manual-endless&quot;,&quot;autoplay_stopper&quot;:false,&quot;noNavigation&quot;:false,&quot;show_slide_delay&quot;:90}\" class='avia-content-slider avia-content-grid-active avia-content-slider1 avia-content-slider-even  avia-builder-el-2  el_after_av_textblock  avia-builder-el-last  av-slideshow-ui av-control-default   av-no-slider-navigation av-slideshow-manual av-loop-once av-loop-manual-endless '  itemscope=\"itemscope\" itemtype=\"https:\/\/schema.org\/Blog\" ><div class=\"avia-content-slider-inner\"><div class=\"slide-entry-wrap\"><article class='slide-entry flex_column  post-entry post-entry-7176 slide-entry-overview slide-loop-1 slide-parity-odd  av_one_fourth first real-thumbnail posttype-post post-format-standard'  itemscope=\"itemscope\" itemtype=\"https:\/\/schema.org\/CreativeWork\" ><a href='https:\/\/sophie-scholl-schule.eu\/?p=7176' data-rel='slide-1' class='slide-image' title='Projet Marc Bloch'><img decoding=\"async\" fetchpriority=\"high\" width=\"260\" height=\"185\" src=\"https:\/\/sophie-scholl-schule.eu\/wp-content\/uploads\/2026\/04\/Sophie-Scholl-Schule-Groupe-3-260x185.jpg\" class=\"wp-image-7190 avia-img-lazy-loading-not-7190 attachment-portfolio_small size-portfolio_small wp-post-image\" alt=\"\" \/><\/a><div class=\"slide-content\"><header class=\"entry-content-header\" aria-label=\"Slide: Projet Marc Bloch\"><span class=\"blog-categories minor-meta\"><a href=\"https:\/\/sophie-scholl-schule.eu\/?cat=188\" rel=\"tag\">Aktuelles \/ Startseite<\/a>, <a href=\"https:\/\/sophie-scholl-schule.eu\/?cat=146\" rel=\"tag\">SESB<\/a> <\/span><h3 class='slide-entry-title entry-title '  itemprop=\"headline\" ><a href='https:\/\/sophie-scholl-schule.eu\/?p=7176' title='Projet Marc Bloch'>Projet Marc Bloch<\/a><\/h3><span class=\"av-vertical-delimiter\"><\/span><\/header><div class='slide-entry-excerpt entry-content'  itemprop=\"text\" >\nAnl\u00e4sslich der Aufnahme von Marc Bloch in das Panth\u00e9on im Juni 2026 in Paris hat das Centre Marc Bloch einen Wettbewerb zur historischen Aneignung f\u00fcr Schulen in Frankreich und Deutschland ins Leben gerufen, um besser zu verstehen und zu\u2026<\/div><\/div><footer class=\"entry-footer\"><div class=\"slide-meta\"><time class='slide-meta-time updated'  itemprop=\"datePublished\" datetime=\"2026-04-29T13:09:15+00:00\" >29. April 2026<\/time><\/div><\/footer><span class='hidden'>\n\t\t\t\t<span class='av-structured-data'  itemprop=\"image\" itemscope=\"itemscope\" itemtype=\"https:\/\/schema.org\/ImageObject\" >\n\t\t\t\t\t\t<span itemprop='url'>https:\/\/sophie-scholl-schule.eu\/wp-content\/uploads\/2026\/04\/Sophie-Scholl-Schule-Groupe-3.jpg<\/span>\n\t\t\t\t\t\t<span itemprop='height'>1746<\/span>\n\t\t\t\t\t\t<span itemprop='width'>1240<\/span>\n\t\t\t\t<\/span>\n\t\t\t\t<span class='av-structured-data'  itemprop=\"publisher\" itemtype=\"https:\/\/schema.org\/Organization\" itemscope=\"itemscope\" >\n\t\t\t\t\t\t<span itemprop='name'>admin<\/span>\n\t\t\t\t\t\t<span itemprop='logo' itemscope itemtype='https:\/\/schema.org\/ImageObject'>\n\t\t\t\t\t\t\t<span itemprop='url'>https:\/\/sophie-scholl-schule.eu\/wp-content\/uploads\/2024\/11\/Logo-transparent.png<\/span>\n\t\t\t\t\t\t<\/span>\n\t\t\t\t<\/span><span class='av-structured-data'  itemprop=\"author\" itemscope=\"itemscope\" itemtype=\"https:\/\/schema.org\/Person\" ><span itemprop='name'>admin<\/span><\/span><span class='av-structured-data'  itemprop=\"datePublished\" datetime=\"2024-11-13T12:10:02+00:00\" >2026-04-29 13:09:15<\/span><span class='av-structured-data'  itemprop=\"dateModified\" itemtype=\"https:\/\/schema.org\/dateModified\" >2026-04-29 13:40:58<\/span><span class='av-structured-data'  itemprop=\"mainEntityOfPage\" itemtype=\"https:\/\/schema.org\/mainEntityOfPage\" ><span itemprop='name'>Projet Marc Bloch<\/span><\/span><\/span><\/article><article class='slide-entry flex_column  post-entry post-entry-7170 slide-entry-overview slide-loop-2 slide-parity-even  av_one_fourth  real-thumbnail posttype-post post-format-standard'  itemscope=\"itemscope\" itemtype=\"https:\/\/schema.org\/CreativeWork\" ><a href='https:\/\/sophie-scholl-schule.eu\/?p=7170' data-rel='slide-1' class='slide-image' title='SESB Alumni-Treffen 2026'><img decoding=\"async\" fetchpriority=\"high\" width=\"260\" height=\"185\" src=\"https:\/\/sophie-scholl-schule.eu\/wp-content\/uploads\/2025\/03\/SESB_S_unten_RGB-260x185.jpg\" class=\"wp-image-6546 avia-img-lazy-loading-not-6546 attachment-portfolio_small size-portfolio_small wp-post-image\" alt=\"\" \/><\/a><div class=\"slide-content\"><header class=\"entry-content-header\" aria-label=\"Slide: SESB Alumni-Treffen 2026\"><span class=\"blog-categories minor-meta\"><a href=\"https:\/\/sophie-scholl-schule.eu\/?cat=188\" rel=\"tag\">Aktuelles \/ Startseite<\/a>, <a href=\"https:\/\/sophie-scholl-schule.eu\/?cat=146\" rel=\"tag\">SESB<\/a> <\/span><h3 class='slide-entry-title entry-title '  itemprop=\"headline\" ><a href='https:\/\/sophie-scholl-schule.eu\/?p=7170' title='SESB Alumni-Treffen 2026'>SESB Alumni-Treffen 2026<\/a><\/h3><span class=\"av-vertical-delimiter\"><\/span><\/header><div class='slide-entry-excerpt entry-content'  itemprop=\"text\" >\nWas macht man nach dem Abibac\u2026 ?\n\n\n\nEhemalige SESB-Sch\u00fcler*innen der Sophie-Scholl stellen ihre Erfahrungen vor und antworten eure Fragen!\n\n\n\nSESB Alumni 2026Herunterladen\n<\/div><\/div><footer class=\"entry-footer\"><div class=\"slide-meta\"><time class='slide-meta-time updated'  itemprop=\"datePublished\" datetime=\"2026-04-20T05:45:08+00:00\" >20. April 2026<\/time><\/div><\/footer><span class='hidden'>\n\t\t\t\t<span class='av-structured-data'  itemprop=\"image\" itemscope=\"itemscope\" itemtype=\"https:\/\/schema.org\/ImageObject\" >\n\t\t\t\t\t\t<span itemprop='url'>https:\/\/sophie-scholl-schule.eu\/wp-content\/uploads\/2025\/03\/SESB_S_unten_RGB.jpg<\/span>\n\t\t\t\t\t\t<span itemprop='height'>1654<\/span>\n\t\t\t\t\t\t<span itemprop='width'>1181<\/span>\n\t\t\t\t<\/span>\n\t\t\t\t<span class='av-structured-data'  itemprop=\"publisher\" itemtype=\"https:\/\/schema.org\/Organization\" itemscope=\"itemscope\" >\n\t\t\t\t\t\t<span itemprop='name'>admin<\/span>\n\t\t\t\t\t\t<span itemprop='logo' itemscope itemtype='https:\/\/schema.org\/ImageObject'>\n\t\t\t\t\t\t\t<span itemprop='url'>https:\/\/sophie-scholl-schule.eu\/wp-content\/uploads\/2024\/11\/Logo-transparent.png<\/span>\n\t\t\t\t\t\t<\/span>\n\t\t\t\t<\/span><span class='av-structured-data'  itemprop=\"author\" itemscope=\"itemscope\" itemtype=\"https:\/\/schema.org\/Person\" ><span itemprop='name'>admin<\/span><\/span><span class='av-structured-data'  itemprop=\"datePublished\" datetime=\"2024-11-13T12:10:02+00:00\" >2026-04-20 05:45:08<\/span><span class='av-structured-data'  itemprop=\"dateModified\" itemtype=\"https:\/\/schema.org\/dateModified\" >2026-04-20 05:45:08<\/span><span class='av-structured-data'  itemprop=\"mainEntityOfPage\" itemtype=\"https:\/\/schema.org\/mainEntityOfPage\" ><span itemprop='name'>SESB Alumni-Treffen 2026<\/span><\/span><\/span><\/article><article class='slide-entry flex_column  post-entry post-entry-7163 slide-entry-overview slide-loop-3 slide-parity-odd  av_one_fourth  real-thumbnail posttype-post post-format-standard'  itemscope=\"itemscope\" itemtype=\"https:\/\/schema.org\/CreativeWork\" ><a href='https:\/\/sophie-scholl-schule.eu\/?p=7163' data-rel='slide-1' class='slide-image' title='Vorlesewettbewerb der 7. Klassen an der Sophie-Scholl-Schule'><img decoding=\"async\" fetchpriority=\"high\" width=\"260\" height=\"185\" src=\"https:\/\/sophie-scholl-schule.eu\/wp-content\/uploads\/2026\/03\/1-Sieger-260x185.jpeg\" class=\"wp-image-7165 avia-img-lazy-loading-not-7165 attachment-portfolio_small size-portfolio_small wp-post-image\" alt=\"\" \/><\/a><div class=\"slide-content\"><header class=\"entry-content-header\" aria-label=\"Slide: Vorlesewettbewerb der 7. Klassen an der Sophie-Scholl-Schule\"><span class=\"blog-categories minor-meta\"><a href=\"https:\/\/sophie-scholl-schule.eu\/?cat=188\" rel=\"tag\">Aktuelles \/ Startseite<\/a> <\/span><h3 class='slide-entry-title entry-title '  itemprop=\"headline\" ><a href='https:\/\/sophie-scholl-schule.eu\/?p=7163' title='Vorlesewettbewerb der 7. Klassen an der Sophie-Scholl-Schule'>Vorlesewettbewerb der 7. Klassen an der Sophie-Scholl-Schule<\/a><\/h3><span class=\"av-vertical-delimiter\"><\/span><\/header><div class='slide-entry-excerpt entry-content'  itemprop=\"text\" >\nAn der Sophie-Scholl-Schule fand am 6. M\u00e4rz 2026 der Vorlesewettbewerb der Siebtkl\u00e4ssler statt. Sch\u00fclerinnen und Sch\u00fcler aller 7. Klassen traten gegeneinander an und pr\u00e4sentierten ihre ausgew\u00e4hlten B\u00fccher vor der Jury und dem Publikum.\u2026<\/div><\/div><footer class=\"entry-footer\"><div class=\"slide-meta\"><time class='slide-meta-time updated'  itemprop=\"datePublished\" datetime=\"2026-03-20T06:28:17+00:00\" >20. M\u00e4rz 2026<\/time><\/div><\/footer><span class='hidden'>\n\t\t\t\t<span class='av-structured-data'  itemprop=\"image\" itemscope=\"itemscope\" itemtype=\"https:\/\/schema.org\/ImageObject\" >\n\t\t\t\t\t\t<span itemprop='url'>https:\/\/sophie-scholl-schule.eu\/wp-content\/uploads\/2026\/03\/1-Sieger-scaled.jpeg<\/span>\n\t\t\t\t\t\t<span itemprop='height'>2234<\/span>\n\t\t\t\t\t\t<span itemprop='width'>2560<\/span>\n\t\t\t\t<\/span>\n\t\t\t\t<span class='av-structured-data'  itemprop=\"publisher\" itemtype=\"https:\/\/schema.org\/Organization\" itemscope=\"itemscope\" >\n\t\t\t\t\t\t<span itemprop='name'>admin<\/span>\n\t\t\t\t\t\t<span itemprop='logo' itemscope itemtype='https:\/\/schema.org\/ImageObject'>\n\t\t\t\t\t\t\t<span itemprop='url'>https:\/\/sophie-scholl-schule.eu\/wp-content\/uploads\/2024\/11\/Logo-transparent.png<\/span>\n\t\t\t\t\t\t<\/span>\n\t\t\t\t<\/span><span class='av-structured-data'  itemprop=\"author\" itemscope=\"itemscope\" itemtype=\"https:\/\/schema.org\/Person\" ><span itemprop='name'>admin<\/span><\/span><span class='av-structured-data'  itemprop=\"datePublished\" datetime=\"2024-11-13T12:10:02+00:00\" >2026-03-20 06:28:17<\/span><span class='av-structured-data'  itemprop=\"dateModified\" itemtype=\"https:\/\/schema.org\/dateModified\" >2026-03-20 06:28:17<\/span><span class='av-structured-data'  itemprop=\"mainEntityOfPage\" itemtype=\"https:\/\/schema.org\/mainEntityOfPage\" ><span itemprop='name'>Vorlesewettbewerb der 7. Klassen an der Sophie-Scholl-Schule<\/span><\/span><\/span><\/article><article class='slide-entry flex_column  post-entry post-entry-7151 slide-entry-overview slide-loop-4 slide-parity-even  av_one_fourth  real-thumbnail posttype-post post-format-standard'  itemscope=\"itemscope\" itemtype=\"https:\/\/schema.org\/CreativeWork\" ><a href='https:\/\/sophie-scholl-schule.eu\/?p=7151' data-rel='slide-1' class='slide-image' title='Gewinner des Online-Teamwettbewerbs 2026'><img decoding=\"async\" fetchpriority=\"high\" width=\"260\" height=\"185\" src=\"https:\/\/sophie-scholl-schule.eu\/wp-content\/uploads\/2026\/03\/urkunde_2026-260x185.jpg\" class=\"wp-image-7152 avia-img-lazy-loading-not-7152 attachment-portfolio_small size-portfolio_small wp-post-image\" alt=\"\" srcset=\"https:\/\/sophie-scholl-schule.eu\/wp-content\/uploads\/2026\/03\/urkunde_2026-260x185.jpg 260w, https:\/\/sophie-scholl-schule.eu\/wp-content\/uploads\/2026\/03\/urkunde_2026-300x212.jpg 300w, https:\/\/sophie-scholl-schule.eu\/wp-content\/uploads\/2026\/03\/urkunde_2026-1030x728.jpg 1030w, https:\/\/sophie-scholl-schule.eu\/wp-content\/uploads\/2026\/03\/urkunde_2026-768x543.jpg 768w, https:\/\/sophie-scholl-schule.eu\/wp-content\/uploads\/2026\/03\/urkunde_2026-1536x1086.jpg 1536w, https:\/\/sophie-scholl-schule.eu\/wp-content\/uploads\/2026\/03\/urkunde_2026-2048x1448.jpg 2048w, https:\/\/sophie-scholl-schule.eu\/wp-content\/uploads\/2026\/03\/urkunde_2026-1500x1061.jpg 1500w, https:\/\/sophie-scholl-schule.eu\/wp-content\/uploads\/2026\/03\/urkunde_2026-705x499.jpg 705w\" sizes=\"(max-width: 260px) 100vw, 260px\" \/><\/a><div class=\"slide-content\"><header class=\"entry-content-header\" aria-label=\"Slide: Gewinner des Online-Teamwettbewerbs 2026\"><span class=\"blog-categories minor-meta\"><a href=\"https:\/\/sophie-scholl-schule.eu\/?cat=188\" rel=\"tag\">Aktuelles \/ Startseite<\/a>, <a href=\"https:\/\/sophie-scholl-schule.eu\/?cat=146\" rel=\"tag\">SESB<\/a> <\/span><h3 class='slide-entry-title entry-title '  itemprop=\"headline\" ><a href='https:\/\/sophie-scholl-schule.eu\/?p=7151' title='Gewinner des Online-Teamwettbewerbs 2026'>Gewinner des Online-Teamwettbewerbs 2026<\/a><\/h3><span class=\"av-vertical-delimiter\"><\/span><\/header><div class='slide-entry-excerpt entry-content'  itemprop=\"text\" >\nEinen Bravo an die Klasse 112, die den europ\u00e4ischen Online-Teamwettbewerb 2026 ausgezeichnet gewonnen hat!\n\n\n\n\n<\/div><\/div><footer class=\"entry-footer\"><div class=\"slide-meta\"><time class='slide-meta-time updated'  itemprop=\"datePublished\" datetime=\"2026-03-15T10:28:12+00:00\" >15. M\u00e4rz 2026<\/time><\/div><\/footer><span class='hidden'>\n\t\t\t\t<span class='av-structured-data'  itemprop=\"image\" itemscope=\"itemscope\" itemtype=\"https:\/\/schema.org\/ImageObject\" >\n\t\t\t\t\t\t<span itemprop='url'>https:\/\/sophie-scholl-schule.eu\/wp-content\/uploads\/2026\/03\/urkunde_2026-scaled.jpg<\/span>\n\t\t\t\t\t\t<span itemprop='height'>1810<\/span>\n\t\t\t\t\t\t<span itemprop='width'>2560<\/span>\n\t\t\t\t<\/span>\n\t\t\t\t<span class='av-structured-data'  itemprop=\"publisher\" itemtype=\"https:\/\/schema.org\/Organization\" itemscope=\"itemscope\" >\n\t\t\t\t\t\t<span itemprop='name'>admin<\/span>\n\t\t\t\t\t\t<span itemprop='logo' itemscope itemtype='https:\/\/schema.org\/ImageObject'>\n\t\t\t\t\t\t\t<span itemprop='url'>https:\/\/sophie-scholl-schule.eu\/wp-content\/uploads\/2024\/11\/Logo-transparent.png<\/span>\n\t\t\t\t\t\t<\/span>\n\t\t\t\t<\/span><span class='av-structured-data'  itemprop=\"author\" itemscope=\"itemscope\" itemtype=\"https:\/\/schema.org\/Person\" ><span itemprop='name'>admin<\/span><\/span><span class='av-structured-data'  itemprop=\"datePublished\" datetime=\"2024-11-13T12:10:02+00:00\" >2026-03-15 10:28:12<\/span><span class='av-structured-data'  itemprop=\"dateModified\" itemtype=\"https:\/\/schema.org\/dateModified\" >2026-03-15 10:28:12<\/span><span class='av-structured-data'  itemprop=\"mainEntityOfPage\" itemtype=\"https:\/\/schema.org\/mainEntityOfPage\" ><span itemprop='name'>Gewinner des Online-Teamwettbewerbs 2026<\/span><\/span><\/span><\/article><\/div><div class=\"slide-entry-wrap\"><article class='slide-entry flex_column  post-entry post-entry-7118 slide-entry-overview slide-loop-5 slide-parity-odd  av_one_fourth first real-thumbnail posttype-post post-format-standard'  itemscope=\"itemscope\" itemtype=\"https:\/\/schema.org\/CreativeWork\" ><a href='https:\/\/sophie-scholl-schule.eu\/?p=7118' data-rel='slide-1' class='slide-image' title='Der Physik LK 13 besucht das DESY'><img decoding=\"async\" fetchpriority=\"high\" width=\"260\" height=\"185\" src=\"https:\/\/sophie-scholl-schule.eu\/wp-content\/uploads\/2026\/03\/Bild1-260x185.jpg\" class=\"wp-image-7119 avia-img-lazy-loading-not-7119 attachment-portfolio_small size-portfolio_small wp-post-image\" alt=\"\" \/><\/a><div class=\"slide-content\"><header class=\"entry-content-header\" aria-label=\"Slide: Der Physik LK 13 besucht das DESY\"><span class=\"blog-categories minor-meta\"><a href=\"https:\/\/sophie-scholl-schule.eu\/?cat=188\" rel=\"tag\">Aktuelles \/ Startseite<\/a> <\/span><h3 class='slide-entry-title entry-title '  itemprop=\"headline\" ><a href='https:\/\/sophie-scholl-schule.eu\/?p=7118' title='Der Physik LK 13 besucht das DESY'>Der Physik LK 13 besucht das DESY<\/a><\/h3><span class=\"av-vertical-delimiter\"><\/span><\/header><div class='slide-entry-excerpt entry-content'  itemprop=\"text\" >\n\n\n\n\nAuf einer dreit\u00e4gigen Studienfahrt vom 28. zum 30. Januar haben die Sch\u00fcler:innen des Leistungskurses Physik aus dem aktuellen Abiturjahrgang zusammen mit Herrn Raake und Herrn Zumpe das Deutsche Elektronen-Synchrotron (DESY) in Hamburg\u2026<\/div><\/div><footer class=\"entry-footer\"><div class=\"slide-meta\"><time class='slide-meta-time updated'  itemprop=\"datePublished\" datetime=\"2026-03-04T19:47:22+00:00\" >4. M\u00e4rz 2026<\/time><\/div><\/footer><span class='hidden'>\n\t\t\t\t<span class='av-structured-data'  itemprop=\"image\" itemscope=\"itemscope\" itemtype=\"https:\/\/schema.org\/ImageObject\" >\n\t\t\t\t\t\t<span itemprop='url'>https:\/\/sophie-scholl-schule.eu\/wp-content\/uploads\/2026\/03\/Bild1.jpg<\/span>\n\t\t\t\t\t\t<span itemprop='height'>460<\/span>\n\t\t\t\t\t\t<span itemprop='width'>614<\/span>\n\t\t\t\t<\/span>\n\t\t\t\t<span class='av-structured-data'  itemprop=\"publisher\" itemtype=\"https:\/\/schema.org\/Organization\" itemscope=\"itemscope\" >\n\t\t\t\t\t\t<span itemprop='name'>zu<\/span>\n\t\t\t\t\t\t<span itemprop='logo' itemscope itemtype='https:\/\/schema.org\/ImageObject'>\n\t\t\t\t\t\t\t<span itemprop='url'>https:\/\/sophie-scholl-schule.eu\/wp-content\/uploads\/2024\/11\/Logo-transparent.png<\/span>\n\t\t\t\t\t\t<\/span>\n\t\t\t\t<\/span><span class='av-structured-data'  itemprop=\"author\" itemscope=\"itemscope\" itemtype=\"https:\/\/schema.org\/Person\" ><span itemprop='name'>zu<\/span><\/span><span class='av-structured-data'  itemprop=\"datePublished\" datetime=\"2024-11-13T12:10:02+00:00\" >2026-03-04 19:47:22<\/span><span class='av-structured-data'  itemprop=\"dateModified\" itemtype=\"https:\/\/schema.org\/dateModified\" >2026-03-04 19:47:22<\/span><span class='av-structured-data'  itemprop=\"mainEntityOfPage\" itemtype=\"https:\/\/schema.org\/mainEntityOfPage\" ><span itemprop='name'>Der Physik LK 13 besucht das DESY<\/span><\/span><\/span><\/article><article class='slide-entry flex_column  post-entry post-entry-7100 slide-entry-overview slide-loop-6 slide-parity-even  av_one_fourth  real-thumbnail posttype-post post-format-standard'  itemscope=\"itemscope\" itemtype=\"https:\/\/schema.org\/CreativeWork\" ><a href='https:\/\/sophie-scholl-schule.eu\/?p=7100' data-rel='slide-1' class='slide-image' title='Buchvorstellung in der Franz\u00f6sischen Botschaft'><img decoding=\"async\" fetchpriority=\"high\" width=\"260\" height=\"185\" src=\"https:\/\/sophie-scholl-schule.eu\/wp-content\/uploads\/2026\/03\/IMG_3692-260x185.jpeg\" class=\"wp-image-7102 avia-img-lazy-loading-not-7102 attachment-portfolio_small size-portfolio_small wp-post-image\" alt=\"\" \/><\/a><div class=\"slide-content\"><header class=\"entry-content-header\" aria-label=\"Slide: Buchvorstellung in der Franz\u00f6sischen Botschaft\"><span class=\"blog-categories minor-meta\"><a href=\"https:\/\/sophie-scholl-schule.eu\/?cat=188\" rel=\"tag\">Aktuelles \/ Startseite<\/a>, <a href=\"https:\/\/sophie-scholl-schule.eu\/?cat=146\" rel=\"tag\">SESB<\/a> <\/span><h3 class='slide-entry-title entry-title '  itemprop=\"headline\" ><a href='https:\/\/sophie-scholl-schule.eu\/?p=7100' title='Buchvorstellung in der Franz\u00f6sischen Botschaft'>Buchvorstellung in der Franz\u00f6sischen Botschaft<\/a><\/h3><span class=\"av-vertical-delimiter\"><\/span><\/header><div class='slide-entry-excerpt entry-content'  itemprop=\"text\" >\nAm 24.02. hatten die Sch\u00fclerinnen und Sch\u00fcler der SESB-Klassen (111, 112, LK 12 und LK 13) die gro\u00dfe Ehre, in die Franz\u00f6sische Botschaft eingeladen zu werden, um an der Pr\u00e4sentation des Buches \u201e63 Orte der deutsch-franz\u00f6sischen Geschichte\u201c\u2026<\/div><\/div><footer class=\"entry-footer\"><div class=\"slide-meta\"><time class='slide-meta-time updated'  itemprop=\"datePublished\" datetime=\"2026-03-01T15:08:05+00:00\" >1. M\u00e4rz 2026<\/time><\/div><\/footer><span class='hidden'>\n\t\t\t\t<span class='av-structured-data'  itemprop=\"image\" itemscope=\"itemscope\" itemtype=\"https:\/\/schema.org\/ImageObject\" >\n\t\t\t\t\t\t<span itemprop='url'>https:\/\/sophie-scholl-schule.eu\/wp-content\/uploads\/2026\/03\/IMG_3692-scaled.jpeg<\/span>\n\t\t\t\t\t\t<span itemprop='height'>2560<\/span>\n\t\t\t\t\t\t<span itemprop='width'>1920<\/span>\n\t\t\t\t<\/span>\n\t\t\t\t<span class='av-structured-data'  itemprop=\"publisher\" itemtype=\"https:\/\/schema.org\/Organization\" itemscope=\"itemscope\" >\n\t\t\t\t\t\t<span itemprop='name'>admin<\/span>\n\t\t\t\t\t\t<span itemprop='logo' itemscope itemtype='https:\/\/schema.org\/ImageObject'>\n\t\t\t\t\t\t\t<span itemprop='url'>https:\/\/sophie-scholl-schule.eu\/wp-content\/uploads\/2024\/11\/Logo-transparent.png<\/span>\n\t\t\t\t\t\t<\/span>\n\t\t\t\t<\/span><span class='av-structured-data'  itemprop=\"author\" itemscope=\"itemscope\" itemtype=\"https:\/\/schema.org\/Person\" ><span itemprop='name'>admin<\/span><\/span><span class='av-structured-data'  itemprop=\"datePublished\" datetime=\"2024-11-13T12:10:02+00:00\" >2026-03-01 15:08:05<\/span><span class='av-structured-data'  itemprop=\"dateModified\" itemtype=\"https:\/\/schema.org\/dateModified\" >2026-03-01 15:08:05<\/span><span class='av-structured-data'  itemprop=\"mainEntityOfPage\" itemtype=\"https:\/\/schema.org\/mainEntityOfPage\" ><span itemprop='name'>Buchvorstellung in der Franz\u00f6sischen Botschaft<\/span><\/span><\/span><\/article><article class='slide-entry flex_column  post-entry post-entry-7094 slide-entry-overview slide-loop-7 slide-parity-odd  av_one_fourth  real-thumbnail posttype-post post-format-standard'  itemscope=\"itemscope\" itemtype=\"https:\/\/schema.org\/CreativeWork\" ><a href='https:\/\/sophie-scholl-schule.eu\/?p=7094' data-rel='slide-1' class='slide-image' title='Jugend debattiert'><img decoding=\"async\" fetchpriority=\"high\" width=\"260\" height=\"185\" src=\"https:\/\/sophie-scholl-schule.eu\/wp-content\/uploads\/2026\/02\/2026-02-10-212547-260x185.jpg\" class=\"wp-image-7096 avia-img-lazy-loading-not-7096 attachment-portfolio_small size-portfolio_small wp-post-image\" alt=\"\" \/><\/a><div class=\"slide-content\"><header class=\"entry-content-header\" aria-label=\"Slide: Jugend debattiert\"><span class=\"blog-categories minor-meta\"><a href=\"https:\/\/sophie-scholl-schule.eu\/?cat=188\" rel=\"tag\">Aktuelles \/ Startseite<\/a> <\/span><h3 class='slide-entry-title entry-title '  itemprop=\"headline\" ><a href='https:\/\/sophie-scholl-schule.eu\/?p=7094' title='Jugend debattiert'>Jugend debattiert<\/a><\/h3><span class=\"av-vertical-delimiter\"><\/span><\/header><div class='slide-entry-excerpt entry-content'  itemprop=\"text\" >\nAm 10. Februar 2026 fand am Hildegard-Wegscheider-Gymnasium in Grunewald der Regionalwettbewerb \u201eJugend debattiert\u201c des Regionalverbundes VI mit insgesamt vier Berliner Schulen statt. Auch dieses Jahr stellten viele engagierte Sch\u00fcler*innen,\u2026<\/div><\/div><footer class=\"entry-footer\"><div class=\"slide-meta\"><time class='slide-meta-time updated'  itemprop=\"datePublished\" datetime=\"2026-02-25T06:29:12+00:00\" >25. Februar 2026<\/time><\/div><\/footer><span class='hidden'>\n\t\t\t\t<span class='av-structured-data'  itemprop=\"image\" itemscope=\"itemscope\" itemtype=\"https:\/\/schema.org\/ImageObject\" >\n\t\t\t\t\t\t<span itemprop='url'>https:\/\/sophie-scholl-schule.eu\/wp-content\/uploads\/2026\/02\/2026-02-10-212547.jpg<\/span>\n\t\t\t\t\t\t<span itemprop='height'>1536<\/span>\n\t\t\t\t\t\t<span itemprop='width'>2048<\/span>\n\t\t\t\t<\/span>\n\t\t\t\t<span class='av-structured-data'  itemprop=\"publisher\" itemtype=\"https:\/\/schema.org\/Organization\" itemscope=\"itemscope\" >\n\t\t\t\t\t\t<span itemprop='name'>admin<\/span>\n\t\t\t\t\t\t<span itemprop='logo' itemscope itemtype='https:\/\/schema.org\/ImageObject'>\n\t\t\t\t\t\t\t<span itemprop='url'>https:\/\/sophie-scholl-schule.eu\/wp-content\/uploads\/2024\/11\/Logo-transparent.png<\/span>\n\t\t\t\t\t\t<\/span>\n\t\t\t\t<\/span><span class='av-structured-data'  itemprop=\"author\" itemscope=\"itemscope\" itemtype=\"https:\/\/schema.org\/Person\" ><span itemprop='name'>admin<\/span><\/span><span class='av-structured-data'  itemprop=\"datePublished\" datetime=\"2024-11-13T12:10:02+00:00\" >2026-02-25 06:29:12<\/span><span class='av-structured-data'  itemprop=\"dateModified\" itemtype=\"https:\/\/schema.org\/dateModified\" >2026-02-25 06:29:12<\/span><span class='av-structured-data'  itemprop=\"mainEntityOfPage\" itemtype=\"https:\/\/schema.org\/mainEntityOfPage\" ><span itemprop='name'>Jugend debattiert<\/span><\/span><\/span><\/article><article class='slide-entry flex_column  post-entry post-entry-7090 slide-entry-overview slide-loop-8 slide-parity-even  post-entry-last  av_one_fourth  real-thumbnail posttype-post post-format-standard'  itemscope=\"itemscope\" itemtype=\"https:\/\/schema.org\/CreativeWork\" ><a href='https:\/\/sophie-scholl-schule.eu\/?p=7090' data-rel='slide-1' class='slide-image' title='Benefizabend &#8222;Victors Einschulung&#8220;'><img decoding=\"async\" fetchpriority=\"high\" width=\"260\" height=\"185\" src=\"https:\/\/sophie-scholl-schule.eu\/wp-content\/uploads\/2026\/02\/Veroeffentlichung-des-Magazins-und-Fluegel-Einweihung1-3-260x185.png\" class=\"wp-image-7091 avia-img-lazy-loading-not-7091 attachment-portfolio_small size-portfolio_small wp-post-image\" alt=\"\" \/><\/a><div class=\"slide-content\"><header class=\"entry-content-header\" aria-label=\"Slide: Benefizabend &quot;Victors Einschulung&quot;\"><span class=\"blog-categories minor-meta\"><a href=\"https:\/\/sophie-scholl-schule.eu\/?cat=188\" rel=\"tag\">Aktuelles \/ Startseite<\/a>, <a href=\"https:\/\/sophie-scholl-schule.eu\/?cat=206\" rel=\"tag\">F\u00f6rderverein - Gef\u00f6rdertes Projekt<\/a> <\/span><h3 class='slide-entry-title entry-title '  itemprop=\"headline\" ><a href='https:\/\/sophie-scholl-schule.eu\/?p=7090' title='Benefizabend &#8222;Victors Einschulung&#8220;'>Benefizabend &#8222;Victors Einschulung&#8220;<\/a><\/h3><span class=\"av-vertical-delimiter\"><\/span><\/header><div class='slide-entry-excerpt entry-content'  itemprop=\"text\" >\nAm 10.3. ist es soweit! Der neue Fl\u00fcgel wird gemeinsam mit dem diesj\u00e4hrigen Magazin der Schulgemeinschaft vorgestellt. Es erwartet Sie ein Abend mit Klaviermusik, interessanten Artikeln, kleineren Knabbereien und Getr\u00e4nken.\n\n\n\n10.3. 18:00\u2026<\/div><\/div><footer class=\"entry-footer\"><div class=\"slide-meta\"><time class='slide-meta-time updated'  itemprop=\"datePublished\" datetime=\"2026-02-24T07:47:42+00:00\" >24. Februar 2026<\/time><\/div><\/footer><span class='hidden'>\n\t\t\t\t<span class='av-structured-data'  itemprop=\"image\" itemscope=\"itemscope\" itemtype=\"https:\/\/schema.org\/ImageObject\" >\n\t\t\t\t\t\t<span itemprop='url'>https:\/\/sophie-scholl-schule.eu\/wp-content\/uploads\/2026\/02\/Veroeffentlichung-des-Magazins-und-Fluegel-Einweihung1-3.png<\/span>\n\t\t\t\t\t\t<span itemprop='height'>1536<\/span>\n\t\t\t\t\t\t<span itemprop='width'>1024<\/span>\n\t\t\t\t<\/span>\n\t\t\t\t<span class='av-structured-data'  itemprop=\"publisher\" itemtype=\"https:\/\/schema.org\/Organization\" itemscope=\"itemscope\" >\n\t\t\t\t\t\t<span itemprop='name'>Grenz<\/span>\n\t\t\t\t\t\t<span itemprop='logo' itemscope itemtype='https:\/\/schema.org\/ImageObject'>\n\t\t\t\t\t\t\t<span itemprop='url'>https:\/\/sophie-scholl-schule.eu\/wp-content\/uploads\/2024\/11\/Logo-transparent.png<\/span>\n\t\t\t\t\t\t<\/span>\n\t\t\t\t<\/span><span class='av-structured-data'  itemprop=\"author\" itemscope=\"itemscope\" itemtype=\"https:\/\/schema.org\/Person\" ><span itemprop='name'>Grenz<\/span><\/span><span class='av-structured-data'  itemprop=\"datePublished\" datetime=\"2024-11-13T12:10:02+00:00\" >2026-02-24 07:47:42<\/span><span class='av-structured-data'  itemprop=\"dateModified\" itemtype=\"https:\/\/schema.org\/dateModified\" >2026-02-24 07:47:43<\/span><span class='av-structured-data'  itemprop=\"mainEntityOfPage\" itemtype=\"https:\/\/schema.org\/mainEntityOfPage\" ><span itemprop='name'>Benefizabend &#8222;Victors Einschulung&#8220;<\/span><\/span><\/span><\/article><\/div><\/div><div class='pagination-wrap pagination-slider'><nav class='pagination'><span class='pagination-meta'>Seite 1 von 82<\/span><span class='current'>1<\/span><a href='https:\/\/sophie-scholl-schule.eu\/index.php?rest_route=%2Fwp%2Fv2%2Fpages%2F6247&#038;avia-element-paging=2' class='inactive next_page' >2<\/a><a href='https:\/\/sophie-scholl-schule.eu\/index.php?rest_route=%2Fwp%2Fv2%2Fpages%2F6247&#038;avia-element-paging=3' class='inactive' >3<\/a><a href='https:\/\/sophie-scholl-schule.eu\/index.php?rest_route=%2Fwp%2Fv2%2Fpages%2F6247&#038;avia-element-paging=2'>&rsaquo;<\/a><a href='https:\/\/sophie-scholl-schule.eu\/index.php?rest_route=%2Fwp%2Fv2%2Fpages%2F6247&#038;avia-element-paging=82'>&raquo;<\/a><\/nav>\n<\/div><\/div>\n","protected":false},"excerpt":{"rendered":"","protected":false},"author":1,"featured_media":0,"parent":109,"menu_order":0,"comment_status":"closed","ping_status":"closed","template":"","meta":{"footnotes":""},"class_list":["post-6247","page","type-page","status-publish","hentry"],"_links":{"self":[{"href":"https:\/\/sophie-scholl-schule.eu\/index.php?rest_route=\/wp\/v2\/pages\/6247","targetHints":{"allow":["GET"]}}],"collection":[{"href":"https:\/\/sophie-scholl-schule.eu\/index.php?rest_route=\/wp\/v2\/pages"}],"about":[{"href":"https:\/\/sophie-scholl-schule.eu\/index.php?rest_route=\/wp\/v2\/types\/page"}],"author":[{"embeddable":true,"href":"https:\/\/sophie-scholl-schule.eu\/index.php?rest_route=\/wp\/v2\/users\/1"}],"replies":[{"embeddable":true,"href":"https:\/\/sophie-scholl-schule.eu\/index.php?rest_route=%2Fwp%2Fv2%2Fcomments&post=6247"}],"version-history":[{"count":5,"href":"https:\/\/sophie-scholl-schule.eu\/index.php?rest_route=\/wp\/v2\/pages\/6247\/revisions"}],"predecessor-version":[{"id":6254,"href":"https:\/\/sophie-scholl-schule.eu\/index.php?rest_route=\/wp\/v2\/pages\/6247\/revisions\/6254"}],"up":[{"embeddable":true,"href":"https:\/\/sophie-scholl-schule.eu\/index.php?rest_route=\/wp\/v2\/pages\/109"}],"wp:attachment":[{"href":"https:\/\/sophie-scholl-schule.eu\/index.php?rest_route=%2Fwp%2Fv2%2Fmedia&parent=6247"}],"curies":[{"name":"wp","href":"https:\/\/api.w.org\/{rel}","templated":true}]}}