{"id":6201,"date":"2024-11-12T13:30:22","date_gmt":"2024-11-12T13:30:22","guid":{"rendered":"https:\/\/sophie-scholl-schule.eu\/?page_id=6201"},"modified":"2025-05-06T07:06:44","modified_gmt":"2025-05-06T07:06:44","slug":"jugend-forscht","status":"publish","type":"page","link":"https:\/\/sophie-scholl-schule.eu\/?page_id=6201","title":{"rendered":"Jugend forscht"},"content":{"rendered":"\n<div class=\"wp-block-group is-nowrap is-layout-flex wp-container-core-group-is-layout-ad2f72ca wp-block-group-is-layout-flex\">\n<p>Alle Sch\u00fcler haben die Gelegenheit, ein eigenes&nbsp;<em>Jugend forscht<\/em>-Projekt zu bearbeiten oder am&nbsp;<em>Sch\u00fcler experimentieren<\/em>-Wettbewerb teilzunehmen. Der Ansprechpartner:innen an unserer Schule sind seit vielen Jahren Frau Hoffmann und Herr Zumpe. Beide \u00fcbernehmen in vielen F\u00e4llen die Betreuung , oder vermitteln an FachkollegInnen weiter. Allgemeine Informationen zu dem Wettbewerb findet man auf der offiziellen&nbsp;<a href=\"http:\/\/www.jugend-forscht.de\/\" target=\"_blank\" rel=\"noreferrer noopener\">Internetseite von&nbsp;<em>Jugend forscht<\/em><\/a>.<\/p>\n\n\n\n<figure class=\"wp-block-image size-full\"><img loading=\"lazy\" decoding=\"async\" width=\"332\" height=\"332\" src=\"https:\/\/sophie-scholl-schule.eu\/wp-content\/uploads\/2024\/11\/Logo_Jugend_forscht.jpg\" alt=\"\" class=\"wp-image-6207\" srcset=\"https:\/\/sophie-scholl-schule.eu\/wp-content\/uploads\/2024\/11\/Logo_Jugend_forscht.jpg 332w, https:\/\/sophie-scholl-schule.eu\/wp-content\/uploads\/2024\/11\/Logo_Jugend_forscht-300x300.jpg 300w, https:\/\/sophie-scholl-schule.eu\/wp-content\/uploads\/2024\/11\/Logo_Jugend_forscht-80x80.jpg 80w, https:\/\/sophie-scholl-schule.eu\/wp-content\/uploads\/2024\/11\/Logo_Jugend_forscht-36x36.jpg 36w, https:\/\/sophie-scholl-schule.eu\/wp-content\/uploads\/2024\/11\/Logo_Jugend_forscht-180x180.jpg 180w\" sizes=\"auto, (max-width: 332px) 100vw, 332px\" \/><\/figure>\n<\/div>\n\n\n\n<p>Das besondere Engagement unserer Schule im Wettbewerb&nbsp;<em>Jugend forscht<\/em>&nbsp;wird auch durch verschiedene Auszeichnungen der letzten Jahre deutlich:<\/p>\n\n\n\n<figure class=\"wp-block-table\"><table class=\"has-fixed-layout\"><tbody><tr><td><strong>&nbsp;Jahr&nbsp;&nbsp;&nbsp;&nbsp;&nbsp;&nbsp;&nbsp;<\/strong><\/td><td><strong>Sch\u00fclerInnen<\/strong><\/td><td><strong>Sparte<\/strong><\/td><td><strong>Titel<\/strong><\/td><td><strong>Platzierung<\/strong><\/td><\/tr><tr><td rowspan=\"3\">2025<\/td><td>Mykolas (13. Jahrgang)<\/td><td>Technik<\/td><td>Vektormonitor<\/td><td>2. Preis + Sonderpreis Jahresabo ct-Magazin<\/td><\/tr><tr><td>Selma und Nikolai&nbsp;(12. Jahrgang)<\/td><td>Physik<\/td><td>T\u00f6ne sichtbar machen-das Prinzip von Chladnischen Klangfiguren<\/td><td>Einladung zum Austellen der Arbeit auf der LNDW<\/td><\/tr><tr><td>Ramiro (Klasse 924)<\/td><td>Technik<\/td><td>Die ewig brennende Lampe<\/td><td>Sonderpreis Jahresabo ct-Magazin<\/td><\/tr><tr><td><a href=\"https:\/\/sophie-scholl-schule.eu\/?p=3404\" data-type=\"post\" data-id=\"3404\">2022<\/a><\/td><td>Mykolas (Klasse 1023)<\/td><td>Technik<\/td><td>Vektormonitor-Steuereinheit<\/td><td>1. Platz (Regionalsieg), Sonderpreis Rundfunk-, Fernsehr- und Informationstechnik der Eduard-Rhein-Stiftung<\/td><\/tr><tr><td rowspan=\"4\"><a href=\"https:\/\/sophie-scholl-schule.eu\/?p=3413\" data-type=\"post\" data-id=\"3413\">2021<\/a><\/td><td>Camille (13. Jahrgang)<\/td><td>Physik<\/td><td>Visualisierung von Mikrowellen<\/td><td>im Bundeswettbewerb: Sonderpreise Heraeus-Stiftung und DGZfP (einziger Teilnehmer mit zwei Preisen!!)1. Platz (Landessieg)Sonderpreis Fraunhofer Talents1. Platz (Regionalsieg)Sonderpreis Qualit\u00e4tssicherung durch zerst\u00f6rungsfreie Pr\u00fcfung<\/td><\/tr><tr><td>Claas (12. Jahrgang)<\/td><td>&nbsp;Technik<\/td><td>Der LenkerDenker &#8211;<br>Intelligenz f\u00fcr das Fahrrad<\/td><td>&nbsp;1. Platz (Regionalsieg)<br>Sonderpreis Make Jahresabonnement<br>Sonderpreis &#8222;Thinking Safety&#8220;<\/td><\/tr><tr><td>Melike, Maria (Klasse 1023)<\/td><td>Technik<\/td><td>Neue Hilfestellung f\u00fcr Sehbehinderte<\/td><td>&nbsp;2. Platz Regionalwettbewerb<br>Sonderpreis H\u00f6ren, Akustik &amp; L\u00e4rm<\/td><\/tr><tr><td>Kolja, Justus (12. Jahrgang)<\/td><td>Technik&nbsp;<\/td><td>Effiziente Energiegewinnung durch Wellenkraftwerke?<\/td><td>3. Platz Regionalwettbewerb<br>Sonderpreis Energiewende<\/td><\/tr><tr><td rowspan=\"2\"><a href=\"https:\/\/sophie-scholl-schule.eu\/?p=3157\" data-type=\"post\" data-id=\"3157\">2020<\/a><\/td><td>Joseph (Klasse 7-23)<\/td><td>&nbsp;Arbeitswelt&nbsp;&nbsp;&nbsp;&nbsp;&nbsp;<\/td><td>Der Tischwischroboter<\/td><td>&nbsp;<\/td><\/tr><tr><td>Alice, Luna (11. Jahrgang)<\/td><td>&nbsp;Physik<\/td><td>&nbsp;Erdw\u00e4rme einfach nutzen?<\/td><td>&nbsp;<br>1. Platz Regionalwettbewerb<br>Sonderpreis &#8222;erneuerbare Energien\u201c<br>Einladung zur Pr\u00e4sentation auf der \u201eLangen Nacht der Wissenschaften\u201c<\/td><\/tr><tr><td rowspan=\"2\"><a href=\"https:\/\/sophie-scholl-schule.eu\/?p=2936\" data-type=\"post\" data-id=\"2936\">2019<\/a><\/td><td>Nils (12. Jahrgang)<\/td><td>&nbsp;Chemie<\/td><td>chemische Markierung eines Klebeband-Endes<\/td><td>2. Platz Regionalwettbewerb<\/td><\/tr><tr><td>Justus, Kolja (Klasse 10-23)<\/td><td>&nbsp;Physik<\/td><td>&nbsp;Wellenkraftwerke an offshore-Windr\u00e4dern<\/td><td>&nbsp;1. Platz Regionalwettbewerb<br>Sonderpreis &#8222;erneuerbare Energien&#8220;<br>Einladung zu den Icecube-Masterclasses des DESY<\/td><\/tr><tr><td><a href=\"https:\/\/sophie-scholl-schule.eu\/?p=2388\" data-type=\"post\" data-id=\"2388\">2018<\/a><\/td><td>Adam (11. Jahrgang)<\/td><td>Physik<\/td><td>Eulentragfl\u00e4chen<\/td><td>3. Platz Regionalwettbewerb<\/td><\/tr><\/tbody><\/table><\/figure>\n","protected":false},"excerpt":{"rendered":"<p>Alle Sch\u00fcler haben die Gelegenheit, ein eigenes&nbsp;Jugend forscht-Projekt zu bearbeiten oder am&nbsp;Sch\u00fcler experimentieren-Wettbewerb teilzunehmen. Der Ansprechpartner:innen an unserer Schule sind seit vielen Jahren Frau Hoffmann und Herr Zumpe. Beide \u00fcbernehmen in vielen F\u00e4llen die Betreuung , oder vermitteln an FachkollegInnen weiter. Allgemeine Informationen zu dem Wettbewerb findet man auf der offiziellen&nbsp;Internetseite von&nbsp;Jugend forscht. Das besondere [&hellip;]<\/p>\n","protected":false},"author":1,"featured_media":0,"parent":4000,"menu_order":0,"comment_status":"closed","ping_status":"closed","template":"","meta":{"footnotes":""},"class_list":["post-6201","page","type-page","status-publish","hentry"],"_links":{"self":[{"href":"https:\/\/sophie-scholl-schule.eu\/index.php?rest_route=\/wp\/v2\/pages\/6201","targetHints":{"allow":["GET"]}}],"collection":[{"href":"https:\/\/sophie-scholl-schule.eu\/index.php?rest_route=\/wp\/v2\/pages"}],"about":[{"href":"https:\/\/sophie-scholl-schule.eu\/index.php?rest_route=\/wp\/v2\/types\/page"}],"author":[{"embeddable":true,"href":"https:\/\/sophie-scholl-schule.eu\/index.php?rest_route=\/wp\/v2\/users\/1"}],"replies":[{"embeddable":true,"href":"https:\/\/sophie-scholl-schule.eu\/index.php?rest_route=%2Fwp%2Fv2%2Fcomments&post=6201"}],"version-history":[{"count":7,"href":"https:\/\/sophie-scholl-schule.eu\/index.php?rest_route=\/wp\/v2\/pages\/6201\/revisions"}],"predecessor-version":[{"id":6598,"href":"https:\/\/sophie-scholl-schule.eu\/index.php?rest_route=\/wp\/v2\/pages\/6201\/revisions\/6598"}],"up":[{"embeddable":true,"href":"https:\/\/sophie-scholl-schule.eu\/index.php?rest_route=\/wp\/v2\/pages\/4000"}],"wp:attachment":[{"href":"https:\/\/sophie-scholl-schule.eu\/index.php?rest_route=%2Fwp%2Fv2%2Fmedia&parent=6201"}],"curies":[{"name":"wp","href":"https:\/\/api.w.org\/{rel}","templated":true}]}}