{"id":6106,"date":"2024-11-05T11:46:02","date_gmt":"2024-11-05T11:46:02","guid":{"rendered":"https:\/\/sophie-scholl-schule.eu\/?page_id=6106"},"modified":"2024-11-13T12:08:05","modified_gmt":"2024-11-13T12:08:05","slug":"sesb-archiv","status":"publish","type":"page","link":"https:\/\/sophie-scholl-schule.eu\/?page_id=6106","title":{"rendered":"SESB-Archiv"},"content":{"rendered":"<ul class=\"wp-block-latest-posts__list has-dates wp-block-latest-posts\"><li><div class=\"wp-block-latest-posts__featured-image alignleft\"><a href=\"https:\/\/sophie-scholl-schule.eu\/?p=7176\" aria-label=\"Projet Marc Bloch\"><img decoding=\"async\" loading=\"lazy\" width=\"180\" height=\"180\" src=\"https:\/\/sophie-scholl-schule.eu\/wp-content\/uploads\/2026\/04\/Sophie-Scholl-Schule-Groupe-3-180x180.jpg\" class=\"wp-image-7190 avia-img-lazy-loading-7190 attachment-square size-square wp-post-image\" alt=\"\" style=\"\" srcset=\"https:\/\/sophie-scholl-schule.eu\/wp-content\/uploads\/2026\/04\/Sophie-Scholl-Schule-Groupe-3-180x180.jpg 180w, https:\/\/sophie-scholl-schule.eu\/wp-content\/uploads\/2026\/04\/Sophie-Scholl-Schule-Groupe-3-80x80.jpg 80w, https:\/\/sophie-scholl-schule.eu\/wp-content\/uploads\/2026\/04\/Sophie-Scholl-Schule-Groupe-3-36x36.jpg 36w\" sizes=\"auto, (max-width: 180px) 100vw, 180px\" \/><\/a><\/div><a class=\"wp-block-latest-posts__post-title\" href=\"https:\/\/sophie-scholl-schule.eu\/?p=7176\">Projet Marc Bloch<\/a><time datetime=\"2026-04-29T13:09:15+00:00\" class=\"wp-block-latest-posts__post-date\">29. April 2026<\/time><div class=\"wp-block-latest-posts__post-excerpt\">Anl\u00e4sslich der Aufnahme von Marc Bloch in das Panth\u00e9on im Juni 2026 in Paris hat das Centre Marc Bloch einen Wettbewerb zur historischen Aneignung f\u00fcr Schulen in Frankreich und Deutschland ins Leben gerufen, um besser zu verstehen und zu vermitteln, wer dieser franz\u00f6sische Historiker und Widerstandsk\u00e4mpfer war. Unsere Sch\u00fclerinnen und\u2026\u00a0<a class=\"wp-block-latest-posts__read-more\" href=\"https:\/\/sophie-scholl-schule.eu\/?p=7176\" rel=\"noopener noreferrer\"><span class=\"screen-reader-text\">Projet Marc Bloch <\/span>weiterlesen<\/a><\/div><\/li>\n<li><div class=\"wp-block-latest-posts__featured-image alignleft\"><a href=\"https:\/\/sophie-scholl-schule.eu\/?p=7170\" aria-label=\"SESB Alumni-Treffen 2026\"><img decoding=\"async\" loading=\"lazy\" width=\"180\" height=\"180\" src=\"https:\/\/sophie-scholl-schule.eu\/wp-content\/uploads\/2025\/03\/SESB_S_unten_RGB-180x180.jpg\" class=\"wp-image-6546 avia-img-lazy-loading-6546 attachment-square size-square wp-post-image\" alt=\"\" style=\"\" srcset=\"https:\/\/sophie-scholl-schule.eu\/wp-content\/uploads\/2025\/03\/SESB_S_unten_RGB-180x180.jpg 180w, https:\/\/sophie-scholl-schule.eu\/wp-content\/uploads\/2025\/03\/SESB_S_unten_RGB-80x80.jpg 80w, https:\/\/sophie-scholl-schule.eu\/wp-content\/uploads\/2025\/03\/SESB_S_unten_RGB-36x36.jpg 36w\" sizes=\"auto, (max-width: 180px) 100vw, 180px\" \/><\/a><\/div><a class=\"wp-block-latest-posts__post-title\" href=\"https:\/\/sophie-scholl-schule.eu\/?p=7170\">SESB Alumni-Treffen 2026<\/a><time datetime=\"2026-04-20T05:45:08+00:00\" class=\"wp-block-latest-posts__post-date\">20. April 2026<\/time><div class=\"wp-block-latest-posts__post-excerpt\">Was macht man nach dem Abibac\u2026 ? Ehemalige SESB-Sch\u00fcler*innen der Sophie-Scholl stellen ihre Erfahrungen vor und antworten eure Fragen!<\/div><\/li>\n<li><div class=\"wp-block-latest-posts__featured-image alignleft\"><a href=\"https:\/\/sophie-scholl-schule.eu\/?p=7151\" aria-label=\"Gewinner des Online-Teamwettbewerbs 2026\"><img decoding=\"async\" loading=\"lazy\" width=\"180\" height=\"180\" src=\"https:\/\/sophie-scholl-schule.eu\/wp-content\/uploads\/2026\/03\/urkunde_2026-180x180.jpg\" class=\"wp-image-7152 avia-img-lazy-loading-7152 attachment-square size-square wp-post-image\" alt=\"\" style=\"\" srcset=\"https:\/\/sophie-scholl-schule.eu\/wp-content\/uploads\/2026\/03\/urkunde_2026-180x180.jpg 180w, https:\/\/sophie-scholl-schule.eu\/wp-content\/uploads\/2026\/03\/urkunde_2026-80x80.jpg 80w, https:\/\/sophie-scholl-schule.eu\/wp-content\/uploads\/2026\/03\/urkunde_2026-36x36.jpg 36w\" sizes=\"auto, (max-width: 180px) 100vw, 180px\" \/><\/a><\/div><a class=\"wp-block-latest-posts__post-title\" href=\"https:\/\/sophie-scholl-schule.eu\/?p=7151\">Gewinner des Online-Teamwettbewerbs 2026<\/a><time datetime=\"2026-03-15T10:28:12+00:00\" class=\"wp-block-latest-posts__post-date\">15. M\u00e4rz 2026<\/time><div class=\"wp-block-latest-posts__post-excerpt\">Einen Bravo an die Klasse 112, die den europ\u00e4ischen Online-Teamwettbewerb 2026 ausgezeichnet gewonnen hat!<\/div><\/li>\n<li><div class=\"wp-block-latest-posts__featured-image alignleft\"><a href=\"https:\/\/sophie-scholl-schule.eu\/?p=7100\" aria-label=\"Buchvorstellung in der Franz\u00f6sischen Botschaft\"><img decoding=\"async\" loading=\"lazy\" width=\"180\" height=\"180\" src=\"https:\/\/sophie-scholl-schule.eu\/wp-content\/uploads\/2026\/03\/IMG_3692-180x180.jpeg\" class=\"wp-image-7102 avia-img-lazy-loading-7102 attachment-square size-square wp-post-image\" alt=\"\" style=\"\" srcset=\"https:\/\/sophie-scholl-schule.eu\/wp-content\/uploads\/2026\/03\/IMG_3692-180x180.jpeg 180w, https:\/\/sophie-scholl-schule.eu\/wp-content\/uploads\/2026\/03\/IMG_3692-80x80.jpeg 80w, https:\/\/sophie-scholl-schule.eu\/wp-content\/uploads\/2026\/03\/IMG_3692-36x36.jpeg 36w\" sizes=\"auto, (max-width: 180px) 100vw, 180px\" \/><\/a><\/div><a class=\"wp-block-latest-posts__post-title\" href=\"https:\/\/sophie-scholl-schule.eu\/?p=7100\">Buchvorstellung in der Franz\u00f6sischen Botschaft<\/a><time datetime=\"2026-03-01T15:08:05+00:00\" class=\"wp-block-latest-posts__post-date\">1. M\u00e4rz 2026<\/time><div class=\"wp-block-latest-posts__post-excerpt\">Am 24.02. hatten die Sch\u00fclerinnen und Sch\u00fcler der SESB-Klassen (111, 112, LK 12 und LK 13) die gro\u00dfe Ehre, in die Franz\u00f6sische Botschaft eingeladen zu werden, um an der Pr\u00e4sentation des Buches \u201e63 Orte der deutsch-franz\u00f6sischen Geschichte\u201c teilzunehmen. Dieses Buch kn\u00fcpft an Cartorik (https:\/\/www.cartorik.ofaj.org\/fr\/onboarding), eine digitale, dynamische Landkarte der deutsch-franz\u00f6sischen\u2026\u00a0<a class=\"wp-block-latest-posts__read-more\" href=\"https:\/\/sophie-scholl-schule.eu\/?p=7100\" rel=\"noopener noreferrer\"><span class=\"screen-reader-text\">Buchvorstellung in der Franz\u00f6sischen Botschaft <\/span>weiterlesen<\/a><\/div><\/li>\n<li><div class=\"wp-block-latest-posts__featured-image alignleft\"><a href=\"https:\/\/sophie-scholl-schule.eu\/?p=6970\" aria-label=\"DELF-Pr\u00fcfung 2026\"><img decoding=\"async\" loading=\"lazy\" width=\"180\" height=\"180\" src=\"https:\/\/sophie-scholl-schule.eu\/wp-content\/uploads\/2024\/11\/DELF-Logo_thumb-180x180.jpg\" class=\"wp-image-6021 avia-img-lazy-loading-6021 attachment-square size-square wp-post-image\" alt=\"\" style=\"\" srcset=\"https:\/\/sophie-scholl-schule.eu\/wp-content\/uploads\/2024\/11\/DELF-Logo_thumb-180x180.jpg 180w, https:\/\/sophie-scholl-schule.eu\/wp-content\/uploads\/2024\/11\/DELF-Logo_thumb-300x300.jpg 300w, https:\/\/sophie-scholl-schule.eu\/wp-content\/uploads\/2024\/11\/DELF-Logo_thumb-80x80.jpg 80w, https:\/\/sophie-scholl-schule.eu\/wp-content\/uploads\/2024\/11\/DELF-Logo_thumb-36x36.jpg 36w, https:\/\/sophie-scholl-schule.eu\/wp-content\/uploads\/2024\/11\/DELF-Logo_thumb.jpg 500w\" sizes=\"auto, (max-width: 180px) 100vw, 180px\" \/><\/a><\/div><a class=\"wp-block-latest-posts__post-title\" href=\"https:\/\/sophie-scholl-schule.eu\/?p=6970\">DELF-Pr\u00fcfung 2026<\/a><time datetime=\"2025-12-14T11:06:19+00:00\" class=\"wp-block-latest-posts__post-date\">14. Dezember 2025<\/time><div class=\"wp-block-latest-posts__post-excerpt\">Liebe Eltern, Sie k\u00f6nnen ab sofort Ihr Kind zu den DELF-Pr\u00fcfungen anmelden. In diesem Jahr stehen den Sch\u00fcler*innen zwei Termine fest: und Alle Informationen und das Anmeldeformular finden Sie hier: Infobrief Anmeldeformular<\/div><\/li>\n<li><div class=\"wp-block-latest-posts__featured-image alignleft\"><a href=\"https:\/\/sophie-scholl-schule.eu\/?p=6960\" aria-label=\"Filmgespr\u00e4ch zu\u00a0Shoah\u00a0von Claude Lanzmann\"><img decoding=\"async\" loading=\"lazy\" width=\"180\" height=\"180\" src=\"https:\/\/sophie-scholl-schule.eu\/wp-content\/uploads\/2025\/12\/1829d140-d511-4fdc-b171-fa1dbcfb4215-180x180.jpg\" class=\"wp-image-6961 avia-img-lazy-loading-6961 attachment-square size-square wp-post-image\" alt=\"\" style=\"\" srcset=\"https:\/\/sophie-scholl-schule.eu\/wp-content\/uploads\/2025\/12\/1829d140-d511-4fdc-b171-fa1dbcfb4215-180x180.jpg 180w, https:\/\/sophie-scholl-schule.eu\/wp-content\/uploads\/2025\/12\/1829d140-d511-4fdc-b171-fa1dbcfb4215-80x80.jpg 80w, https:\/\/sophie-scholl-schule.eu\/wp-content\/uploads\/2025\/12\/1829d140-d511-4fdc-b171-fa1dbcfb4215-36x36.jpg 36w\" sizes=\"auto, (max-width: 180px) 100vw, 180px\" \/><\/a><\/div><a class=\"wp-block-latest-posts__post-title\" href=\"https:\/\/sophie-scholl-schule.eu\/?p=6960\">Filmgespr\u00e4ch zu\u00a0Shoah\u00a0von Claude Lanzmann<\/a><time datetime=\"2025-12-08T10:56:26+00:00\" class=\"wp-block-latest-posts__post-date\">8. Dezember 2025<\/time><div class=\"wp-block-latest-posts__post-excerpt\">Zum 100. Geburtstag von Claude Lanzmann (1925\u20132018), dem herausragenden franz\u00f6sischen Journalisten, Filmemacher und Chronist der Shoah, hatten wir am Freitag, den 28. November 2025, die gro\u00dfe Ehre, Frau Lanzmann, Frau Dr. Coulmas, Frau de la Vega, Herrn Dr. Sagnol und Herrn Delattre in der Sophie-Scholl-Schule begr\u00fc\u00dfen zu d\u00fcrfen. Der weltber\u00fchmte\u2026\u00a0<a class=\"wp-block-latest-posts__read-more\" href=\"https:\/\/sophie-scholl-schule.eu\/?p=6960\" rel=\"noopener noreferrer\"><span class=\"screen-reader-text\">Filmgespr\u00e4ch zu\u00a0Shoah\u00a0von Claude Lanzmann <\/span>weiterlesen<\/a><\/div><\/li>\n<li><div class=\"wp-block-latest-posts__featured-image alignleft\"><a href=\"https:\/\/sophie-scholl-schule.eu\/?p=6912\" aria-label=\"Lili Leignel an der Sophie-Scholl-Schule\"><img decoding=\"async\" loading=\"lazy\" width=\"180\" height=\"180\" src=\"https:\/\/sophie-scholl-schule.eu\/wp-content\/uploads\/2025\/11\/Enora-180x180.jpg\" class=\"wp-image-6915 avia-img-lazy-loading-6915 attachment-square size-square wp-post-image\" alt=\"\" style=\"\" srcset=\"https:\/\/sophie-scholl-schule.eu\/wp-content\/uploads\/2025\/11\/Enora-180x180.jpg 180w, https:\/\/sophie-scholl-schule.eu\/wp-content\/uploads\/2025\/11\/Enora-80x80.jpg 80w, https:\/\/sophie-scholl-schule.eu\/wp-content\/uploads\/2025\/11\/Enora-36x36.jpg 36w\" sizes=\"auto, (max-width: 180px) 100vw, 180px\" \/><\/a><\/div><a class=\"wp-block-latest-posts__post-title\" href=\"https:\/\/sophie-scholl-schule.eu\/?p=6912\">Lili Leignel an der Sophie-Scholl-Schule<\/a><time datetime=\"2025-11-11T15:05:38+00:00\" class=\"wp-block-latest-posts__post-date\">11. November 2025<\/time><div class=\"wp-block-latest-posts__post-excerpt\">Am Freitag, den 7. November, hat uns Lili Leignel die gro\u00dfe Ehre erwiesen, nach Berlin zu kommen, um von ihren Erlebnissen w\u00e4hrend des Zweiten Weltkriegs zu berichten. Sie, ihre beiden Br\u00fcder und ihre Mutter wurden 1943 verhaftet, nach Ravensbr\u00fcck und schlie\u00dflich nach Bergen-Belsen deportiert. Mit beeindruckender Energie und innerer St\u00e4rke\u2026\u00a0<a class=\"wp-block-latest-posts__read-more\" href=\"https:\/\/sophie-scholl-schule.eu\/?p=6912\" rel=\"noopener noreferrer\"><span class=\"screen-reader-text\">Lili Leignel an der Sophie-Scholl-Schule <\/span>weiterlesen<\/a><\/div><\/li>\n<li><div class=\"wp-block-latest-posts__featured-image alignleft\"><a href=\"https:\/\/sophie-scholl-schule.eu\/?p=6876\" aria-label=\"Begegnung mit dem Autor Ga\u00ebl Faye\"><img decoding=\"async\" loading=\"lazy\" width=\"180\" height=\"180\" src=\"https:\/\/sophie-scholl-schule.eu\/wp-content\/uploads\/2025\/10\/IMG_5406-1-180x180.jpg\" class=\"wp-image-6880 avia-img-lazy-loading-6880 attachment-square size-square wp-post-image\" alt=\"\" style=\"\" srcset=\"https:\/\/sophie-scholl-schule.eu\/wp-content\/uploads\/2025\/10\/IMG_5406-1-180x180.jpg 180w, https:\/\/sophie-scholl-schule.eu\/wp-content\/uploads\/2025\/10\/IMG_5406-1-80x80.jpg 80w, https:\/\/sophie-scholl-schule.eu\/wp-content\/uploads\/2025\/10\/IMG_5406-1-36x36.jpg 36w\" sizes=\"auto, (max-width: 180px) 100vw, 180px\" \/><\/a><\/div><a class=\"wp-block-latest-posts__post-title\" href=\"https:\/\/sophie-scholl-schule.eu\/?p=6876\">Begegnung mit dem Autor Ga\u00ebl Faye<\/a><time datetime=\"2025-10-03T12:16:45+00:00\" class=\"wp-block-latest-posts__post-date\">3. Oktober 2025<\/time><div class=\"wp-block-latest-posts__post-excerpt\">Am Freitag, den 26. September, hatte die Franz\u00f6sischklasse der 10. Jahrgangsstufe von Mme Rivoire die gro\u00dfe Ehre und Freude, den Autor Ga\u00ebl Faye zu treffen, der in Berlin war, um die deutsche \u00dcbersetzung seines neuesten Romans\u00a0Jacaranda\u00a0vorzustellen. Die Sch\u00fcler*innen hatten sich im Unterricht mit dem V\u00f6lkermord an den Tutsi in Ruanda\u2026\u00a0<a class=\"wp-block-latest-posts__read-more\" href=\"https:\/\/sophie-scholl-schule.eu\/?p=6876\" rel=\"noopener noreferrer\"><span class=\"screen-reader-text\">Begegnung mit dem Autor Ga\u00ebl Faye <\/span>weiterlesen<\/a><\/div><\/li>\n<li><div class=\"wp-block-latest-posts__featured-image alignleft\"><a href=\"https:\/\/sophie-scholl-schule.eu\/?p=6859\" aria-label=\"Besuch des Europ\u00e4ischen Parlaments Stra\u00dfburg\u00a0\"><img decoding=\"async\" loading=\"lazy\" width=\"180\" height=\"180\" src=\"https:\/\/sophie-scholl-schule.eu\/wp-content\/uploads\/2025\/09\/IMG_4696-180x180.jpg\" class=\"wp-image-6860 avia-img-lazy-loading-6860 attachment-square size-square wp-post-image\" alt=\"\" style=\"\" srcset=\"https:\/\/sophie-scholl-schule.eu\/wp-content\/uploads\/2025\/09\/IMG_4696-180x180.jpg 180w, https:\/\/sophie-scholl-schule.eu\/wp-content\/uploads\/2025\/09\/IMG_4696-80x80.jpg 80w, https:\/\/sophie-scholl-schule.eu\/wp-content\/uploads\/2025\/09\/IMG_4696-36x36.jpg 36w\" sizes=\"auto, (max-width: 180px) 100vw, 180px\" \/><\/a><\/div><a class=\"wp-block-latest-posts__post-title\" href=\"https:\/\/sophie-scholl-schule.eu\/?p=6859\">Besuch des Europ\u00e4ischen Parlaments Stra\u00dfburg\u00a0<\/a><time datetime=\"2025-09-22T07:07:21+00:00\" class=\"wp-block-latest-posts__post-date\">22. September 2025<\/time><div class=\"wp-block-latest-posts__post-excerpt\">Europ\u00e4isches Parlament Stra\u00dfburg (06.07.2025 &#8211; 09.07.2025) &#8211; Europa der Zukunft-Vision der Jugend Die Sch\u00fcler*innen der 12. Klasse, SESB, GK Geografie, gewannen durch ihre Teilnahme am Wettbewerb von Gaby Bischoff (MdEP) die Fahrt nach Stra\u00dfburg. Der H\u00f6hepunkt der Reise war der Besuch des Europ\u00e4ischen Parlaments und der gemeinsame Abend mit Frau\u2026\u00a0<a class=\"wp-block-latest-posts__read-more\" href=\"https:\/\/sophie-scholl-schule.eu\/?p=6859\" rel=\"noopener noreferrer\"><span class=\"screen-reader-text\">Besuch des Europ\u00e4ischen Parlaments Stra\u00dfburg\u00a0 <\/span>weiterlesen<\/a><\/div><\/li>\n<li><div class=\"wp-block-latest-posts__featured-image alignleft\"><a href=\"https:\/\/sophie-scholl-schule.eu\/?p=6787\" aria-label=\"AbiBac-Ergebnisse 2025\"><img decoding=\"async\" loading=\"lazy\" width=\"180\" height=\"180\" src=\"https:\/\/sophie-scholl-schule.eu\/wp-content\/uploads\/2025\/07\/SSO2-180x180.jpeg\" class=\"wp-image-6790 avia-img-lazy-loading-6790 attachment-square size-square wp-post-image\" alt=\"\" style=\"\" srcset=\"https:\/\/sophie-scholl-schule.eu\/wp-content\/uploads\/2025\/07\/SSO2-180x180.jpeg 180w, https:\/\/sophie-scholl-schule.eu\/wp-content\/uploads\/2025\/07\/SSO2-80x80.jpeg 80w, https:\/\/sophie-scholl-schule.eu\/wp-content\/uploads\/2025\/07\/SSO2-36x36.jpeg 36w\" sizes=\"auto, (max-width: 180px) 100vw, 180px\" \/><\/a><\/div><a class=\"wp-block-latest-posts__post-title\" href=\"https:\/\/sophie-scholl-schule.eu\/?p=6787\">AbiBac-Ergebnisse 2025<\/a><time datetime=\"2025-07-20T12:28:44+00:00\" class=\"wp-block-latest-posts__post-date\">20. Juli 2025<\/time><div class=\"wp-block-latest-posts__post-excerpt\">Wir freuen uns sehr \u00fcber die hervorragenden Ergebnisse der SESB-Sch\u00fclerinnen und Sch\u00fcler in diesem Jahr: Alle 34 Sch\u00fclerinnen und Sch\u00fcler haben das Abibac bestanden, davon 12 mit \u201eMention Assez bien\u201d, 7 mit \u201eMention Bien\u201d und 6 mit \u201eMention Tr\u00e8s bien\u201d. F\u00e9licitations \u00e0 toutes et \u00e0 tous!Hier sind die Fotos von\u2026\u00a0<a class=\"wp-block-latest-posts__read-more\" href=\"https:\/\/sophie-scholl-schule.eu\/?p=6787\" rel=\"noopener noreferrer\"><span class=\"screen-reader-text\">AbiBac-Ergebnisse 2025 <\/span>weiterlesen<\/a><\/div><\/li>\n<li><div class=\"wp-block-latest-posts__featured-image alignleft\"><a href=\"https:\/\/sophie-scholl-schule.eu\/?p=6606\" aria-label=\"Besuch einer Zeitzeugin\"><img decoding=\"async\" loading=\"lazy\" width=\"180\" height=\"180\" src=\"https:\/\/sophie-scholl-schule.eu\/wp-content\/uploads\/2025\/05\/Gaetan-Lamarque-LILI-Dossier-Presse-23-180x180.jpg\" class=\"wp-image-6609 avia-img-lazy-loading-6609 attachment-square size-square wp-post-image\" alt=\"\" style=\"\" srcset=\"https:\/\/sophie-scholl-schule.eu\/wp-content\/uploads\/2025\/05\/Gaetan-Lamarque-LILI-Dossier-Presse-23-180x180.jpg 180w, https:\/\/sophie-scholl-schule.eu\/wp-content\/uploads\/2025\/05\/Gaetan-Lamarque-LILI-Dossier-Presse-23-80x80.jpg 80w, https:\/\/sophie-scholl-schule.eu\/wp-content\/uploads\/2025\/05\/Gaetan-Lamarque-LILI-Dossier-Presse-23-36x36.jpg 36w\" sizes=\"auto, (max-width: 180px) 100vw, 180px\" \/><\/a><\/div><a class=\"wp-block-latest-posts__post-title\" href=\"https:\/\/sophie-scholl-schule.eu\/?p=6606\">Besuch einer Zeitzeugin<\/a><time datetime=\"2025-05-14T09:31:08+00:00\" class=\"wp-block-latest-posts__post-date\">14. Mai 2025<\/time><div class=\"wp-block-latest-posts__post-excerpt\">Am Mittwoch, den 30. April, hatten wir das Vergn\u00fcgen und die Ehre, Lili Kellerrosenberg an der Sophie-Scholl-Schule zu einer faszinierenden und bewegenden Diskussion zu begr\u00fc\u00dfen. Frau Keller-Rosenberg, aus einer j\u00fcdischen Herkunft und 93 Jahre alt, wurde mit ihrer Familie in die KZ Ravensbr\u00fcck und sp\u00e4ter Bergen-Belsen deportiert. Sie \u00fcbermittelte ihren\u2026\u00a0<a class=\"wp-block-latest-posts__read-more\" href=\"https:\/\/sophie-scholl-schule.eu\/?p=6606\" rel=\"noopener noreferrer\"><span class=\"screen-reader-text\">Besuch einer Zeitzeugin <\/span>weiterlesen<\/a><\/div><\/li>\n<li><div class=\"wp-block-latest-posts__featured-image alignleft\"><a href=\"https:\/\/sophie-scholl-schule.eu\/?p=6601\" aria-label=\"&#8222;Die Schl\u00fcssel zur Freiheit&#8220; \u2013 Kurzfilm an franz\u00f6sischer Botschaft pr\u00e4sentiert\"><img decoding=\"async\" loading=\"lazy\" width=\"180\" height=\"180\" src=\"https:\/\/sophie-scholl-schule.eu\/wp-content\/uploads\/2025\/05\/Bildschirmfoto-2025-05-08-um-20.11.27-180x180.png\" class=\"wp-image-6602 avia-img-lazy-loading-6602 attachment-square size-square wp-post-image\" alt=\"\" style=\"\" srcset=\"https:\/\/sophie-scholl-schule.eu\/wp-content\/uploads\/2025\/05\/Bildschirmfoto-2025-05-08-um-20.11.27-180x180.png 180w, https:\/\/sophie-scholl-schule.eu\/wp-content\/uploads\/2025\/05\/Bildschirmfoto-2025-05-08-um-20.11.27-80x80.png 80w, https:\/\/sophie-scholl-schule.eu\/wp-content\/uploads\/2025\/05\/Bildschirmfoto-2025-05-08-um-20.11.27-36x36.png 36w\" sizes=\"auto, (max-width: 180px) 100vw, 180px\" \/><\/a><\/div><a class=\"wp-block-latest-posts__post-title\" href=\"https:\/\/sophie-scholl-schule.eu\/?p=6601\">&#8222;Die Schl\u00fcssel zur Freiheit&#8220; \u2013 Kurzfilm an franz\u00f6sischer Botschaft pr\u00e4sentiert<\/a><time datetime=\"2025-05-08T18:12:40+00:00\" class=\"wp-block-latest-posts__post-date\">8. Mai 2025<\/time><div class=\"wp-block-latest-posts__post-excerpt\">Am Montag hatten mehrere unserer SESB-Klassen die besondere Gelegenheit, in der franz\u00f6sischen Botschaft den neuen Kurzfilm&nbsp;Les cl\u00e9s de la libert\u00e9 \u2013 Die Schl\u00fcssel zur Freiheit&nbsp;von Wim Wenders zu sehen. Der nur vier Minuten lange Film erinnert eindrucksvoll an die Unterzeichnung des Friedens vor 80 Jahren in einer Schule im franz\u00f6sischen\u2026\u00a0<a class=\"wp-block-latest-posts__read-more\" href=\"https:\/\/sophie-scholl-schule.eu\/?p=6601\" rel=\"noopener noreferrer\"><span class=\"screen-reader-text\">&#8222;Die Schl\u00fcssel zur Freiheit&#8220; \u2013 Kurzfilm an franz\u00f6sischer Botschaft pr\u00e4sentiert <\/span>weiterlesen<\/a><\/div><\/li>\n<li><div class=\"wp-block-latest-posts__featured-image alignleft\"><a href=\"https:\/\/sophie-scholl-schule.eu\/?p=6488\" aria-label=\"SESB im Januar\"><img decoding=\"async\" loading=\"lazy\" width=\"180\" height=\"180\" src=\"https:\/\/sophie-scholl-schule.eu\/wp-content\/uploads\/2025\/02\/IMG_2211-180x180.jpg\" class=\"wp-image-6496 avia-img-lazy-loading-6496 attachment-square size-square wp-post-image\" alt=\"\" style=\"\" srcset=\"https:\/\/sophie-scholl-schule.eu\/wp-content\/uploads\/2025\/02\/IMG_2211-180x180.jpg 180w, https:\/\/sophie-scholl-schule.eu\/wp-content\/uploads\/2025\/02\/IMG_2211-80x80.jpg 80w, https:\/\/sophie-scholl-schule.eu\/wp-content\/uploads\/2025\/02\/IMG_2211-36x36.jpg 36w\" sizes=\"auto, (max-width: 180px) 100vw, 180px\" \/><\/a><\/div><a class=\"wp-block-latest-posts__post-title\" href=\"https:\/\/sophie-scholl-schule.eu\/?p=6488\">SESB im Januar<\/a><time datetime=\"2025-02-12T13:51:02+00:00\" class=\"wp-block-latest-posts__post-date\">12. Februar 2025<\/time><div class=\"wp-block-latest-posts__post-excerpt\">Das Ende des ersten Halbjahres war f\u00fcr die SESB-Klassen voller sch\u00f6ner Ereignisse.Die Sch\u00fcler:innen nahmen am Cin\u00e9f\u00eate-Festival teil und sahen mehrere sehr interessante franz\u00f6sische Filme zu aktuellen gesellschaftlichen Themen. Anfang Januar besuchte die Franz\u00f6sischklasse der 7. Jahrgangsstufe die Mediathek des Institut fran\u00e7ais im Rahmen ihrer Besch\u00e4ftigung mit der Welt der B\u00fccher.Mehrere\u2026\u00a0<a class=\"wp-block-latest-posts__read-more\" href=\"https:\/\/sophie-scholl-schule.eu\/?p=6488\" rel=\"noopener noreferrer\"><span class=\"screen-reader-text\">SESB im Januar <\/span>weiterlesen<\/a><\/div><\/li>\n<li><div class=\"wp-block-latest-posts__featured-image alignleft\"><a href=\"https:\/\/sophie-scholl-schule.eu\/?p=6452\" aria-label=\"Deutsch-Franz\u00f6sische Woche 2025\"><img decoding=\"async\" loading=\"lazy\" width=\"180\" height=\"180\" src=\"https:\/\/sophie-scholl-schule.eu\/wp-content\/uploads\/2025\/01\/Bildschirmfoto-2025-01-15-um-16.54.21-1-180x180.png\" class=\"wp-image-6457 avia-img-lazy-loading-6457 attachment-square size-square wp-post-image\" alt=\"\" style=\"\" srcset=\"https:\/\/sophie-scholl-schule.eu\/wp-content\/uploads\/2025\/01\/Bildschirmfoto-2025-01-15-um-16.54.21-1-180x180.png 180w, https:\/\/sophie-scholl-schule.eu\/wp-content\/uploads\/2025\/01\/Bildschirmfoto-2025-01-15-um-16.54.21-1-80x80.png 80w, https:\/\/sophie-scholl-schule.eu\/wp-content\/uploads\/2025\/01\/Bildschirmfoto-2025-01-15-um-16.54.21-1-36x36.png 36w\" sizes=\"auto, (max-width: 180px) 100vw, 180px\" \/><\/a><\/div><a class=\"wp-block-latest-posts__post-title\" href=\"https:\/\/sophie-scholl-schule.eu\/?p=6452\">Deutsch-Franz\u00f6sische Woche 2025<\/a><time datetime=\"2025-01-15T15:30:00+00:00\" class=\"wp-block-latest-posts__post-date\">15. Januar 2025<\/time><div class=\"wp-block-latest-posts__post-excerpt\">Vom 20. &#8211; 24. Januar 2025 findet bei uns an der Schule die Deutsch-Franz\u00f6sische Woche statt.<\/div><\/li>\n<li><div class=\"wp-block-latest-posts__featured-image alignleft\"><a href=\"https:\/\/sophie-scholl-schule.eu\/?p=6390\" aria-label=\"Edouard Louis\"><img decoding=\"async\" loading=\"lazy\" width=\"180\" height=\"180\" src=\"https:\/\/sophie-scholl-schule.eu\/wp-content\/uploads\/2024\/12\/IMG_2063-180x180.jpg\" class=\"wp-image-6394 avia-img-lazy-loading-6394 attachment-square size-square wp-post-image\" alt=\"\" style=\"\" srcset=\"https:\/\/sophie-scholl-schule.eu\/wp-content\/uploads\/2024\/12\/IMG_2063-180x180.jpg 180w, https:\/\/sophie-scholl-schule.eu\/wp-content\/uploads\/2024\/12\/IMG_2063-80x80.jpg 80w, https:\/\/sophie-scholl-schule.eu\/wp-content\/uploads\/2024\/12\/IMG_2063-36x36.jpg 36w\" sizes=\"auto, (max-width: 180px) 100vw, 180px\" \/><\/a><\/div><a class=\"wp-block-latest-posts__post-title\" href=\"https:\/\/sophie-scholl-schule.eu\/?p=6390\">Edouard Louis<\/a><time datetime=\"2024-12-17T20:54:30+00:00\" class=\"wp-block-latest-posts__post-date\">17. Dezember 2024<\/time><div class=\"wp-block-latest-posts__post-excerpt\">Die zwei Franz\u00f6sisch-Leistungskurse der Abibac-Klassen von Frau Haehl und Frau Rivoire hatten das gro\u00dfe Vergn\u00fcgen, Edouard Louis auf der B\u00fchne zu sehen, bei der Theateradaption seines Textes Qui a tu\u00e9 mon p\u00e8re am Donnerstag, den 5. Dezember.\u00a0 Die Sch\u00fcler und Sch\u00fclerinnen hatten daf\u00fcr \u00fcber den Autor recherchiert und einige Ausz\u00fcge\u2026\u00a0<a class=\"wp-block-latest-posts__read-more\" href=\"https:\/\/sophie-scholl-schule.eu\/?p=6390\" rel=\"noopener noreferrer\"><span class=\"screen-reader-text\">Edouard Louis <\/span>weiterlesen<\/a><\/div><\/li>\n<li><div class=\"wp-block-latest-posts__featured-image alignleft\"><a href=\"https:\/\/sophie-scholl-schule.eu\/?p=6017\" aria-label=\"DELF-Pr\u00fcfung 2025: Anmeldung\"><img decoding=\"async\" loading=\"lazy\" width=\"180\" height=\"180\" src=\"https:\/\/sophie-scholl-schule.eu\/wp-content\/uploads\/2024\/11\/DELF-Logo_thumb-180x180.jpg\" class=\"wp-image-6021 avia-img-lazy-loading-6021 attachment-square size-square wp-post-image\" alt=\"\" style=\"\" srcset=\"https:\/\/sophie-scholl-schule.eu\/wp-content\/uploads\/2024\/11\/DELF-Logo_thumb-180x180.jpg 180w, https:\/\/sophie-scholl-schule.eu\/wp-content\/uploads\/2024\/11\/DELF-Logo_thumb-300x300.jpg 300w, https:\/\/sophie-scholl-schule.eu\/wp-content\/uploads\/2024\/11\/DELF-Logo_thumb-80x80.jpg 80w, https:\/\/sophie-scholl-schule.eu\/wp-content\/uploads\/2024\/11\/DELF-Logo_thumb-36x36.jpg 36w, https:\/\/sophie-scholl-schule.eu\/wp-content\/uploads\/2024\/11\/DELF-Logo_thumb.jpg 500w\" sizes=\"auto, (max-width: 180px) 100vw, 180px\" \/><\/a><\/div><a class=\"wp-block-latest-posts__post-title\" href=\"https:\/\/sophie-scholl-schule.eu\/?p=6017\">DELF-Pr\u00fcfung 2025: Anmeldung<\/a><time datetime=\"2024-11-04T08:00:36+00:00\" class=\"wp-block-latest-posts__post-date\">4. November 2024<\/time><div class=\"wp-block-latest-posts__post-excerpt\">Liebe Eltern, Sie k\u00f6nnen ab sofort Ihr Kind zur DELF-Pr\u00fcfung anmelden. Dieses Jahr stehen den Sch\u00fcler*innen zwei Termine fest: &#8211; am Samstag, den 28.06.2025 (schriftlich) und &#8211; am Samstag, den 05.07.2025 (m\u00fcndlich, an der Sophie-Scholl-Schule) Alle Informationen und das Anmeldeformular finden Sie hier: Infobrief Anmeldeformular<\/div><\/li>\n<li><div class=\"wp-block-latest-posts__featured-image alignleft\"><a href=\"https:\/\/sophie-scholl-schule.eu\/?p=4171\" aria-label=\"Treffen mit der Philosophin Manon Garcia\"><img decoding=\"async\" loading=\"lazy\" width=\"180\" height=\"180\" src=\"https:\/\/sophie-scholl-schule.eu\/wp-content\/uploads\/2024\/10\/b255db89-1a74-48e4-aaf2-6463b09c67e6_thumb-180x180.jpg\" class=\"wp-image-4175 avia-img-lazy-loading-4175 attachment-square size-square wp-post-image\" alt=\"\" style=\"\" srcset=\"https:\/\/sophie-scholl-schule.eu\/wp-content\/uploads\/2024\/10\/b255db89-1a74-48e4-aaf2-6463b09c67e6_thumb-180x180.jpg 180w, https:\/\/sophie-scholl-schule.eu\/wp-content\/uploads\/2024\/10\/b255db89-1a74-48e4-aaf2-6463b09c67e6_thumb-300x300.jpg 300w, https:\/\/sophie-scholl-schule.eu\/wp-content\/uploads\/2024\/10\/b255db89-1a74-48e4-aaf2-6463b09c67e6_thumb-80x80.jpg 80w, https:\/\/sophie-scholl-schule.eu\/wp-content\/uploads\/2024\/10\/b255db89-1a74-48e4-aaf2-6463b09c67e6_thumb-36x36.jpg 36w, https:\/\/sophie-scholl-schule.eu\/wp-content\/uploads\/2024\/10\/b255db89-1a74-48e4-aaf2-6463b09c67e6_thumb.jpg 500w\" sizes=\"auto, (max-width: 180px) 100vw, 180px\" \/><\/a><\/div><a class=\"wp-block-latest-posts__post-title\" href=\"https:\/\/sophie-scholl-schule.eu\/?p=4171\">Treffen mit der Philosophin Manon Garcia<\/a><time datetime=\"2024-07-05T18:40:00+00:00\" class=\"wp-block-latest-posts__post-date\">5. Juli 2024<\/time><div class=\"wp-block-latest-posts__post-excerpt\">Die LK Sch\u00fcler\/innen von Frau Rivoire und Frau Haehl hatten am 05.07.2024 die gro\u00dfe Chance, die sehr ber\u00fchmte und engagierte Philosophin Manon Garcia (https:\/\/www.manon-garcia.com) kennen zu lernen. Die Philosophin hat \u00fcber ihre Arbeit gesprochen und auch die zahlreichen Fragen der Sch\u00fcler\/innen beantwortet. Wir bedanken uns sehr bei Manon Garcia f\u00fcr\u2026\u00a0<a class=\"wp-block-latest-posts__read-more\" href=\"https:\/\/sophie-scholl-schule.eu\/?p=4171\" rel=\"noopener noreferrer\"><span class=\"screen-reader-text\">Treffen mit der Philosophin Manon Garcia <\/span>weiterlesen<\/a><\/div><\/li>\n<li><div class=\"wp-block-latest-posts__featured-image alignleft\"><a href=\"https:\/\/sophie-scholl-schule.eu\/?p=4158\" aria-label=\"Abibac 2024\"><img decoding=\"async\" loading=\"lazy\" width=\"180\" height=\"180\" src=\"https:\/\/sophie-scholl-schule.eu\/wp-content\/uploads\/2024\/07\/20240701_150730_thumb-180x180.jpg\" class=\"wp-image-4164 avia-img-lazy-loading-4164 attachment-square size-square wp-post-image\" alt=\"\" style=\"\" srcset=\"https:\/\/sophie-scholl-schule.eu\/wp-content\/uploads\/2024\/07\/20240701_150730_thumb-180x180.jpg 180w, https:\/\/sophie-scholl-schule.eu\/wp-content\/uploads\/2024\/07\/20240701_150730_thumb-300x300.jpg 300w, https:\/\/sophie-scholl-schule.eu\/wp-content\/uploads\/2024\/07\/20240701_150730_thumb-80x80.jpg 80w, https:\/\/sophie-scholl-schule.eu\/wp-content\/uploads\/2024\/07\/20240701_150730_thumb-36x36.jpg 36w, https:\/\/sophie-scholl-schule.eu\/wp-content\/uploads\/2024\/07\/20240701_150730_thumb.jpg 500w\" sizes=\"auto, (max-width: 180px) 100vw, 180px\" \/><\/a><\/div><a class=\"wp-block-latest-posts__post-title\" href=\"https:\/\/sophie-scholl-schule.eu\/?p=4158\">Abibac 2024<\/a><time datetime=\"2024-07-01T17:49:00+00:00\" class=\"wp-block-latest-posts__post-date\">1. Juli 2024<\/time><div class=\"wp-block-latest-posts__post-excerpt\">34 Sch\u00fclerinnen und Sch\u00fcler der Sophie-Scholl-Schule haben das Abibac 2024 erfolgreich bestanden ! Vertreter:innen des Berliner Senats und der franz\u00f6sischen Botschaft gratulierten ihnen pers\u00f6nlich am 1. Juli im Institut fran\u00e7ais. Bravo \u00e0 toutes et \u00e0 tous!<\/div><\/li>\n<li><div class=\"wp-block-latest-posts__featured-image alignleft\"><a href=\"https:\/\/sophie-scholl-schule.eu\/?p=4166\" aria-label=\"Projekt \u00ab Lekt\u00fcreboxen \u00bb &#8211; Treffen von den 7. SESB Klassen der Sophie-Scholl und der Georg-von-Giesche-Schule\"><img decoding=\"async\" loading=\"lazy\" width=\"180\" height=\"180\" src=\"https:\/\/sophie-scholl-schule.eu\/wp-content\/uploads\/2024\/10\/IMG_8629-1_thumb-180x180.jpeg\" class=\"wp-image-4169 avia-img-lazy-loading-4169 attachment-square size-square wp-post-image\" alt=\"\" style=\"\" srcset=\"https:\/\/sophie-scholl-schule.eu\/wp-content\/uploads\/2024\/10\/IMG_8629-1_thumb-180x180.jpeg 180w, https:\/\/sophie-scholl-schule.eu\/wp-content\/uploads\/2024\/10\/IMG_8629-1_thumb-300x300.jpeg 300w, https:\/\/sophie-scholl-schule.eu\/wp-content\/uploads\/2024\/10\/IMG_8629-1_thumb-80x80.jpeg 80w, https:\/\/sophie-scholl-schule.eu\/wp-content\/uploads\/2024\/10\/IMG_8629-1_thumb-36x36.jpeg 36w, https:\/\/sophie-scholl-schule.eu\/wp-content\/uploads\/2024\/10\/IMG_8629-1_thumb.jpeg 500w\" sizes=\"auto, (max-width: 180px) 100vw, 180px\" \/><\/a><\/div><a class=\"wp-block-latest-posts__post-title\" href=\"https:\/\/sophie-scholl-schule.eu\/?p=4166\">Projekt \u00ab Lekt\u00fcreboxen \u00bb &#8211; Treffen von den 7. SESB Klassen der Sophie-Scholl und der Georg-von-Giesche-Schule<\/a><time datetime=\"2024-06-27T18:38:00+00:00\" class=\"wp-block-latest-posts__post-date\">27. Juni 2024<\/time><div class=\"wp-block-latest-posts__post-excerpt\">Am 27.06.2024 haben sich viele SESB-Sch\u00fcler*innen der Sophie-Scholl-Schule und der Georg-von-Giesche-Schule getroffen. Alle Sch\u00fcler*innen von den Franz\u00f6sischgruppen hatten im Vorfeld ein Buch zum Thema \u00ab Reise \u00bb gelesen und sollten eine LeseBox sowie einen Vortrag vorbereiten. Die Fotos zeigen die sch\u00f6nen Boxen sowie die Sch\u00fcler*innen, die f\u00fcr ihre Arbeit von\u2026\u00a0<a class=\"wp-block-latest-posts__read-more\" href=\"https:\/\/sophie-scholl-schule.eu\/?p=4166\" rel=\"noopener noreferrer\"><span class=\"screen-reader-text\">Projekt \u00ab Lekt\u00fcreboxen \u00bb &#8211; Treffen von den 7. SESB Klassen der Sophie-Scholl und der Georg-von-Giesche-Schule <\/span>weiterlesen<\/a><\/div><\/li>\n<li><div class=\"wp-block-latest-posts__featured-image alignleft\"><a href=\"https:\/\/sophie-scholl-schule.eu\/?p=4089\" aria-label=\"Exkursion der Klasse 911 ins Berliner Zentrum f\u00fcr Kinder- und Jugendliteratur (LesArt) am 16.Mai 2024\"><img decoding=\"async\" loading=\"lazy\" width=\"180\" height=\"180\" src=\"https:\/\/sophie-scholl-schule.eu\/wp-content\/uploads\/2024\/05\/bild2-773x1030_thumb-180x180.jpg\" class=\"wp-image-4191 avia-img-lazy-loading-4191 attachment-square size-square wp-post-image\" alt=\"\" style=\"\" srcset=\"https:\/\/sophie-scholl-schule.eu\/wp-content\/uploads\/2024\/05\/bild2-773x1030_thumb-180x180.jpg 180w, https:\/\/sophie-scholl-schule.eu\/wp-content\/uploads\/2024\/05\/bild2-773x1030_thumb-300x300.jpg 300w, https:\/\/sophie-scholl-schule.eu\/wp-content\/uploads\/2024\/05\/bild2-773x1030_thumb-80x80.jpg 80w, https:\/\/sophie-scholl-schule.eu\/wp-content\/uploads\/2024\/05\/bild2-773x1030_thumb-36x36.jpg 36w, https:\/\/sophie-scholl-schule.eu\/wp-content\/uploads\/2024\/05\/bild2-773x1030_thumb.jpg 500w\" sizes=\"auto, (max-width: 180px) 100vw, 180px\" \/><\/a><\/div><a class=\"wp-block-latest-posts__post-title\" href=\"https:\/\/sophie-scholl-schule.eu\/?p=4089\">Exkursion der Klasse 911 ins Berliner Zentrum f\u00fcr Kinder- und Jugendliteratur (LesArt) am 16.Mai 2024<\/a><time datetime=\"2024-05-16T15:53:03+00:00\" class=\"wp-block-latest-posts__post-date\">16. Mai 2024<\/time><div class=\"wp-block-latest-posts__post-excerpt\">Am 16. Mai besuchte die Klasse 911 gemeinsam mit Frau Lemoine, Herrn Maignan und Frau Treptow das LesArt Berlin, um an der Veranstaltung &#8222;Die Zeit ist kaputt \u2013 die Lebensgeschichte des Erich K\u00e4stner von Klaus Kordon&#8220; teilzunehmen. Die Sch\u00fclerinnen erhielten dabei unter anderem einen Einblick in das Leben des ber\u00fchmten\u2026\u00a0<a class=\"wp-block-latest-posts__read-more\" href=\"https:\/\/sophie-scholl-schule.eu\/?p=4089\" rel=\"noopener noreferrer\"><span class=\"screen-reader-text\">Exkursion der Klasse 911 ins Berliner Zentrum f\u00fcr Kinder- und Jugendliteratur (LesArt) am 16.Mai 2024 <\/span>weiterlesen<\/a><\/div><\/li>\n<li><div class=\"wp-block-latest-posts__featured-image alignleft\"><a href=\"https:\/\/sophie-scholl-schule.eu\/?p=3658\" aria-label=\"Treffen mit Gis\u00e8le Flachs\"><img decoding=\"async\" loading=\"lazy\" width=\"180\" height=\"180\" src=\"https:\/\/sophie-scholl-schule.eu\/wp-content\/uploads\/2024\/06\/2024_0517_temoignage-Gisele-FLACHS_Amabssade-05-e1730219675254-180x180.jpg\" class=\"wp-image-3656 avia-img-lazy-loading-3656 attachment-square size-square wp-post-image\" alt=\"2024 0517 temoignage Gisele FLACHS Amabssade 05\" style=\"\" srcset=\"https:\/\/sophie-scholl-schule.eu\/wp-content\/uploads\/2024\/06\/2024_0517_temoignage-Gisele-FLACHS_Amabssade-05-e1730219675254-180x180.jpg 180w, https:\/\/sophie-scholl-schule.eu\/wp-content\/uploads\/2024\/06\/2024_0517_temoignage-Gisele-FLACHS_Amabssade-05-e1730219675254-300x300.jpg 300w, https:\/\/sophie-scholl-schule.eu\/wp-content\/uploads\/2024\/06\/2024_0517_temoignage-Gisele-FLACHS_Amabssade-05-e1730219675254-80x80.jpg 80w, https:\/\/sophie-scholl-schule.eu\/wp-content\/uploads\/2024\/06\/2024_0517_temoignage-Gisele-FLACHS_Amabssade-05-e1730219675254-36x36.jpg 36w, https:\/\/sophie-scholl-schule.eu\/wp-content\/uploads\/2024\/06\/2024_0517_temoignage-Gisele-FLACHS_Amabssade-05-e1730219675254.jpg 500w\" sizes=\"auto, (max-width: 180px) 100vw, 180px\" \/><\/a><\/div><a class=\"wp-block-latest-posts__post-title\" href=\"https:\/\/sophie-scholl-schule.eu\/?p=3658\">Treffen mit Gis\u00e8le Flachs<\/a><time datetime=\"2024-05-16T06:00:00+00:00\" class=\"wp-block-latest-posts__post-date\">16. Mai 2024<\/time><div class=\"wp-block-latest-posts__post-excerpt\">Am 16. Mai 2024 erhielten die Sch\u00fcler\/innen der 12. Klasse des Abibac-Zweigs der Sophie-Scholl-Schule sowie franz\u00f6sischsprachige Sch\u00fcler\/innen anderer Berliner Schulen die Gelegenheit, einem Vortrag von Gis\u00e8le Flachs, einer \u00dcberlebenden des Holocaust, in der franz\u00f6sischen Botschaft beizuwohnen. Frau Flachs, geboren 1935 in Galizien, musste mit ihrer Mutter ihre Heimatstadt verlassen, als\u2026\u00a0<a class=\"wp-block-latest-posts__read-more\" href=\"https:\/\/sophie-scholl-schule.eu\/?p=3658\" rel=\"noopener noreferrer\"><span class=\"screen-reader-text\">Treffen mit Gis\u00e8le Flachs <\/span>weiterlesen<\/a><\/div><\/li>\n<li><div class=\"wp-block-latest-posts__featured-image alignleft\"><a href=\"https:\/\/sophie-scholl-schule.eu\/?p=3655\" aria-label=\"Notre semaine \u00e0 Paris\"><img decoding=\"async\" loading=\"lazy\" width=\"180\" height=\"180\" src=\"https:\/\/sophie-scholl-schule.eu\/wp-content\/uploads\/2024\/04\/paris-1-e1730219868271-180x180.png\" class=\"wp-image-4125 avia-img-lazy-loading-4125 attachment-square size-square wp-post-image\" alt=\"\" style=\"\" srcset=\"https:\/\/sophie-scholl-schule.eu\/wp-content\/uploads\/2024\/04\/paris-1-e1730219868271-180x180.png 180w, https:\/\/sophie-scholl-schule.eu\/wp-content\/uploads\/2024\/04\/paris-1-e1730219868271-300x300.png 300w, https:\/\/sophie-scholl-schule.eu\/wp-content\/uploads\/2024\/04\/paris-1-e1730219868271-80x80.png 80w, https:\/\/sophie-scholl-schule.eu\/wp-content\/uploads\/2024\/04\/paris-1-e1730219868271-36x36.png 36w, https:\/\/sophie-scholl-schule.eu\/wp-content\/uploads\/2024\/04\/paris-1-e1730219868271.png 352w\" sizes=\"auto, (max-width: 180px) 100vw, 180px\" \/><\/a><\/div><a class=\"wp-block-latest-posts__post-title\" href=\"https:\/\/sophie-scholl-schule.eu\/?p=3655\">Notre semaine \u00e0 Paris<\/a><time datetime=\"2024-04-23T08:08:28+00:00\" class=\"wp-block-latest-posts__post-date\">23. April 2024<\/time><div class=\"wp-block-latest-posts__post-excerpt\">&nbsp; Tag 1 : Freitag, 15. M\u00e4rz 2024Nach unserer zehnst\u00fcndigen Zugfahrt und einer erholsamen Nacht beginntunsere Reise in Paris mit einem Besuch des Mus\u00e9e de l\u2019Orangerie bei denTuilerien. Dort haben wir uns Werke von K\u00fcnstlern wie Jean Walter und PaulGuillaume, und von Claude Monet, unter anderem auch seine ber\u00fchmtesteKunstreihe, die\u2026\u00a0<a class=\"wp-block-latest-posts__read-more\" href=\"https:\/\/sophie-scholl-schule.eu\/?p=3655\" rel=\"noopener noreferrer\"><span class=\"screen-reader-text\">Notre semaine \u00e0 Paris <\/span>weiterlesen<\/a><\/div><\/li>\n<li><div class=\"wp-block-latest-posts__featured-image alignleft\"><a href=\"https:\/\/sophie-scholl-schule.eu\/?p=3649\" aria-label=\"#Abibac #Francemonamour\"><img decoding=\"async\" loading=\"lazy\" width=\"180\" height=\"87\" src=\"https:\/\/sophie-scholl-schule.eu\/wp-content\/uploads\/2024\/04\/francemonamour-180x87.png\" class=\"wp-image-3648 avia-img-lazy-loading-3648 attachment-square size-square wp-post-image\" alt=\"francemonamour\" style=\"\" \/><\/a><\/div><a class=\"wp-block-latest-posts__post-title\" href=\"https:\/\/sophie-scholl-schule.eu\/?p=3649\">#Abibac #Francemonamour<\/a><time datetime=\"2024-04-18T08:19:42+00:00\" class=\"wp-block-latest-posts__post-date\">18. April 2024<\/time><div class=\"wp-block-latest-posts__post-excerpt\">&nbsp;<\/div><\/li>\n<li><div class=\"wp-block-latest-posts__featured-image alignleft\"><a href=\"https:\/\/sophie-scholl-schule.eu\/?p=3624\" aria-label=\"deutsch-franz\u00f6sische Freundschaft\"><img decoding=\"async\" loading=\"lazy\" width=\"180\" height=\"180\" src=\"https:\/\/sophie-scholl-schule.eu\/wp-content\/uploads\/2024\/03\/IMG_4429-180x180.jpg\" class=\"wp-image-3622 avia-img-lazy-loading-3622 attachment-square size-square wp-post-image\" alt=\"IMG 4429\" style=\"\" srcset=\"https:\/\/sophie-scholl-schule.eu\/wp-content\/uploads\/2024\/03\/IMG_4429-180x180.jpg 180w, https:\/\/sophie-scholl-schule.eu\/wp-content\/uploads\/2024\/03\/IMG_4429-300x300.jpg 300w, https:\/\/sophie-scholl-schule.eu\/wp-content\/uploads\/2024\/03\/IMG_4429-80x80.jpg 80w, https:\/\/sophie-scholl-schule.eu\/wp-content\/uploads\/2024\/03\/IMG_4429-36x36.jpg 36w, https:\/\/sophie-scholl-schule.eu\/wp-content\/uploads\/2024\/03\/IMG_4429-rotated.jpg 640w\" sizes=\"auto, (max-width: 180px) 100vw, 180px\" \/><\/a><\/div><a class=\"wp-block-latest-posts__post-title\" href=\"https:\/\/sophie-scholl-schule.eu\/?p=3624\">deutsch-franz\u00f6sische Freundschaft<\/a><time datetime=\"2024-03-01T10:34:11+00:00\" class=\"wp-block-latest-posts__post-date\">1. M\u00e4rz 2024<\/time><div class=\"wp-block-latest-posts__post-excerpt\">Die deutsch-franz\u00f6sische Freundschaft wurde w\u00e4hrend der gesamten Woche vom 22. Januar bis Freitag, den 26. Januar gefeiert. Es begann mit dem wunderbaren Konzert von MFA Kera, die kam, um zu singen und ihren Text Fatou Rama zu lesen und \u00fcber ihr Leben von Madagaskar \u00fcber den Senegal bis in die\u2026\u00a0<a class=\"wp-block-latest-posts__read-more\" href=\"https:\/\/sophie-scholl-schule.eu\/?p=3624\" rel=\"noopener noreferrer\"><span class=\"screen-reader-text\">deutsch-franz\u00f6sische Freundschaft <\/span>weiterlesen<\/a><\/div><\/li>\n<li><div class=\"wp-block-latest-posts__featured-image alignleft\"><a href=\"https:\/\/sophie-scholl-schule.eu\/?p=3619\" aria-label=\"SESB-Alumni Treffen 12.01.2024\"><img decoding=\"async\" loading=\"lazy\" width=\"180\" height=\"180\" src=\"https:\/\/sophie-scholl-schule.eu\/wp-content\/uploads\/2024\/01\/Alumni_2024-180x180.jpeg\" class=\"wp-image-3617 avia-img-lazy-loading-3617 attachment-square size-square wp-post-image\" alt=\"Alumni 2024\" style=\"\" srcset=\"https:\/\/sophie-scholl-schule.eu\/wp-content\/uploads\/2024\/01\/Alumni_2024-180x180.jpeg 180w, https:\/\/sophie-scholl-schule.eu\/wp-content\/uploads\/2024\/01\/Alumni_2024-80x80.jpeg 80w, https:\/\/sophie-scholl-schule.eu\/wp-content\/uploads\/2024\/01\/Alumni_2024-36x36.jpeg 36w\" sizes=\"auto, (max-width: 180px) 100vw, 180px\" \/><\/a><\/div><a class=\"wp-block-latest-posts__post-title\" href=\"https:\/\/sophie-scholl-schule.eu\/?p=3619\">SESB-Alumni Treffen 12.01.2024<\/a><time datetime=\"2024-01-26T14:12:10+00:00\" class=\"wp-block-latest-posts__post-date\">26. Januar 2024<\/time><div class=\"wp-block-latest-posts__post-excerpt\">Vielen Dank an unsere netten Alumni Adriana, Louis, Luc, Marielle, St\u00e9phanie und Th\u00e9o die ihre Erfahrungen und Studien nach dem AbiBac vorgestellt haben und freundlicherweise die Fragen von den SESB Sch\u00fcler\/-innen beantwortet haben!<\/div><\/li>\n<li><div class=\"wp-block-latest-posts__featured-image alignleft\"><a href=\"https:\/\/sophie-scholl-schule.eu\/?p=3614\" aria-label=\"Kids \u2013 Fit f\u00fcr Europa!\"><img decoding=\"async\" loading=\"lazy\" width=\"180\" height=\"180\" src=\"https:\/\/sophie-scholl-schule.eu\/wp-content\/uploads\/2023\/12\/46_VBKI_Kids_Fit_fuer_Europa_Preisverleihung_2023_M_Stegner_BF_I_H_web-180x180.jpg\" class=\"wp-image-3611 avia-img-lazy-loading-3611 attachment-square size-square wp-post-image\" alt=\"46 VBKI Kids Fit fuer Europa Preisverleihung 2023 M Stegner BF I H web\" style=\"\" srcset=\"https:\/\/sophie-scholl-schule.eu\/wp-content\/uploads\/2023\/12\/46_VBKI_Kids_Fit_fuer_Europa_Preisverleihung_2023_M_Stegner_BF_I_H_web-180x180.jpg 180w, https:\/\/sophie-scholl-schule.eu\/wp-content\/uploads\/2023\/12\/46_VBKI_Kids_Fit_fuer_Europa_Preisverleihung_2023_M_Stegner_BF_I_H_web-80x80.jpg 80w, https:\/\/sophie-scholl-schule.eu\/wp-content\/uploads\/2023\/12\/46_VBKI_Kids_Fit_fuer_Europa_Preisverleihung_2023_M_Stegner_BF_I_H_web-36x36.jpg 36w\" sizes=\"auto, (max-width: 180px) 100vw, 180px\" \/><\/a><\/div><a class=\"wp-block-latest-posts__post-title\" href=\"https:\/\/sophie-scholl-schule.eu\/?p=3614\">Kids \u2013 Fit f\u00fcr Europa!<\/a><time datetime=\"2023-12-19T11:55:31+00:00\" class=\"wp-block-latest-posts__post-date\">19. Dezember 2023<\/time><div class=\"wp-block-latest-posts__post-excerpt\">21. Schreibwettbewerb der SESB \u201eKids \u2013 Fit f\u00fcr Europa!\u201c &#8211; Zwei Siegerinnen von der Sophie-Scholl-Schule: Alma Mo\u00dfler und Kija M\u00e9it\u00e9. F\u00e9licitations !<\/div><\/li>\n<li><div class=\"wp-block-latest-posts__featured-image alignleft\"><a href=\"https:\/\/sophie-scholl-schule.eu\/?p=3588\" aria-label=\"Pascale Hugues: M\u00e4dchenschule\"><img decoding=\"async\" loading=\"lazy\" width=\"180\" height=\"180\" src=\"https:\/\/sophie-scholl-schule.eu\/wp-content\/uploads\/2023\/09\/FD646FE9-67C6-4823-BADD-DB81E377196B_1_201_a-180x180.jpeg\" class=\"wp-image-3587 avia-img-lazy-loading-3587 attachment-square size-square wp-post-image\" alt=\"FD646FE9 67C6 4823 BADD DB81E377196B 1 201 a\" style=\"\" srcset=\"https:\/\/sophie-scholl-schule.eu\/wp-content\/uploads\/2023\/09\/FD646FE9-67C6-4823-BADD-DB81E377196B_1_201_a-180x180.jpeg 180w, https:\/\/sophie-scholl-schule.eu\/wp-content\/uploads\/2023\/09\/FD646FE9-67C6-4823-BADD-DB81E377196B_1_201_a-80x80.jpeg 80w, https:\/\/sophie-scholl-schule.eu\/wp-content\/uploads\/2023\/09\/FD646FE9-67C6-4823-BADD-DB81E377196B_1_201_a-36x36.jpeg 36w\" sizes=\"auto, (max-width: 180px) 100vw, 180px\" \/><\/a><\/div><a class=\"wp-block-latest-posts__post-title\" href=\"https:\/\/sophie-scholl-schule.eu\/?p=3588\">Pascale Hugues: M\u00e4dchenschule<\/a><time datetime=\"2023-09-20T07:33:02+00:00\" class=\"wp-block-latest-posts__post-date\">20. September 2023<\/time><div class=\"wp-block-latest-posts__post-excerpt\">Unsere Klassen 11 und 12 der SESB hatten das Vergn\u00fcgen, die Autorin Pascale Hugues zu empfangen und mit ihr \u00fcber ihr neuestes Buch zu diskutieren: M\u00e4dchenschule. Sie sprachen \u00fcber geschlechtsspezifische Erziehung, Sexismus und Feminismus. Die Sch\u00fclerInnen diskutierten auch \u00fcber das franz\u00f6sische und deutsche Erbe der Autorin, das sie in ihrem\u2026\u00a0<a class=\"wp-block-latest-posts__read-more\" href=\"https:\/\/sophie-scholl-schule.eu\/?p=3588\" rel=\"noopener noreferrer\"><span class=\"screen-reader-text\">Pascale Hugues: M\u00e4dchenschule <\/span>weiterlesen<\/a><\/div><\/li>\n<li><div class=\"wp-block-latest-posts__featured-image alignleft\"><a href=\"https:\/\/sophie-scholl-schule.eu\/?p=3596\" aria-label=\"Treffen mit dem franz\u00f6sischen Schriftsteller, Camille de Toledo\"><img decoding=\"async\" loading=\"lazy\" width=\"180\" height=\"180\" src=\"https:\/\/sophie-scholl-schule.eu\/wp-content\/uploads\/2023\/09\/SG_2023-09-28_16.46.55__12A0916_1-180x180.jpg\" class=\"wp-image-3594 avia-img-lazy-loading-3594 attachment-square size-square wp-post-image\" alt=\"SG 2023 09 28 16.46.55 12A0916 1\" style=\"\" srcset=\"https:\/\/sophie-scholl-schule.eu\/wp-content\/uploads\/2023\/09\/SG_2023-09-28_16.46.55__12A0916_1-180x180.jpg 180w, https:\/\/sophie-scholl-schule.eu\/wp-content\/uploads\/2023\/09\/SG_2023-09-28_16.46.55__12A0916_1-80x80.jpg 80w, https:\/\/sophie-scholl-schule.eu\/wp-content\/uploads\/2023\/09\/SG_2023-09-28_16.46.55__12A0916_1-36x36.jpg 36w\" sizes=\"auto, (max-width: 180px) 100vw, 180px\" \/><\/a><\/div><a class=\"wp-block-latest-posts__post-title\" href=\"https:\/\/sophie-scholl-schule.eu\/?p=3596\">Treffen mit dem franz\u00f6sischen Schriftsteller, Camille de Toledo<\/a><time datetime=\"2023-09-20T07:33:02+00:00\" class=\"wp-block-latest-posts__post-date\">20. September 2023<\/time><div class=\"wp-block-latest-posts__post-excerpt\">Am Donnerstag, den 28. September, trafen Sch\u00fclerinnen und Sch\u00fcler der 11. Klasse (Profilkurs SESB) den Autoren Camille de Toledo, der f\u00fcr seinen Roman Th\u00e9s\u00e9e, sa vie nouvelle den Franz-Hessel-Preis 2021 erhalten hat. In der idyllischen Umgebung des Schlosses der Stiftung Genshagen nahmen sie in Anwesenheit der \u00dcbersetzerin Karin Uttend\u00f6rfer an\u2026\u00a0<a class=\"wp-block-latest-posts__read-more\" href=\"https:\/\/sophie-scholl-schule.eu\/?p=3596\" rel=\"noopener noreferrer\"><span class=\"screen-reader-text\">Treffen mit dem franz\u00f6sischen Schriftsteller, Camille de Toledo <\/span>weiterlesen<\/a><\/div><\/li>\n<li><div class=\"wp-block-latest-posts__featured-image alignleft\"><a href=\"https:\/\/sophie-scholl-schule.eu\/?p=3555\" aria-label=\"Projekt \u00ab Lekt\u00fcreboxen \u00bb\"><img decoding=\"async\" loading=\"lazy\" width=\"180\" height=\"180\" src=\"https:\/\/sophie-scholl-schule.eu\/wp-content\/uploads\/2023\/07\/Boites_de_lecture-180x180.jpeg\" class=\"wp-image-3554 avia-img-lazy-loading-3554 attachment-square size-square wp-post-image\" alt=\"Boi\u0302tes de lecture\" style=\"\" srcset=\"https:\/\/sophie-scholl-schule.eu\/wp-content\/uploads\/2023\/07\/Boites_de_lecture-180x180.jpeg 180w, https:\/\/sophie-scholl-schule.eu\/wp-content\/uploads\/2023\/07\/Boites_de_lecture-80x80.jpeg 80w, https:\/\/sophie-scholl-schule.eu\/wp-content\/uploads\/2023\/07\/Boites_de_lecture-36x36.jpeg 36w\" sizes=\"auto, (max-width: 180px) 100vw, 180px\" \/><\/a><\/div><a class=\"wp-block-latest-posts__post-title\" href=\"https:\/\/sophie-scholl-schule.eu\/?p=3555\">Projekt \u00ab Lekt\u00fcreboxen \u00bb<\/a><time datetime=\"2023-07-12T07:24:02+00:00\" class=\"wp-block-latest-posts__post-date\">12. Juli 2023<\/time><div class=\"wp-block-latest-posts__post-excerpt\">Projekt \u00ab Lekt\u00fcreboxen \u00bb &#8211; Treffen von den 7. SESB Klassen der Sophie-Scholl und der Georg-von-Giesche-Schule Am 21.06.2023 haben sich viele SESB-Sch\u00fcler*innen der Sophie-Scholl-Schule und der Georg-von-Giesche-Schule getroffen. Alle Sch\u00fcler*innen von den Franz\u00f6sischgruppen hatten im Vorfeld ein Buch zum Thema \u00ab Reise \u00bb gelesen und sollten eine LeseBox sowie einen\u2026\u00a0<a class=\"wp-block-latest-posts__read-more\" href=\"https:\/\/sophie-scholl-schule.eu\/?p=3555\" rel=\"noopener noreferrer\"><span class=\"screen-reader-text\">Projekt \u00ab Lekt\u00fcreboxen \u00bb <\/span>weiterlesen<\/a><\/div><\/li>\n<li><div class=\"wp-block-latest-posts__featured-image alignleft\"><a href=\"https:\/\/sophie-scholl-schule.eu\/?p=3547\" aria-label=\"Prix des lyc\u00e9ens allemands\"><img decoding=\"async\" loading=\"lazy\" width=\"180\" height=\"180\" src=\"https:\/\/sophie-scholl-schule.eu\/wp-content\/uploads\/2023\/07\/PDLA_2-180x180.jpeg\" class=\"wp-image-3544 avia-img-lazy-loading-3544 attachment-square size-square wp-post-image\" alt=\"PDLA 2\" style=\"\" srcset=\"https:\/\/sophie-scholl-schule.eu\/wp-content\/uploads\/2023\/07\/PDLA_2-180x180.jpeg 180w, https:\/\/sophie-scholl-schule.eu\/wp-content\/uploads\/2023\/07\/PDLA_2-80x80.jpeg 80w, https:\/\/sophie-scholl-schule.eu\/wp-content\/uploads\/2023\/07\/PDLA_2-36x36.jpeg 36w\" sizes=\"auto, (max-width: 180px) 100vw, 180px\" \/><\/a><\/div><a class=\"wp-block-latest-posts__post-title\" href=\"https:\/\/sophie-scholl-schule.eu\/?p=3547\">Prix des lyc\u00e9ens allemands<\/a><time datetime=\"2023-07-12T07:14:14+00:00\" class=\"wp-block-latest-posts__post-date\">12. Juli 2023<\/time><div class=\"wp-block-latest-posts__post-excerpt\">Projekt \u00ab Prix des lyc\u00e9ens allemands \u00bb &#8211; Literaturprojekt der 1011 und 1012 Am 06.06.2023 haben sich alle SESB-Sch\u00fcler*innen der 1011 und 1012 getroffen. Alle Sch\u00fcler*innen von den Franz\u00f6sischgruppen haben im Vorfeld f\u00fcnf B\u00fccher aus der Auswahl vom \u201cPrix des lyc\u00e9ens allemands\u201d gelesen, eins gew\u00e4hlt und dazu in einer Gruppe\u2026\u00a0<a class=\"wp-block-latest-posts__read-more\" href=\"https:\/\/sophie-scholl-schule.eu\/?p=3547\" rel=\"noopener noreferrer\"><span class=\"screen-reader-text\">Prix des lyc\u00e9ens allemands <\/span>weiterlesen<\/a><\/div><\/li>\n<li><div class=\"wp-block-latest-posts__featured-image alignleft\"><a href=\"https:\/\/sophie-scholl-schule.eu\/?p=3553\" aria-label=\"Abibac &#8211; Ergebnisse\"><img decoding=\"async\" loading=\"lazy\" width=\"180\" height=\"180\" src=\"https:\/\/sophie-scholl-schule.eu\/wp-content\/uploads\/2023\/07\/Abibac_1-180x180.jpg\" class=\"wp-image-3548 avia-img-lazy-loading-3548 attachment-square size-square wp-post-image\" alt=\"Abibac 1\" style=\"\" srcset=\"https:\/\/sophie-scholl-schule.eu\/wp-content\/uploads\/2023\/07\/Abibac_1-180x180.jpg 180w, https:\/\/sophie-scholl-schule.eu\/wp-content\/uploads\/2023\/07\/Abibac_1-80x80.jpg 80w, https:\/\/sophie-scholl-schule.eu\/wp-content\/uploads\/2023\/07\/Abibac_1-36x36.jpg 36w\" sizes=\"auto, (max-width: 180px) 100vw, 180px\" \/><\/a><\/div><a class=\"wp-block-latest-posts__post-title\" href=\"https:\/\/sophie-scholl-schule.eu\/?p=3553\">Abibac &#8211; Ergebnisse<\/a><time datetime=\"2023-07-12T07:14:14+00:00\" class=\"wp-block-latest-posts__post-date\">12. Juli 2023<\/time><div class=\"wp-block-latest-posts__post-excerpt\">Herzlichen Gl\u00fcckwunsch an die 39 SESB Sch\u00fcler*innen, die dieses Jahr das AbiBac (deutsch-franz\u00f6sisches Abitur) bestanden haben!7 von ihnen haben sogar eine \u00ab Mention tr\u00e8s bien \u00bb bekommen, 16 eine \u00ab Mention bien \u00bb, 9 eine \u00ab Mention assez bien \u00bb. Bravo \u00e0 toutes et \u00e0 tous !Die Sch\u00fcler*innen haben die\u2026\u00a0<a class=\"wp-block-latest-posts__read-more\" href=\"https:\/\/sophie-scholl-schule.eu\/?p=3553\" rel=\"noopener noreferrer\"><span class=\"screen-reader-text\">Abibac &#8211; Ergebnisse <\/span>weiterlesen<\/a><\/div><\/li>\n<li><div class=\"wp-block-latest-posts__featured-image alignleft\"><a href=\"https:\/\/sophie-scholl-schule.eu\/?p=3506\" aria-label=\"D\u00e9port\u00e9s, leur ultime transmission\"><img decoding=\"async\" loading=\"lazy\" width=\"180\" height=\"180\" src=\"https:\/\/sophie-scholl-schule.eu\/wp-content\/uploads\/2023\/02\/deporte-180x180.jpg\" class=\"wp-image-3500 avia-img-lazy-loading-3500 attachment-square size-square wp-post-image\" alt=\"deporte\" style=\"\" srcset=\"https:\/\/sophie-scholl-schule.eu\/wp-content\/uploads\/2023\/02\/deporte-180x180.jpg 180w, https:\/\/sophie-scholl-schule.eu\/wp-content\/uploads\/2023\/02\/deporte-80x80.jpg 80w, https:\/\/sophie-scholl-schule.eu\/wp-content\/uploads\/2023\/02\/deporte-36x36.jpg 36w\" sizes=\"auto, (max-width: 180px) 100vw, 180px\" \/><\/a><\/div><a class=\"wp-block-latest-posts__post-title\" href=\"https:\/\/sophie-scholl-schule.eu\/?p=3506\">D\u00e9port\u00e9s, leur ultime transmission<\/a><time datetime=\"2023-02-21T10:35:22+00:00\" class=\"wp-block-latest-posts__post-date\">21. Februar 2023<\/time><div class=\"wp-block-latest-posts__post-excerpt\">Am Montag, den 13. Februar, fand in der Franz\u00f6sischen Botschaft eine sehr spannende Veranstaltung statt. Zwei \u00dcberlebende des KZ Auschwitz, Judith Elkan-Herv\u00e9 und Leon Weintraub, beide 97 Jahre alt, berichteten anschaulich von ihren Erfahrungen als Deportierte. Die Franz\u00f6sisch Leistungskurse der 12. und 13. Klasse, welche an der Veranstaltung teilnahmen, waren\u2026\u00a0<a class=\"wp-block-latest-posts__read-more\" href=\"https:\/\/sophie-scholl-schule.eu\/?p=3506\" rel=\"noopener noreferrer\"><span class=\"screen-reader-text\">D\u00e9port\u00e9s, leur ultime transmission <\/span>weiterlesen<\/a><\/div><\/li>\n<li><div class=\"wp-block-latest-posts__featured-image alignleft\"><a href=\"https:\/\/sophie-scholl-schule.eu\/?p=3513\" aria-label=\"60. Jahrestag der Unterzeichnung des Elys\u00e9e-Vertrags\"><img decoding=\"async\" loading=\"lazy\" width=\"180\" height=\"180\" src=\"https:\/\/sophie-scholl-schule.eu\/wp-content\/uploads\/2023\/02\/elysee_5-180x180.jpg\" class=\"wp-image-3507 avia-img-lazy-loading-3507 attachment-square size-square wp-post-image\" alt=\"elysee 5\" style=\"\" srcset=\"https:\/\/sophie-scholl-schule.eu\/wp-content\/uploads\/2023\/02\/elysee_5-180x180.jpg 180w, https:\/\/sophie-scholl-schule.eu\/wp-content\/uploads\/2023\/02\/elysee_5-80x80.jpg 80w, https:\/\/sophie-scholl-schule.eu\/wp-content\/uploads\/2023\/02\/elysee_5-36x36.jpg 36w\" sizes=\"auto, (max-width: 180px) 100vw, 180px\" \/><\/a><\/div><a class=\"wp-block-latest-posts__post-title\" href=\"https:\/\/sophie-scholl-schule.eu\/?p=3513\">60. Jahrestag der Unterzeichnung des Elys\u00e9e-Vertrags<\/a><time datetime=\"2023-02-21T10:35:22+00:00\" class=\"wp-block-latest-posts__post-date\">21. Februar 2023<\/time><div class=\"wp-block-latest-posts__post-excerpt\">&nbsp; Am 20. Januar hat die ganze Schule den 60. Jahrestag der Unterzeichnung des Elys\u00e9e-Vertrags gefeiert. Alle Klassen unserer Mittelstufe SESB haben den Rest der Schule eingeladen, an 30 verschiedenen Workshops teilzunehmen. Der Tag endete mit einem riesigen Quiz \u00fcber die deutsch-franz\u00f6sische Freundschaft in der Aula, in Anwesenheit von Sandrine\u2026\u00a0<a class=\"wp-block-latest-posts__read-more\" href=\"https:\/\/sophie-scholl-schule.eu\/?p=3513\" rel=\"noopener noreferrer\"><span class=\"screen-reader-text\">60. Jahrestag der Unterzeichnung des Elys\u00e9e-Vertrags <\/span>weiterlesen<\/a><\/div><\/li>\n<li><div class=\"wp-block-latest-posts__featured-image alignleft\"><a href=\"https:\/\/sophie-scholl-schule.eu\/?p=3499\" aria-label=\"Jugend f\u00fcr Europa\"><img decoding=\"async\" loading=\"lazy\" width=\"180\" height=\"180\" src=\"https:\/\/sophie-scholl-schule.eu\/wp-content\/uploads\/2023\/02\/urkunde_2023-180x180.png\" class=\"wp-image-3498 avia-img-lazy-loading-3498 attachment-square size-square wp-post-image\" alt=\"urkunde 2023\" style=\"\" srcset=\"https:\/\/sophie-scholl-schule.eu\/wp-content\/uploads\/2023\/02\/urkunde_2023-180x180.png 180w, https:\/\/sophie-scholl-schule.eu\/wp-content\/uploads\/2023\/02\/urkunde_2023-80x80.png 80w, https:\/\/sophie-scholl-schule.eu\/wp-content\/uploads\/2023\/02\/urkunde_2023-36x36.png 36w\" sizes=\"auto, (max-width: 180px) 100vw, 180px\" \/><\/a><\/div><a class=\"wp-block-latest-posts__post-title\" href=\"https:\/\/sophie-scholl-schule.eu\/?p=3499\">Jugend f\u00fcr Europa<\/a><time datetime=\"2023-02-10T09:14:55+00:00\" class=\"wp-block-latest-posts__post-date\">10. Februar 2023<\/time><div class=\"wp-block-latest-posts__post-excerpt\">3. Platz beim Teamwettbewerb &nbsp; &nbsp; &nbsp;<\/div><\/li>\n<li><div class=\"wp-block-latest-posts__featured-image alignleft\"><a href=\"https:\/\/sophie-scholl-schule.eu\/?p=3480\" aria-label=\"Besuch am Institut Fran\u00e7ais\"><img decoding=\"async\" loading=\"lazy\" width=\"180\" height=\"180\" src=\"https:\/\/sophie-scholl-schule.eu\/wp-content\/uploads\/2022\/11\/IMG_3004-180x180.jpeg\" class=\"wp-image-3476 avia-img-lazy-loading-3476 attachment-square size-square wp-post-image\" alt=\"IMG 3004\" style=\"\" srcset=\"https:\/\/sophie-scholl-schule.eu\/wp-content\/uploads\/2022\/11\/IMG_3004-180x180.jpeg 180w, https:\/\/sophie-scholl-schule.eu\/wp-content\/uploads\/2022\/11\/IMG_3004-80x80.jpeg 80w, https:\/\/sophie-scholl-schule.eu\/wp-content\/uploads\/2022\/11\/IMG_3004-36x36.jpeg 36w\" sizes=\"auto, (max-width: 180px) 100vw, 180px\" \/><\/a><\/div><a class=\"wp-block-latest-posts__post-title\" href=\"https:\/\/sophie-scholl-schule.eu\/?p=3480\">Besuch am Institut Fran\u00e7ais<\/a><time datetime=\"2022-11-29T07:07:59+00:00\" class=\"wp-block-latest-posts__post-date\">29. November 2022<\/time><div class=\"wp-block-latest-posts__post-excerpt\"><\/div><\/li>\n<li><div class=\"wp-block-latest-posts__featured-image alignleft\"><a href=\"https:\/\/sophie-scholl-schule.eu\/?p=3477\" aria-label=\"Besuch der Mediathek im Institut fran\u00e7ais\"><img decoding=\"async\" loading=\"lazy\" width=\"180\" height=\"180\" src=\"https:\/\/sophie-scholl-schule.eu\/wp-content\/uploads\/2022\/11\/IMG_3004-180x180.jpeg\" class=\"wp-image-3476 avia-img-lazy-loading-3476 attachment-square size-square wp-post-image\" alt=\"IMG 3004\" style=\"\" srcset=\"https:\/\/sophie-scholl-schule.eu\/wp-content\/uploads\/2022\/11\/IMG_3004-180x180.jpeg 180w, https:\/\/sophie-scholl-schule.eu\/wp-content\/uploads\/2022\/11\/IMG_3004-80x80.jpeg 80w, https:\/\/sophie-scholl-schule.eu\/wp-content\/uploads\/2022\/11\/IMG_3004-36x36.jpeg 36w\" sizes=\"auto, (max-width: 180px) 100vw, 180px\" \/><\/a><\/div><a class=\"wp-block-latest-posts__post-title\" href=\"https:\/\/sophie-scholl-schule.eu\/?p=3477\">Besuch der Mediathek im Institut fran\u00e7ais<\/a><time datetime=\"2022-11-21T11:09:02+00:00\" class=\"wp-block-latest-posts__post-date\">21. November 2022<\/time><div class=\"wp-block-latest-posts__post-excerpt\">Die Sch\u00fcler*innen der 712 haben am 11.11.22 die Mediathek des Instituts fran\u00e7ais besucht ! Nach einer Vorstellung von der Bibliothekarin und einer Rallye haben sie noch die Zeit genossen, um einige der zahlreichen B\u00fccher der Mediathek zu entdecken.<\/div><\/li>\n<li><div class=\"wp-block-latest-posts__featured-image alignleft\"><a href=\"https:\/\/sophie-scholl-schule.eu\/?p=3475\" aria-label=\"Austausch mit Pariser Lyc\u00e9e\"><img decoding=\"async\" loading=\"lazy\" width=\"180\" height=\"180\" src=\"https:\/\/sophie-scholl-schule.eu\/wp-content\/uploads\/2022\/11\/20221114_155013-180x180.jpg\" class=\"wp-image-3472 avia-img-lazy-loading-3472 attachment-square size-square wp-post-image\" alt=\"20221114 155013\" style=\"\" srcset=\"https:\/\/sophie-scholl-schule.eu\/wp-content\/uploads\/2022\/11\/20221114_155013-180x180.jpg 180w, https:\/\/sophie-scholl-schule.eu\/wp-content\/uploads\/2022\/11\/20221114_155013-80x80.jpg 80w, https:\/\/sophie-scholl-schule.eu\/wp-content\/uploads\/2022\/11\/20221114_155013-36x36.jpg 36w\" sizes=\"auto, (max-width: 180px) 100vw, 180px\" \/><\/a><\/div><a class=\"wp-block-latest-posts__post-title\" href=\"https:\/\/sophie-scholl-schule.eu\/?p=3475\">Austausch mit Pariser Lyc\u00e9e<\/a><time datetime=\"2022-11-21T11:06:06+00:00\" class=\"wp-block-latest-posts__post-date\">21. November 2022<\/time><div class=\"wp-block-latest-posts__post-excerpt\">Zwischen dem 9. und 16. November haben Sch\u00fcler der 12. Klasse SESB Sch\u00fcler des Lyc\u00e9e Janson de Sailly in Paris bei sich aufgenommen. Am Montag, den 14.11, gab es eine gemeinsame Projektarbeit: die Sch\u00fcler haben deutsche und franz\u00f6sische Lyrik zum Thema Gro\u00dfstadt gelesen und Eindr\u00fccke ausgetauscht. Das Projekt wird kommenden\u2026\u00a0<a class=\"wp-block-latest-posts__read-more\" href=\"https:\/\/sophie-scholl-schule.eu\/?p=3475\" rel=\"noopener noreferrer\"><span class=\"screen-reader-text\">Austausch mit Pariser Lyc\u00e9e <\/span>weiterlesen<\/a><\/div><\/li>\n<li><div class=\"wp-block-latest-posts__featured-image alignleft\"><a href=\"https:\/\/sophie-scholl-schule.eu\/?p=3454\" aria-label=\"Jean-Christophe Rufin an der Sophie-Scholl-Schule\"><img decoding=\"async\" loading=\"lazy\" width=\"180\" height=\"180\" src=\"https:\/\/sophie-scholl-schule.eu\/wp-content\/uploads\/2022\/10\/IMG_8729-180x180.jpg\" class=\"wp-image-3451 avia-img-lazy-loading-3451 attachment-square size-square wp-post-image\" alt=\"IMG 8729\" style=\"\" srcset=\"https:\/\/sophie-scholl-schule.eu\/wp-content\/uploads\/2022\/10\/IMG_8729-180x180.jpg 180w, https:\/\/sophie-scholl-schule.eu\/wp-content\/uploads\/2022\/10\/IMG_8729-300x300.jpg 300w, https:\/\/sophie-scholl-schule.eu\/wp-content\/uploads\/2022\/10\/IMG_8729-80x80.jpg 80w, https:\/\/sophie-scholl-schule.eu\/wp-content\/uploads\/2022\/10\/IMG_8729-36x36.jpg 36w, https:\/\/sophie-scholl-schule.eu\/wp-content\/uploads\/2022\/10\/IMG_8729-rotated.jpg 640w\" sizes=\"auto, (max-width: 180px) 100vw, 180px\" \/><\/a><\/div><a class=\"wp-block-latest-posts__post-title\" href=\"https:\/\/sophie-scholl-schule.eu\/?p=3454\">Jean-Christophe Rufin an der Sophie-Scholl-Schule<\/a><time datetime=\"2022-10-12T07:41:39+00:00\" class=\"wp-block-latest-posts__post-date\">12. Oktober 2022<\/time><div class=\"wp-block-latest-posts__post-excerpt\">Am Samstag, den 17. September, besuchten die Abibac-Klassen die Lesung des Romans, an dem sie im Unterricht gearbeitet hatten: Der geh\u00e4ngte von Conakry geschrieben von Jean-Christophe Rufin. Nach der Lesung lie\u00dfen sich einige Sch\u00fcler ihr Buch signieren oder nutzten die Gelegenheit zu einem pers\u00f6nlichen Gespr\u00e4ch mit dem bekannten franz\u00f6sischen Autor.<\/div><\/li>\n<li><div class=\"wp-block-latest-posts__featured-image alignleft\"><a href=\"https:\/\/sophie-scholl-schule.eu\/?p=3448\" aria-label=\"Lyc\u00e9e d\u2019Europe\"><img decoding=\"async\" loading=\"lazy\" width=\"180\" height=\"180\" src=\"https:\/\/sophie-scholl-schule.eu\/wp-content\/uploads\/2022\/09\/IMG-20220410-WA0000-180x180.jpg\" class=\"wp-image-3445 avia-img-lazy-loading-3445 attachment-square size-square wp-post-image\" alt=\"20220409 115848\" style=\"\" srcset=\"https:\/\/sophie-scholl-schule.eu\/wp-content\/uploads\/2022\/09\/IMG-20220410-WA0000-180x180.jpg 180w, https:\/\/sophie-scholl-schule.eu\/wp-content\/uploads\/2022\/09\/IMG-20220410-WA0000-80x80.jpg 80w, https:\/\/sophie-scholl-schule.eu\/wp-content\/uploads\/2022\/09\/IMG-20220410-WA0000-36x36.jpg 36w\" sizes=\"auto, (max-width: 180px) 100vw, 180px\" \/><\/a><\/div><a class=\"wp-block-latest-posts__post-title\" href=\"https:\/\/sophie-scholl-schule.eu\/?p=3448\">Lyc\u00e9e d\u2019Europe<\/a><time datetime=\"2022-09-05T12:25:59+00:00\" class=\"wp-block-latest-posts__post-date\">5. September 2022<\/time><div class=\"wp-block-latest-posts__post-excerpt\">Lyc\u00e9e d\u2019Europe: Sch\u00fcler und Lehrkr\u00e4fte aus ganz Europa kommen zusammen und besprechen die Zukunft Europas In der Woche vom 12. bis 19. Februar 2022 nahmen ein Sch\u00fcler, eine Sch\u00fclerin und eine Lehrerin des 12. Jahrgangs an dem Projekt des \u201eLyc\u00e9e d\u2019Europe\u201c, auf Deutsch \u201eGymnasium Europas\u201c teil. Die Ergebnisse des Projektes\u2026\u00a0<a class=\"wp-block-latest-posts__read-more\" href=\"https:\/\/sophie-scholl-schule.eu\/?p=3448\" rel=\"noopener noreferrer\"><span class=\"screen-reader-text\">Lyc\u00e9e d\u2019Europe <\/span>weiterlesen<\/a><\/div><\/li>\n<li><div class=\"wp-block-latest-posts__featured-image alignleft\"><a href=\"https:\/\/sophie-scholl-schule.eu\/?p=3440\" aria-label=\"AbiBac 2022  AbiBac 2022 &#8211; Ergebnisse\"><img decoding=\"async\" loading=\"lazy\" width=\"180\" height=\"180\" src=\"https:\/\/sophie-scholl-schule.eu\/wp-content\/uploads\/2022\/06\/20220624_145046-180x180.jpg\" class=\"wp-image-3438 avia-img-lazy-loading-3438 attachment-square size-square wp-post-image\" alt=\"20220624 145046\" style=\"\" srcset=\"https:\/\/sophie-scholl-schule.eu\/wp-content\/uploads\/2022\/06\/20220624_145046-180x180.jpg 180w, https:\/\/sophie-scholl-schule.eu\/wp-content\/uploads\/2022\/06\/20220624_145046-80x80.jpg 80w, https:\/\/sophie-scholl-schule.eu\/wp-content\/uploads\/2022\/06\/20220624_145046-36x36.jpg 36w\" sizes=\"auto, (max-width: 180px) 100vw, 180px\" \/><\/a><\/div><a class=\"wp-block-latest-posts__post-title\" href=\"https:\/\/sophie-scholl-schule.eu\/?p=3440\">AbiBac 2022  AbiBac 2022 &#8211; Ergebnisse<\/a><time datetime=\"2022-06-28T08:35:12+00:00\" class=\"wp-block-latest-posts__post-date\">28. Juni 2022<\/time><div class=\"wp-block-latest-posts__post-excerpt\">Herzlichen Gl\u00fcckwunsch an die 42 SESB Sch\u00fcler*innen, die das AbiBac (deutsch-franz\u00f6sisches Abitur) bestanden haben! 6 von ihnen haben sogar eine \u00ab Mention tr\u00e8s bien \u00bb bekommen, 11 eine \u00ab Mention bien \u00bb, 16 eine \u00ab Mention assez bien \u00bb. Die Inspectrice aus Stra\u00dfburg, Frau Alexandra Lagies, war von unseren Sch\u00fcler*innen\u2026\u00a0<a class=\"wp-block-latest-posts__read-more\" href=\"https:\/\/sophie-scholl-schule.eu\/?p=3440\" rel=\"noopener noreferrer\"><span class=\"screen-reader-text\">AbiBac 2022  AbiBac 2022 &#8211; Ergebnisse <\/span>weiterlesen<\/a><\/div><\/li>\n<li><div class=\"wp-block-latest-posts__featured-image alignleft\"><a href=\"https:\/\/sophie-scholl-schule.eu\/?p=3430\" aria-label=\"Besuch in der franz\u00f6sischen Botschaft\"><img decoding=\"async\" loading=\"lazy\" width=\"180\" height=\"180\" src=\"https:\/\/sophie-scholl-schule.eu\/wp-content\/uploads\/2022\/06\/IMG_6028-180x180.jpg\" class=\"wp-image-3429 avia-img-lazy-loading-3429 attachment-square size-square wp-post-image\" alt=\"IMG 6028\" style=\"\" srcset=\"https:\/\/sophie-scholl-schule.eu\/wp-content\/uploads\/2022\/06\/IMG_6028-180x180.jpg 180w, https:\/\/sophie-scholl-schule.eu\/wp-content\/uploads\/2022\/06\/IMG_6028-80x80.jpg 80w, https:\/\/sophie-scholl-schule.eu\/wp-content\/uploads\/2022\/06\/IMG_6028-36x36.jpg 36w\" sizes=\"auto, (max-width: 180px) 100vw, 180px\" \/><\/a><\/div><a class=\"wp-block-latest-posts__post-title\" href=\"https:\/\/sophie-scholl-schule.eu\/?p=3430\">Besuch in der franz\u00f6sischen Botschaft<\/a><time datetime=\"2022-06-20T11:21:24+00:00\" class=\"wp-block-latest-posts__post-date\">20. Juni 2022<\/time><div class=\"wp-block-latest-posts__post-excerpt\">Am Dienstag, den 24. Mai, wurde die Franz\u00f6sischklasse 112 von Frau Rivoire zu einer Konferenz in die franz\u00f6sische Botschaft eingeladen, um \u00fcber die franz\u00f6sische Pr\u00e4sidentschaft des Europ\u00e4ischen Rates zu diskutieren und Fragen zu stellen, die sie im Unterricht mit Hilfe der Jungen Europ\u00e4ischen F\u00f6deralist.innen vorbereitet hatten.<\/div><\/li>\n<li><div class=\"wp-block-latest-posts__featured-image alignleft\"><a href=\"https:\/\/sophie-scholl-schule.eu\/?p=3422\" aria-label=\"30 Jahre SESB !!!\"><img decoding=\"async\" loading=\"lazy\" width=\"180\" height=\"180\" src=\"https:\/\/sophie-scholl-schule.eu\/wp-content\/uploads\/2022\/06\/30_Jahre_SESB-180x180.jpeg\" class=\"wp-image-3421 avia-img-lazy-loading-3421 attachment-square size-square wp-post-image\" alt=\"30 Jahre SESB\" style=\"\" srcset=\"https:\/\/sophie-scholl-schule.eu\/wp-content\/uploads\/2022\/06\/30_Jahre_SESB-180x180.jpeg 180w, https:\/\/sophie-scholl-schule.eu\/wp-content\/uploads\/2022\/06\/30_Jahre_SESB-300x300.jpeg 300w, https:\/\/sophie-scholl-schule.eu\/wp-content\/uploads\/2022\/06\/30_Jahre_SESB-1030x1030.jpeg 1030w, https:\/\/sophie-scholl-schule.eu\/wp-content\/uploads\/2022\/06\/30_Jahre_SESB-80x80.jpeg 80w, https:\/\/sophie-scholl-schule.eu\/wp-content\/uploads\/2022\/06\/30_Jahre_SESB-768x768.jpeg 768w, https:\/\/sophie-scholl-schule.eu\/wp-content\/uploads\/2022\/06\/30_Jahre_SESB-1536x1536.jpeg 1536w, https:\/\/sophie-scholl-schule.eu\/wp-content\/uploads\/2022\/06\/30_Jahre_SESB-36x36.jpeg 36w, https:\/\/sophie-scholl-schule.eu\/wp-content\/uploads\/2022\/06\/30_Jahre_SESB-1500x1500.jpeg 1500w, https:\/\/sophie-scholl-schule.eu\/wp-content\/uploads\/2022\/06\/30_Jahre_SESB-705x705.jpeg 705w, https:\/\/sophie-scholl-schule.eu\/wp-content\/uploads\/2022\/06\/30_Jahre_SESB.jpeg 1729w\" sizes=\"auto, (max-width: 180px) 100vw, 180px\" \/><\/a><\/div><a class=\"wp-block-latest-posts__post-title\" href=\"https:\/\/sophie-scholl-schule.eu\/?p=3422\">30 Jahre SESB !!!<\/a><time datetime=\"2022-06-13T14:25:38+00:00\" class=\"wp-block-latest-posts__post-date\">13. Juni 2022<\/time><div class=\"wp-block-latest-posts__post-excerpt\">Am 02.05 wurde das 30-j\u00e4hrige Jubil\u00e4um der SESB gefeiert&nbsp;! Anbei weitere Informationen sowie die Festschrift (u.a. mit Berichten von ehemaligen Sch\u00fclerinnen und Sch\u00fcler der Sophie-Scholl-Schule): https:\/\/www.berlin.de\/sen\/bjf\/service\/presse\/pressearchiv-2022\/pressemitteilung.1201460.php<\/div><\/li>\n<li><a class=\"wp-block-latest-posts__post-title\" href=\"https:\/\/sophie-scholl-schule.eu\/?p=3394\">Wir Europa \/ Nous l&#8217;Europe<\/a><time datetime=\"2022-03-03T09:17:24+00:00\" class=\"wp-block-latest-posts__post-date\">3. M\u00e4rz 2022<\/time><div class=\"wp-block-latest-posts__post-excerpt\">Diese Serie von Videos erreichte den 1. Preis in IN-Projekte des Deutsch-Franz\u00f6sischen Jugendwerks &#8211; Herzliche Gratulation!<\/div><\/li>\n<li><div class=\"wp-block-latest-posts__featured-image alignleft\"><a href=\"https:\/\/sophie-scholl-schule.eu\/?p=3389\" aria-label=\"Paris trotz Corona\"><img decoding=\"async\" loading=\"lazy\" width=\"180\" height=\"180\" src=\"https:\/\/sophie-scholl-schule.eu\/wp-content\/uploads\/2022\/02\/pompidou-180x180.jpg\" class=\"wp-image-3388 avia-img-lazy-loading-3388 attachment-square size-square wp-post-image\" alt=\"pompidou\" style=\"\" srcset=\"https:\/\/sophie-scholl-schule.eu\/wp-content\/uploads\/2022\/02\/pompidou-180x180.jpg 180w, https:\/\/sophie-scholl-schule.eu\/wp-content\/uploads\/2022\/02\/pompidou-80x80.jpg 80w, https:\/\/sophie-scholl-schule.eu\/wp-content\/uploads\/2022\/02\/pompidou-36x36.jpg 36w\" sizes=\"auto, (max-width: 180px) 100vw, 180px\" \/><\/a><\/div><a class=\"wp-block-latest-posts__post-title\" href=\"https:\/\/sophie-scholl-schule.eu\/?p=3389\">Paris trotz Corona<\/a><time datetime=\"2022-02-10T10:39:00+00:00\" class=\"wp-block-latest-posts__post-date\">10. Februar 2022<\/time><div class=\"wp-block-latest-posts__post-excerpt\">Paris trotz Corona&nbsp;! Fahrt der LKs 12 nach Paris Die LKs 12 Franz\u00f6sisch SESB haben sich sehr gefreut, nach Paris Ende Januar zu fahren und ihre franz\u00f6sischen Austauschsch\u00fcler*innen von dem Lyc\u00e9e Janson de Sailly kennen zu lernen&nbsp;! Viele Museum- und Theaterbesuche, viele Erfahrungen und sch\u00f6ne Erinerrungen\u2026<\/div><\/li>\n<li><div class=\"wp-block-latest-posts__featured-image alignleft\"><a href=\"https:\/\/sophie-scholl-schule.eu\/?p=3356\" aria-label=\"Improvisationstheater auf Franz\u00f6sisch\"><img decoding=\"async\" loading=\"lazy\" width=\"180\" height=\"180\" src=\"https:\/\/sophie-scholl-schule.eu\/wp-content\/uploads\/2021\/11\/improtomales_1-180x180.jpg\" class=\"wp-image-3355 avia-img-lazy-loading-3355 attachment-square size-square wp-post-image\" alt=\"improtomales 1\" style=\"\" srcset=\"https:\/\/sophie-scholl-schule.eu\/wp-content\/uploads\/2021\/11\/improtomales_1-180x180.jpg 180w, https:\/\/sophie-scholl-schule.eu\/wp-content\/uploads\/2021\/11\/improtomales_1-80x80.jpg 80w, https:\/\/sophie-scholl-schule.eu\/wp-content\/uploads\/2021\/11\/improtomales_1-36x36.jpg 36w\" sizes=\"auto, (max-width: 180px) 100vw, 180px\" \/><\/a><\/div><a class=\"wp-block-latest-posts__post-title\" href=\"https:\/\/sophie-scholl-schule.eu\/?p=3356\">Improvisationstheater auf Franz\u00f6sisch<\/a><time datetime=\"2021-11-16T08:04:17+00:00\" class=\"wp-block-latest-posts__post-date\">16. November 2021<\/time><div class=\"wp-block-latest-posts__post-excerpt\">Improvisationstheater auf Franz\u00f6sisch : Portra\u0308ts von Wo\u0308rtern fu\u0308r morgen &nbsp;<\/div><\/li>\n<li><div class=\"wp-block-latest-posts__featured-image alignleft\"><a href=\"https:\/\/sophie-scholl-schule.eu\/?p=3347\" aria-label=\"SESB-Alumni-Treffen 2021\"><img decoding=\"async\" loading=\"lazy\" width=\"180\" height=\"180\" src=\"https:\/\/sophie-scholl-schule.eu\/wp-content\/uploads\/2021\/11\/Alumni_8735_-_copie-180x180.jpg\" class=\"wp-image-3346 avia-img-lazy-loading-3346 attachment-square size-square wp-post-image\" alt=\"Alumni 8735 copie\" style=\"\" srcset=\"https:\/\/sophie-scholl-schule.eu\/wp-content\/uploads\/2021\/11\/Alumni_8735_-_copie-180x180.jpg 180w, https:\/\/sophie-scholl-schule.eu\/wp-content\/uploads\/2021\/11\/Alumni_8735_-_copie-80x80.jpg 80w, https:\/\/sophie-scholl-schule.eu\/wp-content\/uploads\/2021\/11\/Alumni_8735_-_copie-36x36.jpg 36w\" sizes=\"auto, (max-width: 180px) 100vw, 180px\" \/><\/a><\/div><a class=\"wp-block-latest-posts__post-title\" href=\"https:\/\/sophie-scholl-schule.eu\/?p=3347\">SESB-Alumni-Treffen 2021<\/a><time datetime=\"2021-11-11T10:01:23+00:00\" class=\"wp-block-latest-posts__post-date\">11. November 2021<\/time><div class=\"wp-block-latest-posts__post-excerpt\">Vielen Dank an unsere netten Alumni Luc, Maxime, Phoebe, Stephanie, Tara die ihre Erfahrungen und Studien nach dem AbiBac vorgestellt haben und freundlicherweise die Fragen von den SESB Sch\u00fcler\/-innen beantwortet haben! &nbsp;<\/div><\/li>\n<li><a class=\"wp-block-latest-posts__post-title\" href=\"https:\/\/sophie-scholl-schule.eu\/?p=3336\">La g\u00e9n\u00e9ration Merkel<\/a><time datetime=\"2021-09-21T12:23:52+00:00\" class=\"wp-block-latest-posts__post-date\">21. September 2021<\/time><div class=\"wp-block-latest-posts__post-excerpt\">Die Journalistin Pascale Hugues hat f\u00fcr die franz\u00f6sische Zeitung Le Point einen Artikel geschrieben, nachdem sie 6 Sch\u00fcler aus meiner Franz\u00f6sischklasse 12LK interviewt hat. Das Hauptthema war ihr Eindruck von dem, was Angela Merkel in ihren 16 Jahren als Bundeskanzlerin und als einzige Bundeskanzlerin, die sie seit ihrer Geburt kennen,\u2026\u00a0<a class=\"wp-block-latest-posts__read-more\" href=\"https:\/\/sophie-scholl-schule.eu\/?p=3336\" rel=\"noopener noreferrer\"><span class=\"screen-reader-text\">La g\u00e9n\u00e9ration Merkel <\/span>weiterlesen<\/a><\/div><\/li>\n<li><div class=\"wp-block-latest-posts__featured-image alignleft\"><a href=\"https:\/\/sophie-scholl-schule.eu\/?p=3334\" aria-label=\"Internationales Literaturfestival 2021\"><img decoding=\"async\" loading=\"lazy\" width=\"180\" height=\"180\" src=\"https:\/\/sophie-scholl-schule.eu\/wp-content\/uploads\/2021\/09\/IMG-8352-180x180.jpg\" class=\"wp-image-3332 avia-img-lazy-loading-3332 attachment-square size-square wp-post-image\" alt=\"IMG 8352\" style=\"\" srcset=\"https:\/\/sophie-scholl-schule.eu\/wp-content\/uploads\/2021\/09\/IMG-8352-180x180.jpg 180w, https:\/\/sophie-scholl-schule.eu\/wp-content\/uploads\/2021\/09\/IMG-8352-80x80.jpg 80w, https:\/\/sophie-scholl-schule.eu\/wp-content\/uploads\/2021\/09\/IMG-8352-36x36.jpg 36w\" sizes=\"auto, (max-width: 180px) 100vw, 180px\" \/><\/a><\/div><a class=\"wp-block-latest-posts__post-title\" href=\"https:\/\/sophie-scholl-schule.eu\/?p=3334\">Internationales Literaturfestival 2021<\/a><time datetime=\"2021-09-20T07:44:23+00:00\" class=\"wp-block-latest-posts__post-date\">20. September 2021<\/time><div class=\"wp-block-latest-posts__post-excerpt\">Treffen mit dem franz\u00f6sischen Schriftsteller Alain Damasio Die Sch\u00fcler*innen von dem LK 13 von Mme Haehl und von dem GK 12 von Frau Jeanningros haben am 13.09.2021 an dem International Literaturfestival teilgenommen und Alain Damasio im Silent Green getroffen.<\/div><\/li>\n<li><div class=\"wp-block-latest-posts__featured-image alignleft\"><a href=\"https:\/\/sophie-scholl-schule.eu\/?p=3331\" aria-label=\"Journ\u00e9e Decouverte &#8211; Entdeckungstag\"><img decoding=\"async\" loading=\"lazy\" width=\"180\" height=\"180\" src=\"https:\/\/sophie-scholl-schule.eu\/wp-content\/uploads\/2021\/08\/journeeDecouverte-180x180.png\" class=\"wp-image-3330 avia-img-lazy-loading-3330 attachment-square size-square wp-post-image\" alt=\"journeeDecouverte\" style=\"\" srcset=\"https:\/\/sophie-scholl-schule.eu\/wp-content\/uploads\/2021\/08\/journeeDecouverte-180x180.png 180w, https:\/\/sophie-scholl-schule.eu\/wp-content\/uploads\/2021\/08\/journeeDecouverte-80x80.png 80w, https:\/\/sophie-scholl-schule.eu\/wp-content\/uploads\/2021\/08\/journeeDecouverte-36x36.png 36w\" sizes=\"auto, (max-width: 180px) 100vw, 180px\" \/><\/a><\/div><a class=\"wp-block-latest-posts__post-title\" href=\"https:\/\/sophie-scholl-schule.eu\/?p=3331\">Journ\u00e9e Decouverte &#8211; Entdeckungstag<\/a><time datetime=\"2021-08-12T12:00:17+00:00\" class=\"wp-block-latest-posts__post-date\">12. August 2021<\/time><div class=\"wp-block-latest-posts__post-excerpt\">I-Digitaler Deutsch-Franz\u00f6sischer Entdeckungstag mit dem Bundesministerium f\u00fcr Umwelt, Naturschutz und nukleare Sicherheit Die SuS der 113 haben sich mit Frau Rita Schwarzel\u00fchr-Sutter (Parlamentarische Staatssekret\u00e4rin) und mit Herrn Tobias B\u00fctow, (Generalsekret\u00e4r vom DFJW) ausgetauscht.<\/div><\/li>\n<li><a class=\"wp-block-latest-posts__post-title\" href=\"https:\/\/sophie-scholl-schule.eu\/?p=3161\">Videoclips &#8211; L&#8217;effondrement<\/a><time datetime=\"2020-10-23T11:53:38+00:00\" class=\"wp-block-latest-posts__post-date\">23. Oktober 2020<\/time><div class=\"wp-block-latest-posts__post-excerpt\">wie reagierst du, wenn unsere Welt pl\u00f6tzlich zusammenbricht ? Die Sch\u00fcler*innen von dem LK Franz\u00f6sisch haben sich von einer franz\u00f6sischen Endzeitminiserie \u00ab&nbsp;L&#8217;effondrement&nbsp;\u00bb (\u00ab&nbsp;The Collapse&nbsp;\u00bb) inspiriert. &nbsp;<\/div><\/li>\n<li><div class=\"wp-block-latest-posts__featured-image alignleft\"><a href=\"https:\/\/sophie-scholl-schule.eu\/?p=3132\" aria-label=\"Abibac 2020\"><img decoding=\"async\" loading=\"lazy\" width=\"180\" height=\"180\" src=\"https:\/\/sophie-scholl-schule.eu\/wp-content\/uploads\/2020\/09\/AbiBacLogo-180x180.jpg\" class=\"wp-image-3131 avia-img-lazy-loading-3131 attachment-square size-square wp-post-image\" alt=\"AbiBacLogo\" style=\"\" srcset=\"https:\/\/sophie-scholl-schule.eu\/wp-content\/uploads\/2020\/09\/AbiBacLogo-180x180.jpg 180w, https:\/\/sophie-scholl-schule.eu\/wp-content\/uploads\/2020\/09\/AbiBacLogo-80x80.jpg 80w, https:\/\/sophie-scholl-schule.eu\/wp-content\/uploads\/2020\/09\/AbiBacLogo-36x36.jpg 36w\" sizes=\"auto, (max-width: 180px) 100vw, 180px\" \/><\/a><\/div><a class=\"wp-block-latest-posts__post-title\" href=\"https:\/\/sophie-scholl-schule.eu\/?p=3132\">Abibac 2020<\/a><time datetime=\"2020-09-15T15:42:41+00:00\" class=\"wp-block-latest-posts__post-date\">15. September 2020<\/time><div class=\"wp-block-latest-posts__post-excerpt\">Hier&nbsp;sind&nbsp;die sehr guten Ergebnisse f\u00fcr das Abibac 2020: 44 von den 45&nbsp;Sch\u00fcler*innen haben das Abibac bestanden und dazu mentions erhalten:&nbsp; 10 mentions \u00ab Tr\u00e8s bien \u00bb 12&nbsp;mentions \u00ab Bien \u00bb 11 mentions \u00ab&nbsp;Assez bien \u00bb &nbsp; Herzlichen Gl\u00fcckwunsch an diese Sch\u00fcler*innen!<\/div><\/li>\n<li><div class=\"wp-block-latest-posts__featured-image alignleft\"><a href=\"https:\/\/sophie-scholl-schule.eu\/?p=3097\" aria-label=\"Filmworkshop SESB\"><img decoding=\"async\" loading=\"lazy\" width=\"180\" height=\"180\" src=\"https:\/\/sophie-scholl-schule.eu\/wp-content\/uploads\/2020\/03\/filmworkshop2-180x180.jpg\" class=\"wp-image-3096 avia-img-lazy-loading-3096 attachment-square size-square wp-post-image\" alt=\"filmworkshop2\" style=\"\" srcset=\"https:\/\/sophie-scholl-schule.eu\/wp-content\/uploads\/2020\/03\/filmworkshop2-180x180.jpg 180w, https:\/\/sophie-scholl-schule.eu\/wp-content\/uploads\/2020\/03\/filmworkshop2-80x80.jpg 80w, https:\/\/sophie-scholl-schule.eu\/wp-content\/uploads\/2020\/03\/filmworkshop2-36x36.jpg 36w\" sizes=\"auto, (max-width: 180px) 100vw, 180px\" \/><\/a><\/div><a class=\"wp-block-latest-posts__post-title\" href=\"https:\/\/sophie-scholl-schule.eu\/?p=3097\">Filmworkshop SESB<\/a><time datetime=\"2020-03-05T09:31:54+00:00\" class=\"wp-block-latest-posts__post-date\">5. M\u00e4rz 2020<\/time><div class=\"wp-block-latest-posts__post-excerpt\"><\/div><\/li>\n<li><a class=\"wp-block-latest-posts__post-title\" href=\"https:\/\/sophie-scholl-schule.eu\/?p=3095\">Interviews ehemaliger Sch\u00fcler*innen der SESB<\/a><time datetime=\"2020-03-04T14:31:43+00:00\" class=\"wp-block-latest-posts__post-date\">4. M\u00e4rz 2020<\/time><div class=\"wp-block-latest-posts__post-excerpt\"><\/div><\/li>\n<li><div class=\"wp-block-latest-posts__featured-image alignleft\"><a href=\"https:\/\/sophie-scholl-schule.eu\/?p=3094\" aria-label=\"20 Jahre SESB\"><img decoding=\"async\" loading=\"lazy\" width=\"180\" height=\"180\" src=\"https:\/\/sophie-scholl-schule.eu\/wp-content\/uploads\/2020\/03\/sesb20-180x180.jpg\" class=\"wp-image-3093 avia-img-lazy-loading-3093 attachment-square size-square wp-post-image\" alt=\"sesb20\" style=\"\" srcset=\"https:\/\/sophie-scholl-schule.eu\/wp-content\/uploads\/2020\/03\/sesb20-180x180.jpg 180w, https:\/\/sophie-scholl-schule.eu\/wp-content\/uploads\/2020\/03\/sesb20-80x80.jpg 80w, https:\/\/sophie-scholl-schule.eu\/wp-content\/uploads\/2020\/03\/sesb20-36x36.jpg 36w\" sizes=\"auto, (max-width: 180px) 100vw, 180px\" \/><\/a><\/div><a class=\"wp-block-latest-posts__post-title\" href=\"https:\/\/sophie-scholl-schule.eu\/?p=3094\">20 Jahre SESB<\/a><time datetime=\"2020-03-03T11:09:59+00:00\" class=\"wp-block-latest-posts__post-date\">3. M\u00e4rz 2020<\/time><div class=\"wp-block-latest-posts__post-excerpt\">&nbsp;<\/div><\/li>\n<li><div class=\"wp-block-latest-posts__featured-image alignleft\"><a href=\"https:\/\/sophie-scholl-schule.eu\/?p=3083\" aria-label=\"Deutsch-franz\u00f6sischer Tag\"><img decoding=\"async\" loading=\"lazy\" width=\"180\" height=\"180\" src=\"https:\/\/sophie-scholl-schule.eu\/wp-content\/uploads\/2020\/02\/dtfrzTagSkal6-180x180.jpg\" class=\"wp-image-3082 avia-img-lazy-loading-3082 attachment-square size-square wp-post-image\" alt=\"dtfrzTagSkal6\" style=\"\" srcset=\"https:\/\/sophie-scholl-schule.eu\/wp-content\/uploads\/2020\/02\/dtfrzTagSkal6-180x180.jpg 180w, https:\/\/sophie-scholl-schule.eu\/wp-content\/uploads\/2020\/02\/dtfrzTagSkal6-80x80.jpg 80w, https:\/\/sophie-scholl-schule.eu\/wp-content\/uploads\/2020\/02\/dtfrzTagSkal6-36x36.jpg 36w\" sizes=\"auto, (max-width: 180px) 100vw, 180px\" \/><\/a><\/div><a class=\"wp-block-latest-posts__post-title\" href=\"https:\/\/sophie-scholl-schule.eu\/?p=3083\">Deutsch-franz\u00f6sischer Tag<\/a><time datetime=\"2020-02-16T12:41:38+00:00\" class=\"wp-block-latest-posts__post-date\">16. Februar 2020<\/time><div class=\"wp-block-latest-posts__post-excerpt\"><\/div><\/li>\n<li><div class=\"wp-block-latest-posts__featured-image alignleft\"><a href=\"https:\/\/sophie-scholl-schule.eu\/?p=3081\" aria-label=\"Abibac&#8230; und danach ?\"><img decoding=\"async\" loading=\"lazy\" width=\"180\" height=\"180\" src=\"https:\/\/sophie-scholl-schule.eu\/wp-content\/uploads\/2020\/02\/Studieren_in_Frankreich-180x180.jpg\" class=\"wp-image-3080 avia-img-lazy-loading-3080 attachment-square size-square wp-post-image\" alt=\"Studieren in Frankreich\" style=\"\" srcset=\"https:\/\/sophie-scholl-schule.eu\/wp-content\/uploads\/2020\/02\/Studieren_in_Frankreich-180x180.jpg 180w, https:\/\/sophie-scholl-schule.eu\/wp-content\/uploads\/2020\/02\/Studieren_in_Frankreich-80x80.jpg 80w, https:\/\/sophie-scholl-schule.eu\/wp-content\/uploads\/2020\/02\/Studieren_in_Frankreich-36x36.jpg 36w\" sizes=\"auto, (max-width: 180px) 100vw, 180px\" \/><\/a><\/div><a class=\"wp-block-latest-posts__post-title\" href=\"https:\/\/sophie-scholl-schule.eu\/?p=3081\">Abibac&#8230; und danach ?<\/a><time datetime=\"2020-02-16T12:38:46+00:00\" class=\"wp-block-latest-posts__post-date\">16. Februar 2020<\/time><div class=\"wp-block-latest-posts__post-excerpt\">&nbsp;<\/div><\/li>\n<li><div class=\"wp-block-latest-posts__featured-image alignleft\"><a href=\"https:\/\/sophie-scholl-schule.eu\/?p=3043\" aria-label=\"Viel Theater in der Fachwoche\"><img decoding=\"async\" loading=\"lazy\" width=\"180\" height=\"180\" src=\"https:\/\/sophie-scholl-schule.eu\/wp-content\/uploads\/2019\/11\/01theatereinfuehrung-180x180.jpg\" class=\"wp-image-3036 avia-img-lazy-loading-3036 attachment-square size-square wp-post-image\" alt=\"01theatereinfuehrung\" style=\"\" srcset=\"https:\/\/sophie-scholl-schule.eu\/wp-content\/uploads\/2019\/11\/01theatereinfuehrung-180x180.jpg 180w, https:\/\/sophie-scholl-schule.eu\/wp-content\/uploads\/2019\/11\/01theatereinfuehrung-80x80.jpg 80w, https:\/\/sophie-scholl-schule.eu\/wp-content\/uploads\/2019\/11\/01theatereinfuehrung-36x36.jpg 36w\" sizes=\"auto, (max-width: 180px) 100vw, 180px\" \/><\/a><\/div><a class=\"wp-block-latest-posts__post-title\" href=\"https:\/\/sophie-scholl-schule.eu\/?p=3043\">Viel Theater in der Fachwoche<\/a><time datetime=\"2019-11-26T06:49:37+00:00\" class=\"wp-block-latest-posts__post-date\">26. November 2019<\/time><div class=\"wp-block-latest-posts__post-excerpt\"><\/div><\/li>\n<li><div class=\"wp-block-latest-posts__featured-image alignleft\"><a href=\"https:\/\/sophie-scholl-schule.eu\/?p=3032\" aria-label=\"SESB-Alumni Treffen 2019\"><img decoding=\"async\" loading=\"lazy\" width=\"180\" height=\"180\" src=\"https:\/\/sophie-scholl-schule.eu\/wp-content\/uploads\/2019\/11\/alumni-180x180.jpg\" class=\"wp-image-3031 avia-img-lazy-loading-3031 attachment-square size-square wp-post-image\" alt=\"alumni\" style=\"\" srcset=\"https:\/\/sophie-scholl-schule.eu\/wp-content\/uploads\/2019\/11\/alumni-180x180.jpg 180w, https:\/\/sophie-scholl-schule.eu\/wp-content\/uploads\/2019\/11\/alumni-80x80.jpg 80w, https:\/\/sophie-scholl-schule.eu\/wp-content\/uploads\/2019\/11\/alumni-36x36.jpg 36w\" sizes=\"auto, (max-width: 180px) 100vw, 180px\" \/><\/a><\/div><a class=\"wp-block-latest-posts__post-title\" href=\"https:\/\/sophie-scholl-schule.eu\/?p=3032\">SESB-Alumni Treffen 2019<\/a><time datetime=\"2019-11-11T08:13:21+00:00\" class=\"wp-block-latest-posts__post-date\">11. November 2019<\/time><div class=\"wp-block-latest-posts__post-excerpt\"><\/div><\/li>\n<li><a class=\"wp-block-latest-posts__post-title\" href=\"https:\/\/sophie-scholl-schule.eu\/?p=3022\">Internationales Literaturfestival<\/a><time datetime=\"2019-10-24T14:52:50+00:00\" class=\"wp-block-latest-posts__post-date\">24. Oktober 2019<\/time><div class=\"wp-block-latest-posts__post-excerpt\">&nbsp; Die Sch\u00fcler_innen der 812 und die SESB-Leistungskurse 12 und 13 haben eine inspirierende Woche verbracht: Die 812 haben an dem International Literaturfestival teilgenommen und Cl\u00e9mentine Beauvais in dem Silent Green Hause getroffen. Diese franz\u00f6sische Schriftstellerin schreibt beliebte Romane f\u00fcr Jugendlichen.<\/div><\/li>\n<li><a class=\"wp-block-latest-posts__post-title\" href=\"https:\/\/sophie-scholl-schule.eu\/?p=2981\">Europaschule: Austausch : Les \u00e9changes en SESB<\/a><time datetime=\"2019-08-11T16:23:36+00:00\" class=\"wp-block-latest-posts__post-date\">11. August 2019<\/time><div class=\"wp-block-latest-posts__post-excerpt\">L&#8217;\u00e9cole europ\u00e9enne Sophie-Scholl a pour partenaire dans le cadre du r\u00e9seau des \u00e9tablissements Abibac le lyc\u00e9e Gustave Flaubert de Rouen (www.lycee-flaubert-rouen.fr) avec lequel sont chaque ann\u00e9e organis\u00e9s des projets et \u00e9changes. Depuis 2021, elle a \u00e9galement pour partenaire Abibac le lyc\u00e9e Janson de Sailly de Paris (https:\/\/www.janson-de-sailly.fr) avec qui deux\u2026\u00a0<a class=\"wp-block-latest-posts__read-more\" href=\"https:\/\/sophie-scholl-schule.eu\/?p=2981\" rel=\"noopener noreferrer\"><span class=\"screen-reader-text\">Europaschule: Austausch : Les \u00e9changes en SESB <\/span>weiterlesen<\/a><\/div><\/li>\n<li><div class=\"wp-block-latest-posts__featured-image alignleft\"><a href=\"https:\/\/sophie-scholl-schule.eu\/?p=2979\" aria-label=\"AbiBac 2019-Ergebnisse\"><img decoding=\"async\" loading=\"lazy\" width=\"180\" height=\"180\" src=\"https:\/\/sophie-scholl-schule.eu\/wp-content\/uploads\/2019\/08\/lexebox_4-180x180.jpg\" class=\"wp-image-2978 avia-img-lazy-loading-2978 attachment-square size-square wp-post-image\" alt=\"lexebox 4\" style=\"\" srcset=\"https:\/\/sophie-scholl-schule.eu\/wp-content\/uploads\/2019\/08\/lexebox_4-180x180.jpg 180w, https:\/\/sophie-scholl-schule.eu\/wp-content\/uploads\/2019\/08\/lexebox_4-80x80.jpg 80w, https:\/\/sophie-scholl-schule.eu\/wp-content\/uploads\/2019\/08\/lexebox_4-36x36.jpg 36w\" sizes=\"auto, (max-width: 180px) 100vw, 180px\" \/><\/a><\/div><a class=\"wp-block-latest-posts__post-title\" href=\"https:\/\/sophie-scholl-schule.eu\/?p=2979\">AbiBac 2019-Ergebnisse<\/a><time datetime=\"2019-08-06T11:18:02+00:00\" class=\"wp-block-latest-posts__post-date\">6. August 2019<\/time><div class=\"wp-block-latest-posts__post-excerpt\">Herzlichen Gl\u00fcckwunsch an die 34 SESB Sch\u00fcler*innen, die das AbiBac (deutsch-franz\u00f6sisches Abitur) bestanden haben! 2 von ihnen haben sogar eine \u00ab Mention tr\u00e8s bien \u00bb bekommen, 7 eine \u00ab Mention bien \u00bb, 18 eine \u00ab Mention assez bien \u00bb. F\u00e9licitations \u00e0 toutes et \u00e0 tous !<\/div><\/li>\n<li><a class=\"wp-block-latest-posts__post-title\" href=\"https:\/\/sophie-scholl-schule.eu\/?p=2977\">Lekt\u00fcreboxen<\/a><time datetime=\"2019-08-06T11:15:55+00:00\" class=\"wp-block-latest-posts__post-date\">6. August 2019<\/time><div class=\"wp-block-latest-posts__post-excerpt\">Projekt \u00ab Lekt\u00fcreboxen \u00bb-Klassen 711 und 712 (aktuell 811 und 812) Am 29.05.2019 haben sich viele SESB-Sch\u00fcler*innen im Stillarbeitsraum getroffen. Alle Sch\u00fcler*innen von den beiden Franz\u00f6sischgruppen (Muttersprache) haben im Vorfeld ein Buch zum Thema \u00ab Reise \u00bb gelesen und sollten eine LeseBox sowie einen Vortrag vorbereiten. Die Fotos zeigen die\u2026\u00a0<a class=\"wp-block-latest-posts__read-more\" href=\"https:\/\/sophie-scholl-schule.eu\/?p=2977\" rel=\"noopener noreferrer\"><span class=\"screen-reader-text\">Lekt\u00fcreboxen <\/span>weiterlesen<\/a><\/div><\/li>\n<li><a class=\"wp-block-latest-posts__post-title\" href=\"https:\/\/sophie-scholl-schule.eu\/?p=2961\">Berlin-Rouen Austausch  2018<\/a><time datetime=\"2019-05-23T07:32:49+00:00\" class=\"wp-block-latest-posts__post-date\">23. Mai 2019<\/time><div class=\"wp-block-latest-posts__post-excerpt\">1) Unser Programm in Berlin: 24.11.2018 \u2013 01.12.2018 Im Rahmen des Austauschs mit der nordfranz\u00f6sischen Stadt Rouen besuchten uns einige Jugendliche des Gustave Flaubert Gymnasiums um unseren Berlin zu sehen. Sie kamen am Samstag den 29.11.2018 per Fernbus um ca. 21 Uhr an, aufgeregt schnappten wir uns unseren Austauschpartner und\u2026\u00a0<a class=\"wp-block-latest-posts__read-more\" href=\"https:\/\/sophie-scholl-schule.eu\/?p=2961\" rel=\"noopener noreferrer\"><span class=\"screen-reader-text\">Berlin-Rouen Austausch  2018 <\/span>weiterlesen<\/a><\/div><\/li>\n<li><div class=\"wp-block-latest-posts__featured-image alignleft\"><a href=\"https:\/\/sophie-scholl-schule.eu\/?p=2946\" aria-label=\"Journ\u00e9e d\u00e9couverte au Minist\u00e8re du Travail\"><img decoding=\"async\" loading=\"lazy\" width=\"180\" height=\"180\" src=\"https:\/\/sophie-scholl-schule.eu\/wp-content\/uploads\/2019\/03\/D3S3408-180x180.jpg\" class=\"wp-image-2945 avia-img-lazy-loading-2945 attachment-square size-square wp-post-image\" alt=\"D3S3408\" style=\"\" srcset=\"https:\/\/sophie-scholl-schule.eu\/wp-content\/uploads\/2019\/03\/D3S3408-180x180.jpg 180w, https:\/\/sophie-scholl-schule.eu\/wp-content\/uploads\/2019\/03\/D3S3408-80x80.jpg 80w, https:\/\/sophie-scholl-schule.eu\/wp-content\/uploads\/2019\/03\/D3S3408-36x36.jpg 36w\" sizes=\"auto, (max-width: 180px) 100vw, 180px\" \/><\/a><\/div><a class=\"wp-block-latest-posts__post-title\" href=\"https:\/\/sophie-scholl-schule.eu\/?p=2946\">Journ\u00e9e d\u00e9couverte au Minist\u00e8re du Travail<\/a><time datetime=\"2019-03-25T14:30:57+00:00\" class=\"wp-block-latest-posts__post-date\">25. M\u00e4rz 2019<\/time><div class=\"wp-block-latest-posts__post-excerpt\">Journ\u00e9e d\u00e9couverte au Minist\u00e8re du Travail et des affaires sociales pour les classes 12 de la SESB Entdeckungstag am Bundesministerium f\u00fcr Arbeit und Soziales f\u00fcr den LK aus dem 12. Jahrgang der SESB<\/div><\/li>\n<li><div class=\"wp-block-latest-posts__featured-image alignleft\"><a href=\"https:\/\/sophie-scholl-schule.eu\/?p=2944\" aria-label=\"EU &#8211; Wozu?\"><img decoding=\"async\" loading=\"lazy\" width=\"180\" height=\"180\" src=\"https:\/\/sophie-scholl-schule.eu\/wp-content\/uploads\/2019\/03\/eu_tendel-180x180.jpeg\" class=\"wp-image-2943 avia-img-lazy-loading-2943 attachment-square size-square wp-post-image\" alt=\"eu tendel\" style=\"\" srcset=\"https:\/\/sophie-scholl-schule.eu\/wp-content\/uploads\/2019\/03\/eu_tendel-180x180.jpeg 180w, https:\/\/sophie-scholl-schule.eu\/wp-content\/uploads\/2019\/03\/eu_tendel-80x80.jpeg 80w, https:\/\/sophie-scholl-schule.eu\/wp-content\/uploads\/2019\/03\/eu_tendel-36x36.jpeg 36w\" sizes=\"auto, (max-width: 180px) 100vw, 180px\" \/><\/a><\/div><a class=\"wp-block-latest-posts__post-title\" href=\"https:\/\/sophie-scholl-schule.eu\/?p=2944\">EU &#8211; Wozu?<\/a><time datetime=\"2019-03-14T09:37:30+00:00\" class=\"wp-block-latest-posts__post-date\">14. M\u00e4rz 2019<\/time><div class=\"wp-block-latest-posts__post-excerpt\">&nbsp; Am 14. Januar 2019 war Frau Dr. Hannah Neumann, Kandidatin der Gr\u00fcnen f\u00fcr die Wahlen zum Europaparlament, bei uns zu Gast. In der voll besetzten Aula haben Referentin und Sch\u00fcler*innen des 12. und 13. Jahrgangs sehr engagiert unterschiedliche Aspekte der Europ\u00e4ischen Union diskutiert. Besonders interessierte der Wert der EU\u2026\u00a0<a class=\"wp-block-latest-posts__read-more\" href=\"https:\/\/sophie-scholl-schule.eu\/?p=2944\" rel=\"noopener noreferrer\"><span class=\"screen-reader-text\">EU &#8211; Wozu? <\/span>weiterlesen<\/a><\/div><\/li>\n<li><a class=\"wp-block-latest-posts__post-title\" href=\"https:\/\/sophie-scholl-schule.eu\/?p=2937\">Deutsch-Franz\u00f6sischer Tag &#8211; 22.01.2019<\/a><time datetime=\"2019-02-25T13:30:32+00:00\" class=\"wp-block-latest-posts__post-date\">25. Februar 2019<\/time><div class=\"wp-block-latest-posts__post-excerpt\">Der deutsch-franz\u00f6sische Tag an der Sophie-Scholl-Schule Jedes Jahr wird in Frankreich sowie in Deutschland der deutsch-franz\u00f6sische Tag gefeiert. Dieser Tag ist im Januar, da der Elys\u00e9e Vertrag am 22.01.1963 von Konrad Adenauer und Charles de Gaulle unterschrieben wurde. Jedes Jahr machen die franz\u00f6sischen Klassen Aktivit\u00e4ten und Projekte, aber dieses Jahr\u2026\u00a0<a class=\"wp-block-latest-posts__read-more\" href=\"https:\/\/sophie-scholl-schule.eu\/?p=2937\" rel=\"noopener noreferrer\"><span class=\"screen-reader-text\">Deutsch-Franz\u00f6sischer Tag &#8211; 22.01.2019 <\/span>weiterlesen<\/a><\/div><\/li>\n<li><div class=\"wp-block-latest-posts__featured-image alignleft\"><a href=\"https:\/\/sophie-scholl-schule.eu\/?p=2911\" aria-label=\"Deutsch-franz\u00f6sischer Tag\"><img decoding=\"async\" loading=\"lazy\" width=\"180\" height=\"180\" src=\"https:\/\/sophie-scholl-schule.eu\/wp-content\/uploads\/2019\/01\/Journee_fr_all_2019Skal-180x180.jpg\" class=\"wp-image-2910 avia-img-lazy-loading-2910 attachment-square size-square wp-post-image\" alt=\"Journee fr all 2019Skal\" style=\"\" srcset=\"https:\/\/sophie-scholl-schule.eu\/wp-content\/uploads\/2019\/01\/Journee_fr_all_2019Skal-180x180.jpg 180w, https:\/\/sophie-scholl-schule.eu\/wp-content\/uploads\/2019\/01\/Journee_fr_all_2019Skal-80x80.jpg 80w, https:\/\/sophie-scholl-schule.eu\/wp-content\/uploads\/2019\/01\/Journee_fr_all_2019Skal-36x36.jpg 36w\" sizes=\"auto, (max-width: 180px) 100vw, 180px\" \/><\/a><\/div><a class=\"wp-block-latest-posts__post-title\" href=\"https:\/\/sophie-scholl-schule.eu\/?p=2911\">Deutsch-franz\u00f6sischer Tag<\/a><time datetime=\"2019-01-07T14:42:13+00:00\" class=\"wp-block-latest-posts__post-date\">7. Januar 2019<\/time><div class=\"wp-block-latest-posts__post-excerpt\"><\/div><\/li>\n<li><div class=\"wp-block-latest-posts__featured-image alignleft\"><a href=\"https:\/\/sophie-scholl-schule.eu\/?p=2862\" aria-label=\"Prix des lyc\u00e9ens allemands\"><img decoding=\"async\" loading=\"lazy\" width=\"180\" height=\"180\" src=\"https:\/\/sophie-scholl-schule.eu\/wp-content\/uploads\/2018\/11\/haehl-180x180.jpg\" class=\"wp-image-2861 avia-img-lazy-loading-2861 attachment-square size-square wp-post-image\" alt=\"haehl\" style=\"\" srcset=\"https:\/\/sophie-scholl-schule.eu\/wp-content\/uploads\/2018\/11\/haehl-180x180.jpg 180w, https:\/\/sophie-scholl-schule.eu\/wp-content\/uploads\/2018\/11\/haehl-80x80.jpg 80w, https:\/\/sophie-scholl-schule.eu\/wp-content\/uploads\/2018\/11\/haehl-36x36.jpg 36w\" sizes=\"auto, (max-width: 180px) 100vw, 180px\" \/><\/a><\/div><a class=\"wp-block-latest-posts__post-title\" href=\"https:\/\/sophie-scholl-schule.eu\/?p=2862\">Prix des lyc\u00e9ens allemands<\/a><time datetime=\"2018-11-16T15:51:40+00:00\" class=\"wp-block-latest-posts__post-date\">16. November 2018<\/time><div class=\"wp-block-latest-posts__post-excerpt\">Im Rahmen des Wettbewerbes \u00ab Prix des lyc\u00e9ens allemands \u00bb haben die Sch\u00fcler der 1011 und der 1012 an einem Gespr\u00e4ch mit dem franz\u00f6sischen Schriftsteller Eric Pessan teilgenommen. Der Author von \u00ab Dans la for\u00eat de Hokka\u00efdo \u00bb ist am Montag, dem 5.11. in die Sophie-Scholl gekommen und hat viel\u2026\u00a0<a class=\"wp-block-latest-posts__read-more\" href=\"https:\/\/sophie-scholl-schule.eu\/?p=2862\" rel=\"noopener noreferrer\"><span class=\"screen-reader-text\">Prix des lyc\u00e9ens allemands <\/span>weiterlesen<\/a><\/div><\/li>\n<li><div class=\"wp-block-latest-posts__featured-image alignleft\"><a href=\"https:\/\/sophie-scholl-schule.eu\/?p=2791\" aria-label=\"Abibac an der Sophie-Scholl-Schule\"><img decoding=\"async\" loading=\"lazy\" width=\"180\" height=\"180\" src=\"https:\/\/sophie-scholl-schule.eu\/wp-content\/uploads\/2018\/06\/IMG_1656-180x180.jpg\" class=\"wp-image-2788 avia-img-lazy-loading-2788 attachment-square size-square wp-post-image\" alt=\"IMG 1656\" style=\"\" srcset=\"https:\/\/sophie-scholl-schule.eu\/wp-content\/uploads\/2018\/06\/IMG_1656-180x180.jpg 180w, https:\/\/sophie-scholl-schule.eu\/wp-content\/uploads\/2018\/06\/IMG_1656-80x80.jpg 80w, https:\/\/sophie-scholl-schule.eu\/wp-content\/uploads\/2018\/06\/IMG_1656-36x36.jpg 36w\" sizes=\"auto, (max-width: 180px) 100vw, 180px\" \/><\/a><\/div><a class=\"wp-block-latest-posts__post-title\" href=\"https:\/\/sophie-scholl-schule.eu\/?p=2791\">Abibac an der Sophie-Scholl-Schule<\/a><time datetime=\"2018-06-17T08:31:49+00:00\" class=\"wp-block-latest-posts__post-date\">17. Juni 2018<\/time><div class=\"wp-block-latest-posts__post-excerpt\">Cette ann\u00e9e, 41 \u00e9l\u00e8ves de la Sophie Scholl Schule ont obtenu le baccalaur\u00e9at et l\u2019Abitur.Parmi eux, on compte : 7 \u00e9l\u00e8ves re\u00e7us avec la mention tr\u00e8s bien, 7 avec la mention bien, 13 avec la mention assez bien.F\u00e9licitations aux titulaires du double dipl\u00f4me !<\/div><\/li>\n<li><div class=\"wp-block-latest-posts__featured-image alignleft\"><a href=\"https:\/\/sophie-scholl-schule.eu\/?p=2782\" aria-label=\"SESB-SCHACHTURNIER\"><img decoding=\"async\" loading=\"lazy\" width=\"180\" height=\"180\" src=\"https:\/\/sophie-scholl-schule.eu\/wp-content\/uploads\/2018\/06\/schachturnier-180x180.jpg\" class=\"wp-image-2781 avia-img-lazy-loading-2781 attachment-square size-square wp-post-image\" alt=\"schachturnier\" style=\"\" srcset=\"https:\/\/sophie-scholl-schule.eu\/wp-content\/uploads\/2018\/06\/schachturnier-180x180.jpg 180w, https:\/\/sophie-scholl-schule.eu\/wp-content\/uploads\/2018\/06\/schachturnier-80x80.jpg 80w, https:\/\/sophie-scholl-schule.eu\/wp-content\/uploads\/2018\/06\/schachturnier-36x36.jpg 36w\" sizes=\"auto, (max-width: 180px) 100vw, 180px\" \/><\/a><\/div><a class=\"wp-block-latest-posts__post-title\" href=\"https:\/\/sophie-scholl-schule.eu\/?p=2782\">SESB-SCHACHTURNIER<\/a><time datetime=\"2018-06-12T12:23:42+00:00\" class=\"wp-block-latest-posts__post-date\">12. Juni 2018<\/time><div class=\"wp-block-latest-posts__post-excerpt\">Am 28.05.18 fand im Gymnasium Steglitz das SESB-SCHACHTURNIER statt. Begleitet von unserem Schachtrainer, Herrn Schwarzbold, nahmen 4 Sch\u00fcler unserer Schule: Adam Briller, Oskar B\u00e4r, Julian Lohmann und Leo Thomson an dem Turnier teil. Von 17 Mannschaften mit ca. 90 Spieler*innen &#8211; aus Grund-und Oberschulen &#8211; erreichten sie nach vielen erbitterten\u2026\u00a0<a class=\"wp-block-latest-posts__read-more\" href=\"https:\/\/sophie-scholl-schule.eu\/?p=2782\" rel=\"noopener noreferrer\"><span class=\"screen-reader-text\">SESB-SCHACHTURNIER <\/span>weiterlesen<\/a><\/div><\/li>\n<li><div class=\"wp-block-latest-posts__featured-image alignleft\"><a href=\"https:\/\/sophie-scholl-schule.eu\/?p=2761\" aria-label=\"Februar 2018 &#8211; Juryt\u00e4tigkeit f\u00fcr die Wahl des Prix jeunesse\"><img decoding=\"async\" loading=\"lazy\" width=\"180\" height=\"180\" src=\"https:\/\/sophie-scholl-schule.eu\/wp-content\/uploads\/2018\/05\/Jury_PrixJeune-180x180.jpg\" class=\"wp-image-2760 avia-img-lazy-loading-2760 attachment-square size-square wp-post-image\" alt=\"Jury PrixJeune\" style=\"\" srcset=\"https:\/\/sophie-scholl-schule.eu\/wp-content\/uploads\/2018\/05\/Jury_PrixJeune-180x180.jpg 180w, https:\/\/sophie-scholl-schule.eu\/wp-content\/uploads\/2018\/05\/Jury_PrixJeune-80x80.jpg 80w, https:\/\/sophie-scholl-schule.eu\/wp-content\/uploads\/2018\/05\/Jury_PrixJeune-36x36.jpg 36w\" sizes=\"auto, (max-width: 180px) 100vw, 180px\" \/><\/a><\/div><a class=\"wp-block-latest-posts__post-title\" href=\"https:\/\/sophie-scholl-schule.eu\/?p=2761\">Februar 2018 &#8211; Juryt\u00e4tigkeit f\u00fcr die Wahl des Prix jeunesse<\/a><time datetime=\"2018-05-11T12:12:36+00:00\" class=\"wp-block-latest-posts__post-date\">11. Mai 2018<\/time><div class=\"wp-block-latest-posts__post-excerpt\">Ein gut genutztes Wochenende \u2013 Eindr\u00fccke aus der Jury&nbsp;&nbsp;&nbsp;&nbsp;&nbsp;&nbsp;<\/div><\/li>\n<li><div class=\"wp-block-latest-posts__featured-image alignleft\"><a href=\"https:\/\/sophie-scholl-schule.eu\/?p=2710\" aria-label=\"Entdeckungstag im Ausw\u00e4rtigen Amt\"><img decoding=\"async\" loading=\"lazy\" width=\"180\" height=\"180\" src=\"https:\/\/sophie-scholl-schule.eu\/wp-content\/uploads\/2018\/01\/bild03-180x180.jpg\" class=\"wp-image-2707 avia-img-lazy-loading-2707 attachment-square size-square wp-post-image\" alt=\"bild03\" style=\"\" srcset=\"https:\/\/sophie-scholl-schule.eu\/wp-content\/uploads\/2018\/01\/bild03-180x180.jpg 180w, https:\/\/sophie-scholl-schule.eu\/wp-content\/uploads\/2018\/01\/bild03-80x80.jpg 80w, https:\/\/sophie-scholl-schule.eu\/wp-content\/uploads\/2018\/01\/bild03-36x36.jpg 36w\" sizes=\"auto, (max-width: 180px) 100vw, 180px\" \/><\/a><\/div><a class=\"wp-block-latest-posts__post-title\" href=\"https:\/\/sophie-scholl-schule.eu\/?p=2710\">Entdeckungstag im Ausw\u00e4rtigen Amt<\/a><time datetime=\"2018-01-23T07:17:18+00:00\" class=\"wp-block-latest-posts__post-date\">23. Januar 2018<\/time><div class=\"wp-block-latest-posts__post-excerpt\">Ce 22 janvier 2018, la traditionnelle journ\u00e9e franco-allemande, rev\u00eat un caract\u00e8re particulier puisque la chanceli\u00e8re allemande, Angela Merkel, et le pr\u00e9sident de la R\u00e9publique fran\u00e7aise, Emmanuel Macron, sont sur le point de signer une r\u00e9solution commune. Il s\u2019agit d\u2019une nouvelle mouture du Trait\u00e9 de l\u2019Elys\u00e9e, sign\u00e9 \u00e0 l\u2019origine le 22\u2026\u00a0<a class=\"wp-block-latest-posts__read-more\" href=\"https:\/\/sophie-scholl-schule.eu\/?p=2710\" rel=\"noopener noreferrer\"><span class=\"screen-reader-text\">Entdeckungstag im Ausw\u00e4rtigen Amt <\/span>weiterlesen<\/a><\/div><\/li>\n<li><div class=\"wp-block-latest-posts__featured-image alignleft\"><a href=\"https:\/\/sophie-scholl-schule.eu\/?p=2654\" aria-label=\"L\u2019AbiBac 2017\"><img decoding=\"async\" loading=\"lazy\" width=\"180\" height=\"180\" src=\"https:\/\/sophie-scholl-schule.eu\/wp-content\/uploads\/2017\/07\/abibac1-180x180.jpg\" class=\"wp-image-2652 avia-img-lazy-loading-2652 attachment-square size-square wp-post-image\" alt=\"abibac1\" style=\"\" srcset=\"https:\/\/sophie-scholl-schule.eu\/wp-content\/uploads\/2017\/07\/abibac1-180x180.jpg 180w, https:\/\/sophie-scholl-schule.eu\/wp-content\/uploads\/2017\/07\/abibac1-80x80.jpg 80w, https:\/\/sophie-scholl-schule.eu\/wp-content\/uploads\/2017\/07\/abibac1-36x36.jpg 36w\" sizes=\"auto, (max-width: 180px) 100vw, 180px\" \/><\/a><\/div><a class=\"wp-block-latest-posts__post-title\" href=\"https:\/\/sophie-scholl-schule.eu\/?p=2654\">L\u2019AbiBac 2017<\/a><time datetime=\"2017-07-03T16:30:07+00:00\" class=\"wp-block-latest-posts__post-date\">3. Juli 2017<\/time><div class=\"wp-block-latest-posts__post-excerpt\">L\u2019AbiBac : une belle r\u00e9ussite franco-allemande \u00catre titulaires d\u2019un double dipl\u00f4me, l\u2019Abitur et le baccalaur\u00e9at, c\u2019est ce qu\u2019ont r\u00e9ussi les \u00e9l\u00e8ves de la section SESB, \u00e0 l\u2019issue de leurs oraux \u00ab\u00a0\u00e0 la fran\u00e7aise\u00a0\u00bb. Parmi eux\u00a0: 5 mentions tr\u00e8s bien, 5 mentions bien, 7 mentions assez bien L\u2019AbiBac, c\u2019est un examen\u2026\u00a0<a class=\"wp-block-latest-posts__read-more\" href=\"https:\/\/sophie-scholl-schule.eu\/?p=2654\" rel=\"noopener noreferrer\"><span class=\"screen-reader-text\">L\u2019AbiBac 2017 <\/span>weiterlesen<\/a><\/div><\/li>\n<li><a class=\"wp-block-latest-posts__post-title\" href=\"https:\/\/sophie-scholl-schule.eu\/?p=2636\">Informer et \u00e9crire \/ Informieren und schreiben<\/a><time datetime=\"2017-04-28T12:15:04+00:00\" class=\"wp-block-latest-posts__post-date\">28. April 2017<\/time><div class=\"wp-block-latest-posts__post-excerpt\">Visite du Directeur de l\u2019Agence France Presse \u00e0 la Sophie-Scholl-Schule le 3 avril Le lundi 3 avril, dans l\u2019apr\u00e8s-midi, M. Le Forestier, directeur de l\u2019Agence France Presse de Berlin a rencontr\u00e9 les \u00e9l\u00e8ves des classes 12.<\/div><\/li>\n<li><a class=\"wp-block-latest-posts__post-title\" href=\"https:\/\/sophie-scholl-schule.eu\/?p=2634\">Le Prix des lyc\u00e9ens allemands<\/a><time datetime=\"2017-04-20T17:46:16+00:00\" class=\"wp-block-latest-posts__post-date\">20. April 2017<\/time><div class=\"wp-block-latest-posts__post-excerpt\">Le Prix des lyc\u00e9ens allemands \u2013 1011 und 1012 nehmen am bundesweiten Lesewettbewerb teilDie Europaklassen 1011 und 1012 haben im Rahmen des Franz\u00f6sischunterrichts an einem Projekt namens Le Prix des lyc\u00e9ens allemands mit Frau Fritz und Frau Savall teilgenommen. Der Prix des lyc\u00e9ens allemands ist eine Initiative vom Institut Fran\u00e7ais\u2026\u00a0<a class=\"wp-block-latest-posts__read-more\" href=\"https:\/\/sophie-scholl-schule.eu\/?p=2634\" rel=\"noopener noreferrer\"><span class=\"screen-reader-text\">Le Prix des lyc\u00e9ens allemands <\/span>weiterlesen<\/a><\/div><\/li>\n<li><div class=\"wp-block-latest-posts__featured-image alignleft\"><a href=\"https:\/\/sophie-scholl-schule.eu\/?p=2607\" aria-label=\"Zu Besuch beim Bundespresseamt: Traumberuf Journalist?\"><img decoding=\"async\" loading=\"lazy\" width=\"180\" height=\"180\" src=\"https:\/\/sophie-scholl-schule.eu\/wp-content\/uploads\/2017\/01\/bundespresseamt02-180x180.jpg\" class=\"wp-image-2605 avia-img-lazy-loading-2605 attachment-square size-square wp-post-image\" alt=\"bundespresseamt02\" style=\"\" srcset=\"https:\/\/sophie-scholl-schule.eu\/wp-content\/uploads\/2017\/01\/bundespresseamt02-180x180.jpg 180w, https:\/\/sophie-scholl-schule.eu\/wp-content\/uploads\/2017\/01\/bundespresseamt02-80x80.jpg 80w, https:\/\/sophie-scholl-schule.eu\/wp-content\/uploads\/2017\/01\/bundespresseamt02-36x36.jpg 36w\" sizes=\"auto, (max-width: 180px) 100vw, 180px\" \/><\/a><\/div><a class=\"wp-block-latest-posts__post-title\" href=\"https:\/\/sophie-scholl-schule.eu\/?p=2607\">Zu Besuch beim Bundespresseamt: Traumberuf Journalist?<\/a><time datetime=\"2017-01-25T08:23:04+00:00\" class=\"wp-block-latest-posts__post-date\">25. Januar 2017<\/time><div class=\"wp-block-latest-posts__post-excerpt\">Die drei Leistungskurse Franz\u00f6sisch-SESB waren beim Bundespresseamt zu Gast und erfuhren vieles \u00fcber die Arbeit dieser Institution aus der Innenperspektive. Dar\u00fcber hinaus wurde in einem spannenden Vortrag der Beruf des Journalisten thematisiert, sodass die Sch\u00fclerInnen eine F\u00fclle von konkreten Informationen bekamen, es wurden aber auch die kritischen Aspekte des Berufs\u2026\u00a0<a class=\"wp-block-latest-posts__read-more\" href=\"https:\/\/sophie-scholl-schule.eu\/?p=2607\" rel=\"noopener noreferrer\"><span class=\"screen-reader-text\">Zu Besuch beim Bundespresseamt: Traumberuf Journalist? <\/span>weiterlesen<\/a><\/div><\/li>\n<li><div class=\"wp-block-latest-posts__featured-image alignleft\"><a href=\"https:\/\/sophie-scholl-schule.eu\/?p=2578\" aria-label=\"DELF Scolaire 2014\"><img decoding=\"async\" loading=\"lazy\" width=\"180\" height=\"180\" src=\"https:\/\/sophie-scholl-schule.eu\/wp-content\/uploads\/2016\/11\/attestation-180x180.png\" class=\"wp-image-2577 avia-img-lazy-loading-2577 attachment-square size-square wp-post-image\" alt=\"attestation\" style=\"\" srcset=\"https:\/\/sophie-scholl-schule.eu\/wp-content\/uploads\/2016\/11\/attestation-180x180.png 180w, https:\/\/sophie-scholl-schule.eu\/wp-content\/uploads\/2016\/11\/attestation-80x80.png 80w, https:\/\/sophie-scholl-schule.eu\/wp-content\/uploads\/2016\/11\/attestation-36x36.png 36w\" sizes=\"auto, (max-width: 180px) 100vw, 180px\" \/><\/a><\/div><a class=\"wp-block-latest-posts__post-title\" href=\"https:\/\/sophie-scholl-schule.eu\/?p=2578\">DELF Scolaire 2014<\/a><time datetime=\"2016-11-28T16:50:44+00:00\" class=\"wp-block-latest-posts__post-date\">28. November 2016<\/time><div class=\"wp-block-latest-posts__post-excerpt\">Cette ann\u00e9e, la Sophie Scholl a \u00e9t\u00e9 de nouveau Centre d&#8217;examens DELF. 43 candidats pour le niveau B1 et 72 candidats pour le niveau B2 ont pass\u00e9 leurs examens du DELF samedi 28 f\u00e9vrier dans notre \u00e9cole.<\/div><\/li>\n<li><div class=\"wp-block-latest-posts__featured-image alignleft\"><a href=\"https:\/\/sophie-scholl-schule.eu\/?p=2576\" aria-label=\"Rencontre des Alumni (05.03.2015)\"><img decoding=\"async\" loading=\"lazy\" width=\"180\" height=\"180\" src=\"https:\/\/sophie-scholl-schule.eu\/wp-content\/uploads\/2016\/11\/rencontreDesAlumni-180x180.png\" class=\"wp-image-2575 avia-img-lazy-loading-2575 attachment-square size-square wp-post-image\" alt=\"rencontreDesAlumni\" style=\"\" srcset=\"https:\/\/sophie-scholl-schule.eu\/wp-content\/uploads\/2016\/11\/rencontreDesAlumni-180x180.png 180w, https:\/\/sophie-scholl-schule.eu\/wp-content\/uploads\/2016\/11\/rencontreDesAlumni-80x80.png 80w, https:\/\/sophie-scholl-schule.eu\/wp-content\/uploads\/2016\/11\/rencontreDesAlumni-36x36.png 36w\" sizes=\"auto, (max-width: 180px) 100vw, 180px\" \/><\/a><\/div><a class=\"wp-block-latest-posts__post-title\" href=\"https:\/\/sophie-scholl-schule.eu\/?p=2576\">Rencontre des Alumni (05.03.2015)<\/a><time datetime=\"2016-11-28T16:49:35+00:00\" class=\"wp-block-latest-posts__post-date\">28. November 2016<\/time><div class=\"wp-block-latest-posts__post-excerpt\">Cette ann\u00e9e, les &#8222;anciens&#8220; de la SESB sont venus rendre visite aux \u00e9l\u00e8ves des classes 12.Ils leur ont parl\u00e9 de leur cursus d&#8217;\u00e9tudes et des exp\u00e9riences qu&#8217;ils y ont faites. Cette ann\u00e9e : droit, sciences politiques, philosophie, \u00e9tudes duales en ing\u00e9nierie, m\u00e9dias, Frankreichstudien de l&#8217;Universit\u00e9 libre ainsi qu&#8217;un aiguilleur du\u2026\u00a0<a class=\"wp-block-latest-posts__read-more\" href=\"https:\/\/sophie-scholl-schule.eu\/?p=2576\" rel=\"noopener noreferrer\"><span class=\"screen-reader-text\">Rencontre des Alumni (05.03.2015) <\/span>weiterlesen<\/a><\/div><\/li>\n<li><a class=\"wp-block-latest-posts__post-title\" href=\"https:\/\/sophie-scholl-schule.eu\/?p=2574\">Concours internet 2013: 3\u00e8me place pour les \u00e9l\u00e8ves de la Sophie-Scholl!<\/a><time datetime=\"2016-11-28T16:48:32+00:00\" class=\"wp-block-latest-posts__post-date\">28. November 2016<\/time><div class=\"wp-block-latest-posts__post-excerpt\">Les \u00e9l\u00e8ves de terminale du LK-13 en fran\u00e7ais ont obtenu la 3\u00e8me place lors du concours internet organis\u00e9 par l&#8217;Institut Fran\u00e7ais d&#8217;Allemagne et les \u00e9ditions Cornelsen. &nbsp;<\/div><\/li>\n<li><div class=\"wp-block-latest-posts__featured-image alignleft\"><a href=\"https:\/\/sophie-scholl-schule.eu\/?p=2573\" aria-label=\"La classe 912 au Bundespresseamt (29.04.2015)\"><img decoding=\"async\" loading=\"lazy\" width=\"180\" height=\"180\" src=\"https:\/\/sophie-scholl-schule.eu\/wp-content\/uploads\/2016\/11\/bundespresseamt-180x180.png\" class=\"wp-image-2572 avia-img-lazy-loading-2572 attachment-square size-square wp-post-image\" alt=\"bundespresseamt\" style=\"\" srcset=\"https:\/\/sophie-scholl-schule.eu\/wp-content\/uploads\/2016\/11\/bundespresseamt-180x180.png 180w, https:\/\/sophie-scholl-schule.eu\/wp-content\/uploads\/2016\/11\/bundespresseamt-80x80.png 80w, https:\/\/sophie-scholl-schule.eu\/wp-content\/uploads\/2016\/11\/bundespresseamt-36x36.png 36w\" sizes=\"auto, (max-width: 180px) 100vw, 180px\" \/><\/a><\/div><a class=\"wp-block-latest-posts__post-title\" href=\"https:\/\/sophie-scholl-schule.eu\/?p=2573\">La classe 912 au Bundespresseamt (29.04.2015)<\/a><time datetime=\"2016-11-28T16:46:54+00:00\" class=\"wp-block-latest-posts__post-date\">28. November 2016<\/time><div class=\"wp-block-latest-posts__post-excerpt\">\u201eDas etwas andere Ministerium&#8220; \/ Un minist\u00e8re \u201eun peu diff\u00e9rent&#8220;Une visite (tr\u00e8s informative) au Bundespressamt nous a montr\u00e9 que ce \u00ab minist\u00e8re un peu diff\u00e9rent \u00bb n\u2019est pas juste une source d\u2019informations politiques, mais repr\u00e9sente aussi \u00e9norm\u00e9ment de possibilit\u00e9s professionnelles. Surtout pour les bilingues, beaucoup de nouvelles portes se sont\u2026\u00a0<a class=\"wp-block-latest-posts__read-more\" href=\"https:\/\/sophie-scholl-schule.eu\/?p=2573\" rel=\"noopener noreferrer\"><span class=\"screen-reader-text\">La classe 912 au Bundespresseamt (29.04.2015) <\/span>weiterlesen<\/a><\/div><\/li>\n<li><div class=\"wp-block-latest-posts__featured-image alignleft\"><a href=\"https:\/\/sophie-scholl-schule.eu\/?p=2560\" aria-label=\"Abschl\u00fcsse und Pr\u00fcfungen\"><img decoding=\"async\" loading=\"lazy\" width=\"180\" height=\"150\" src=\"https:\/\/sophie-scholl-schule.eu\/wp-content\/uploads\/2016\/11\/abibac-180x150.png\" class=\"wp-image-2557 avia-img-lazy-loading-2557 attachment-square size-square wp-post-image\" alt=\"abibac\" style=\"\" \/><\/a><\/div><a class=\"wp-block-latest-posts__post-title\" href=\"https:\/\/sophie-scholl-schule.eu\/?p=2560\">Abschl\u00fcsse und Pr\u00fcfungen<\/a><time datetime=\"2016-11-23T16:57:49+00:00\" class=\"wp-block-latest-posts__post-date\">23. November 2016<\/time><div class=\"wp-block-latest-posts__post-excerpt\">Die Sophie-Scholl-Schule bietet das kombinierte Abitur\/Baccalaur\u00e9at (Abibac) an. 2016 haben 27 Sch\u00fcler\/innen der Sophie-Scholl-Schule (\u00fcber 28 Kandidatinnen bzw. Kandidaten) das Abibac bestanden! Es handelt sich um den \u201eGleichzeitigen Erwerb der deutschen Allgemeinen Hochschulreife und des franz\u00f6sischen Baccalaur\u00e9at\u201c, der durch die Verwaltungsabsprache zwischen der Regierung der Bundesrepublik Deutschland und der Regierung\u2026\u00a0<a class=\"wp-block-latest-posts__read-more\" href=\"https:\/\/sophie-scholl-schule.eu\/?p=2560\" rel=\"noopener noreferrer\"><span class=\"screen-reader-text\">Abschl\u00fcsse und Pr\u00fcfungen <\/span>weiterlesen<\/a><\/div><\/li>\n<li><a class=\"wp-block-latest-posts__post-title\" href=\"https:\/\/sophie-scholl-schule.eu\/?p=2545\">Sophie-Scholl-Schule: DELF-Partnerschule!<\/a><time datetime=\"2016-11-02T16:16:42+00:00\" class=\"wp-block-latest-posts__post-date\">2. November 2016<\/time><div class=\"wp-block-latest-posts__post-excerpt\">Am 16.10.2016 wurde das 30. Jubil\u00e4um DELF\/DALF im Institut Fran\u00e7ais gefeiert. Da viele Sch\u00fclerinnen und Sch\u00fcler der Sophie-Scholl-Schule seit mehreren Jahren erfolgreich an den DELF-Pr\u00fcfungen teilnehmen und unsere Schule auch regelm\u00e4\u00dfig Pr\u00fcfungszentrum ist, hat die Schulleiterin Frau Westphal vom Franz\u00f6sischen Botschafter, Herrn Etienne, das Siegel &#8222;DELF-Partnerschule&#8220; \u00fcberreicht bekommen.\u00dcber diese fruchtbare\u2026\u00a0<a class=\"wp-block-latest-posts__read-more\" href=\"https:\/\/sophie-scholl-schule.eu\/?p=2545\" rel=\"noopener noreferrer\"><span class=\"screen-reader-text\">Sophie-Scholl-Schule: DELF-Partnerschule! <\/span>weiterlesen<\/a><\/div><\/li>\n<li><a class=\"wp-block-latest-posts__post-title\" href=\"https:\/\/sophie-scholl-schule.eu\/?p=2488\">Filmprojekt der Klasse 10.12<\/a><time datetime=\"2016-07-18T17:26:59+00:00\" class=\"wp-block-latest-posts__post-date\">18. Juli 2016<\/time><div class=\"wp-block-latest-posts__post-excerpt\">{mp4}1012movie{\/mp4}<\/div><\/li>\n<li><div class=\"wp-block-latest-posts__featured-image alignleft\"><a href=\"https:\/\/sophie-scholl-schule.eu\/?p=2485\" aria-label=\"DELF-Pr\u00fcfungen 2016\"><img decoding=\"async\" loading=\"lazy\" width=\"180\" height=\"180\" src=\"https:\/\/sophie-scholl-schule.eu\/wp-content\/uploads\/2015\/01\/1-180x180.jpg\" class=\"wp-image-2094 avia-img-lazy-loading-2094 attachment-square size-square wp-post-image\" alt=\"1\" style=\"\" srcset=\"https:\/\/sophie-scholl-schule.eu\/wp-content\/uploads\/2015\/01\/1-180x180.jpg 180w, https:\/\/sophie-scholl-schule.eu\/wp-content\/uploads\/2015\/01\/1-80x80.jpg 80w, https:\/\/sophie-scholl-schule.eu\/wp-content\/uploads\/2015\/01\/1-36x36.jpg 36w\" sizes=\"auto, (max-width: 180px) 100vw, 180px\" \/><\/a><\/div><a class=\"wp-block-latest-posts__post-title\" href=\"https:\/\/sophie-scholl-schule.eu\/?p=2485\">DELF-Pr\u00fcfungen 2016<\/a><time datetime=\"2016-07-18T15:13:38+00:00\" class=\"wp-block-latest-posts__post-date\">18. Juli 2016<\/time><div class=\"wp-block-latest-posts__post-excerpt\">Am 18.06.2016 haben Sch\u00fclerinnen und Sch\u00fcler der 9. und 10. Klassen der SESB erfolgreich an den DELF-Pr\u00fcfungen teilgenommen und ihre sprachliche Kompetenz auf dem Niveau B 1 des Europ\u00e4ischen Referenzrahmens zertifiziert bekommen. Herzlichen Gl\u00fcckwunsch!<\/div><\/li>\n<li><a class=\"wp-block-latest-posts__post-title\" href=\"https:\/\/sophie-scholl-schule.eu\/?p=2408\">Projet-publicit\u00e9<\/a><time datetime=\"2016-04-27T08:57:18+00:00\" class=\"wp-block-latest-posts__post-date\">27. April 2016<\/time><div class=\"wp-block-latest-posts__post-excerpt\">Dans le cadre de la s\u00e9quence Publicit\u00e9\/ l&#8217;image argumentative mobile, un concours de clips publicitaires a \u00e9t\u00e9 organis\u00e9 dans la classe 1012. Les \u00e9l\u00e8ves devaient cr\u00e9er \u00e0 deux ou trois un clip publicitaire. Le cahier des charges comportait un certain nombre de consignes \u00e0 respecter, en particulier : &#8211; une\u2026\u00a0<a class=\"wp-block-latest-posts__read-more\" href=\"https:\/\/sophie-scholl-schule.eu\/?p=2408\" rel=\"noopener noreferrer\"><span class=\"screen-reader-text\">Projet-publicit\u00e9 <\/span>weiterlesen<\/a><\/div><\/li>\n<li><a class=\"wp-block-latest-posts__post-title\" href=\"https:\/\/sophie-scholl-schule.eu\/?p=2371\">Teamwettbewerb Franz\u00f6sisch<\/a><time datetime=\"2016-02-15T14:13:58+00:00\" class=\"wp-block-latest-posts__post-date\">15. Februar 2016<\/time><div class=\"wp-block-latest-posts__post-excerpt\">1. Platz beim Internet-Teamwettbewerb Franz\u00f6sisch Der Grundkurs Franz\u00f6sisch, bestehend aus Sch\u00fclerInnen des 12. und des 13. Jahrgangs, die Franz\u00f6sisch seit der 7.Klasse als zweite Fremdsprache an der Sophie-Scholl-Schule lernen, ist als Sieger aus dem diesj\u00e4hrigen Teamwettbewerb Franz\u00f6sisch in Berlin hervorgegangen.<\/div><\/li>\n<li><div class=\"wp-block-latest-posts__featured-image alignleft\"><a href=\"https:\/\/sophie-scholl-schule.eu\/?p=2368\" aria-label=\"Deutsch-Franz\u00f6sischer Entdeckungstag im BMJV\"><img decoding=\"async\" loading=\"lazy\" width=\"180\" height=\"180\" src=\"https:\/\/sophie-scholl-schule.eu\/wp-content\/uploads\/2016\/01\/bmjv-180x180.jpg\" class=\"wp-image-2367 avia-img-lazy-loading-2367 attachment-square size-square wp-post-image\" alt=\"bmjv\" style=\"\" srcset=\"https:\/\/sophie-scholl-schule.eu\/wp-content\/uploads\/2016\/01\/bmjv-180x180.jpg 180w, https:\/\/sophie-scholl-schule.eu\/wp-content\/uploads\/2016\/01\/bmjv-80x80.jpg 80w, https:\/\/sophie-scholl-schule.eu\/wp-content\/uploads\/2016\/01\/bmjv-36x36.jpg 36w\" sizes=\"auto, (max-width: 180px) 100vw, 180px\" \/><\/a><\/div><a class=\"wp-block-latest-posts__post-title\" href=\"https:\/\/sophie-scholl-schule.eu\/?p=2368\">Deutsch-Franz\u00f6sischer Entdeckungstag im BMJV<\/a><time datetime=\"2016-01-27T18:42:29+00:00\" class=\"wp-block-latest-posts__post-date\">27. Januar 2016<\/time><div class=\"wp-block-latest-posts__post-excerpt\">27. Januar 2016 Nach der Ankunft der Gruppe, begleitet von Frau Dr. Sarrey und Herrn Nyns, und einer kurzen Begr\u00fc\u00dfung von Jennifer Bayer aus dem Referat \u00d6ffentlichkeitsarbeit und Digitale Kommunikation hatten wir heute die Ehre von Frau Staatssekret\u00e4rin Dr. Stefanie Hubig pers\u00f6nlich empfangen zu werden. In ihrer Rede und in\u2026\u00a0<a class=\"wp-block-latest-posts__read-more\" href=\"https:\/\/sophie-scholl-schule.eu\/?p=2368\" rel=\"noopener noreferrer\"><span class=\"screen-reader-text\">Deutsch-Franz\u00f6sischer Entdeckungstag im BMJV <\/span>weiterlesen<\/a><\/div><\/li>\n<li><div class=\"wp-block-latest-posts__featured-image alignleft\"><a href=\"https:\/\/sophie-scholl-schule.eu\/?p=2067\" aria-label=\"CONCOURS INTERNET\"><img decoding=\"async\" loading=\"lazy\" width=\"180\" height=\"164\" src=\"https:\/\/sophie-scholl-schule.eu\/wp-content\/uploads\/2014\/11\/logoelysee-180x164.png\" class=\"wp-image-2065 avia-img-lazy-loading-2065 attachment-square size-square wp-post-image\" alt=\"logoelysee\" style=\"\" \/><\/a><\/div><a class=\"wp-block-latest-posts__post-title\" href=\"https:\/\/sophie-scholl-schule.eu\/?p=2067\">CONCOURS INTERNET<\/a><time datetime=\"2014-11-14T20:03:23+00:00\" class=\"wp-block-latest-posts__post-date\">14. November 2014<\/time><div class=\"wp-block-latest-posts__post-excerpt\">Les \u00e9l\u00e8ves de terminale du LK-13 en fran\u00e7ais ont obtenu la 3i\u00e8me place lors du CONCOURS INTERNET &nbsp; &nbsp;&nbsp;&nbsp;<\/div><\/li>\n<\/ul>\n\n\n<p><\/p>\n","protected":false},"excerpt":{"rendered":"","protected":false},"author":1,"featured_media":0,"parent":3737,"menu_order":0,"comment_status":"closed","ping_status":"closed","template":"","meta":{"footnotes":""},"class_list":["post-6106","page","type-page","status-publish","hentry"],"_links":{"self":[{"href":"https:\/\/sophie-scholl-schule.eu\/index.php?rest_route=\/wp\/v2\/pages\/6106","targetHints":{"allow":["GET"]}}],"collection":[{"href":"https:\/\/sophie-scholl-schule.eu\/index.php?rest_route=\/wp\/v2\/pages"}],"about":[{"href":"https:\/\/sophie-scholl-schule.eu\/index.php?rest_route=\/wp\/v2\/types\/page"}],"author":[{"embeddable":true,"href":"https:\/\/sophie-scholl-schule.eu\/index.php?rest_route=\/wp\/v2\/users\/1"}],"replies":[{"embeddable":true,"href":"https:\/\/sophie-scholl-schule.eu\/index.php?rest_route=%2Fwp%2Fv2%2Fcomments&post=6106"}],"version-history":[{"count":6,"href":"https:\/\/sophie-scholl-schule.eu\/index.php?rest_route=\/wp\/v2\/pages\/6106\/revisions"}],"predecessor-version":[{"id":6113,"href":"https:\/\/sophie-scholl-schule.eu\/index.php?rest_route=\/wp\/v2\/pages\/6106\/revisions\/6113"}],"up":[{"embeddable":true,"href":"https:\/\/sophie-scholl-schule.eu\/index.php?rest_route=\/wp\/v2\/pages\/3737"}],"wp:attachment":[{"href":"https:\/\/sophie-scholl-schule.eu\/index.php?rest_route=%2Fwp%2Fv2%2Fmedia&parent=6106"}],"curies":[{"name":"wp","href":"https:\/\/api.w.org\/{rel}","templated":true}]}}