{"id":3996,"date":"2024-10-27T16:42:42","date_gmt":"2024-10-27T16:42:42","guid":{"rendered":"https:\/\/sophie-scholl-schule.eu\/?page_id=3996"},"modified":"2025-04-03T12:21:17","modified_gmt":"2025-04-03T12:21:17","slug":"gwi","status":"publish","type":"page","link":"https:\/\/sophie-scholl-schule.eu\/?page_id=3996","title":{"rendered":"GWI"},"content":{"rendered":"\n<h2 class=\"wp-block-heading\">Gesellschaftswissenschaften (GWI)<\/h2>\n\n\n\n<p>\u201e<em>Das Gesetz \u00e4ndert sich, das Gewissen nicht.\u201c \u2013 Sophie Scholl<\/em><\/p>\n\n\n\n<p>Die Geschichte der Namensgeberin unserer Schule genauso wie unsere Gegenwart zeigen, wie wichtig das Fach Gesellschaftswissenschaften ist.<\/p>\n\n\n\n<p>Der Fachbereich Gesellschaftswissenschaften (GWI) beinhaltet an unserer Schule die drei F\u00e4cher Geschichte, Politische Bildung und Geografie. Diese F\u00e4cher haben an der Sophie-Scholl-Schule einen ganz besonderen Stellenwert. Beispielsweise haben wir als Schule \u00fcberdurchschnittlich viele Stunden GWI-Unterricht. Au\u00dferdem gibt es immer wieder Projekttage, Aktionen, Podiumsdiskussionen, Juniorwahlen, Planspiele, Gespr\u00e4che mit Expertinnen und Experten oder Politikerinnen und Politikern, historische Schulf\u00fchrungen, Filmvorf\u00fchrungen und viele weitere Veranstaltungen der Gesellschaftswissenschaften.<\/p>\n\n\n\n<p>GWI wird in der Mittelstufe, d.h. von der 7. bis zur 10. Klasse, durchg\u00e4ngig im Klassenverband unterrichtet. Eine \u00e4u\u00dfere Differenzierung in E- und G-Kurse gibt es hier demnach nicht.<\/p>\n\n\n\n<p>Vom 7. bis zum 9. Jahrgang werden Geschichte, Politische Bildung und Geografie f\u00e4cher\u00fcbergreifend gemeinsam unterrichtet. Im 10. und 11. Jahrgang werden die drei F\u00e4cher zunehmend getrennt, bis in der Qualifikationsphase der Oberstufe (12.\/13. Jahrgang) jedes der drei F\u00e4cher einzeln unterrichtet wird. Au\u00dferdem kann im 9. Jahrgang das Wahlpflichtfach \u201ePolitik und Globalisierung\u201c gew\u00e4hlt werden.<\/p>\n\n\n\n<p>Die Sch\u00fclerinnen und Sch\u00fcler der SESB (Staatliche Europa-Schule Berlin) erhalten sowohl in der Mittelstufe als auch in der Oberstufe den Unterricht in den drei F\u00e4chern in franz\u00f6sischer Sprache. Die folgende \u00dcbersicht zeigt die Verteilung der Lerninhalte auf die vier Unterrichtsjahre in der Mittelstufe:<\/p>\n\n\n\n<figure class=\"wp-block-image size-large\"><img loading=\"lazy\" decoding=\"async\" width=\"1030\" height=\"670\" src=\"https:\/\/sophie-scholl-schule.eu\/wp-content\/uploads\/2024\/10\/GWI-1030x670.jpg\" alt=\"\" class=\"wp-image-3997\" srcset=\"https:\/\/sophie-scholl-schule.eu\/wp-content\/uploads\/2024\/10\/GWI-1030x670.jpg 1030w, https:\/\/sophie-scholl-schule.eu\/wp-content\/uploads\/2024\/10\/GWI-300x195.jpg 300w, https:\/\/sophie-scholl-schule.eu\/wp-content\/uploads\/2024\/10\/GWI-768x500.jpg 768w, https:\/\/sophie-scholl-schule.eu\/wp-content\/uploads\/2024\/10\/GWI-1500x976.jpg 1500w, https:\/\/sophie-scholl-schule.eu\/wp-content\/uploads\/2024\/10\/GWI-705x459.jpg 705w, https:\/\/sophie-scholl-schule.eu\/wp-content\/uploads\/2024\/10\/GWI.jpg 1521w\" sizes=\"auto, (max-width: 1030px) 100vw, 1030px\" \/><\/figure>\n\n\n\n<p class=\"has-text-align-center\"><strong>Unsere Neuigkeiten<\/strong><\/p>\n\n\n<ul style=\"padding-top:0;padding-bottom:0;padding-left:0;padding-right:0;margin-top:0;margin-bottom:0;\" class=\"wp-block-latest-posts__list has-dates wp-block-latest-posts has-small-font-size\"><li><div class=\"wp-block-latest-posts__featured-image alignleft\"><a href=\"https:\/\/sophie-scholl-schule.eu\/?p=6592\" aria-label=\"Podiumsdiskussion zur Bundestagswahl 2025\"><img decoding=\"async\" loading=\"lazy\" width=\"80\" height=\"80\" src=\"https:\/\/sophie-scholl-schule.eu\/wp-content\/uploads\/2025\/05\/Bildschirmfoto-2025-05-06-um-09.02.19-80x80.png\" class=\"wp-image-6594 avia-img-lazy-loading-6594 attachment-thumbnail size-thumbnail wp-post-image\" alt=\"\" style=\"max-width:100px;max-height:100px;\" srcset=\"https:\/\/sophie-scholl-schule.eu\/wp-content\/uploads\/2025\/05\/Bildschirmfoto-2025-05-06-um-09.02.19-80x80.png 80w, https:\/\/sophie-scholl-schule.eu\/wp-content\/uploads\/2025\/05\/Bildschirmfoto-2025-05-06-um-09.02.19-36x36.png 36w, https:\/\/sophie-scholl-schule.eu\/wp-content\/uploads\/2025\/05\/Bildschirmfoto-2025-05-06-um-09.02.19-180x180.png 180w\" sizes=\"auto, (max-width: 80px) 100vw, 80px\" \/><\/a><\/div><a class=\"wp-block-latest-posts__post-title\" href=\"https:\/\/sophie-scholl-schule.eu\/?p=6592\">Podiumsdiskussion zur Bundestagswahl 2025<\/a><time datetime=\"2025-04-22T06:59:53+00:00\" class=\"wp-block-latest-posts__post-date\">22. April 2025<\/time><div class=\"wp-block-latest-posts__post-excerpt\">Am 23.02.2025 wurde eine Podiumsdiskussion zur Bundestagswahl veranstaltet. Den Artikel dazu von gibt es hier:<\/div><\/li>\n<li><div class=\"wp-block-latest-posts__featured-image alignleft\"><a href=\"https:\/\/sophie-scholl-schule.eu\/?p=6567\" aria-label=\"Briefmarathon\u00a02024\"><img decoding=\"async\" loading=\"lazy\" width=\"80\" height=\"80\" src=\"https:\/\/sophie-scholl-schule.eu\/wp-content\/uploads\/2025\/04\/ai-Urkunde-2024-25-80x80.jpg\" class=\"wp-image-6568 avia-img-lazy-loading-6568 attachment-thumbnail size-thumbnail wp-post-image\" alt=\"\" style=\"max-width:100px;max-height:100px;\" srcset=\"https:\/\/sophie-scholl-schule.eu\/wp-content\/uploads\/2025\/04\/ai-Urkunde-2024-25-80x80.jpg 80w, https:\/\/sophie-scholl-schule.eu\/wp-content\/uploads\/2025\/04\/ai-Urkunde-2024-25-36x36.jpg 36w, https:\/\/sophie-scholl-schule.eu\/wp-content\/uploads\/2025\/04\/ai-Urkunde-2024-25-180x180.jpg 180w\" sizes=\"auto, (max-width: 80px) 100vw, 80px\" \/><\/a><\/div><a class=\"wp-block-latest-posts__post-title\" href=\"https:\/\/sophie-scholl-schule.eu\/?p=6567\">Briefmarathon\u00a02024<\/a><time datetime=\"2025-04-03T12:17:51+00:00\" class=\"wp-block-latest-posts__post-date\">3. April 2025<\/time><div class=\"wp-block-latest-posts__post-excerpt\">Mit\u00a0dieser Urkunde bedankt sich Amnesty lnternational f\u00fcr\u00a0das besondere Engagement unserer Schule.<\/div><\/li>\n<li><div class=\"wp-block-latest-posts__featured-image alignleft\"><a href=\"https:\/\/sophie-scholl-schule.eu\/?p=6522\" aria-label=\"Juniorwahl 2025\"><img decoding=\"async\" loading=\"lazy\" width=\"80\" height=\"80\" src=\"https:\/\/sophie-scholl-schule.eu\/wp-content\/uploads\/2025\/02\/Bildschirmfoto-2025-02-24-um-14.35.46-80x80.png\" class=\"wp-image-6524 avia-img-lazy-loading-6524 attachment-thumbnail size-thumbnail wp-post-image\" alt=\"\" style=\"max-width:100px;max-height:100px;\" srcset=\"https:\/\/sophie-scholl-schule.eu\/wp-content\/uploads\/2025\/02\/Bildschirmfoto-2025-02-24-um-14.35.46-80x80.png 80w, https:\/\/sophie-scholl-schule.eu\/wp-content\/uploads\/2025\/02\/Bildschirmfoto-2025-02-24-um-14.35.46-36x36.png 36w, https:\/\/sophie-scholl-schule.eu\/wp-content\/uploads\/2025\/02\/Bildschirmfoto-2025-02-24-um-14.35.46-180x180.png 180w\" sizes=\"auto, (max-width: 80px) 100vw, 80px\" \/><\/a><\/div><a class=\"wp-block-latest-posts__post-title\" href=\"https:\/\/sophie-scholl-schule.eu\/?p=6522\">Juniorwahl 2025<\/a><time datetime=\"2025-02-24T13:38:30+00:00\" class=\"wp-block-latest-posts__post-date\">24. Februar 2025<\/time><div class=\"wp-block-latest-posts__post-excerpt\">Zur Bundestagswahl 2025 wurden an der Sophie-Scholl-Schule vom 17.02. bis 19.02.2025 die zugeh\u00f6rigen Juniorwahlen durchgef\u00fchrt. Ein besonderer Dank geht an\u2026\u00a0<a class=\"wp-block-latest-posts__read-more\" href=\"https:\/\/sophie-scholl-schule.eu\/?p=6522\" rel=\"noopener noreferrer\"><span class=\"screen-reader-text\">Juniorwahl 2025 <\/span>weiterlesen<\/a><\/div><\/li>\n<li><div class=\"wp-block-latest-posts__featured-image alignleft\"><a href=\"https:\/\/sophie-scholl-schule.eu\/?p=4297\" aria-label=\"Wahlen f\u00fcr das Europ\u00e4ische Parlament\"><img decoding=\"async\" loading=\"lazy\" width=\"80\" height=\"80\" src=\"https:\/\/sophie-scholl-schule.eu\/wp-content\/uploads\/2024\/10\/Podiumsdiskussion_IMG_3519_thumb-80x80.jpg\" class=\"wp-image-4302 avia-img-lazy-loading-4302 attachment-thumbnail size-thumbnail wp-post-image\" alt=\"\" style=\"max-width:100px;max-height:100px;\" srcset=\"https:\/\/sophie-scholl-schule.eu\/wp-content\/uploads\/2024\/10\/Podiumsdiskussion_IMG_3519_thumb-80x80.jpg 80w, https:\/\/sophie-scholl-schule.eu\/wp-content\/uploads\/2024\/10\/Podiumsdiskussion_IMG_3519_thumb-300x300.jpg 300w, https:\/\/sophie-scholl-schule.eu\/wp-content\/uploads\/2024\/10\/Podiumsdiskussion_IMG_3519_thumb-36x36.jpg 36w, https:\/\/sophie-scholl-schule.eu\/wp-content\/uploads\/2024\/10\/Podiumsdiskussion_IMG_3519_thumb-180x180.jpg 180w, https:\/\/sophie-scholl-schule.eu\/wp-content\/uploads\/2024\/10\/Podiumsdiskussion_IMG_3519_thumb.jpg 500w\" sizes=\"auto, (max-width: 80px) 100vw, 80px\" \/><\/a><\/div><a class=\"wp-block-latest-posts__post-title\" href=\"https:\/\/sophie-scholl-schule.eu\/?p=4297\">Wahlen f\u00fcr das Europ\u00e4ische Parlament<\/a><time datetime=\"2024-05-07T20:17:00+00:00\" class=\"wp-block-latest-posts__post-date\">7. Mai 2024<\/time><div class=\"wp-block-latest-posts__post-excerpt\">Zu den Wahlen f\u00fcr das Europ\u00e4ische Parlament am 9. Juni 2024 haben wir als Teil der GSV am 7. Mai\u2026\u00a0<a class=\"wp-block-latest-posts__read-more\" href=\"https:\/\/sophie-scholl-schule.eu\/?p=4297\" rel=\"noopener noreferrer\"><span class=\"screen-reader-text\">Wahlen f\u00fcr das Europ\u00e4ische Parlament <\/span>weiterlesen<\/a><\/div><\/li>\n<li><div class=\"wp-block-latest-posts__featured-image alignleft\"><a href=\"https:\/\/sophie-scholl-schule.eu\/?p=3601\" aria-label=\"Trialog &#8211; Beitrag auf Radioeins\"><img decoding=\"async\" loading=\"lazy\" width=\"80\" height=\"80\" src=\"https:\/\/sophie-scholl-schule.eu\/wp-content\/uploads\/2023\/12\/radioeins-80x80.jpg\" class=\"wp-image-3600 avia-img-lazy-loading-3600 attachment-thumbnail size-thumbnail wp-post-image\" alt=\"radioeins\" style=\"max-width:100px;max-height:100px;\" srcset=\"https:\/\/sophie-scholl-schule.eu\/wp-content\/uploads\/2023\/12\/radioeins-80x80.jpg 80w, https:\/\/sophie-scholl-schule.eu\/wp-content\/uploads\/2023\/12\/radioeins-36x36.jpg 36w, https:\/\/sophie-scholl-schule.eu\/wp-content\/uploads\/2023\/12\/radioeins-180x180.jpg 180w\" sizes=\"auto, (max-width: 80px) 100vw, 80px\" \/><\/a><\/div><a class=\"wp-block-latest-posts__post-title\" href=\"https:\/\/sophie-scholl-schule.eu\/?p=3601\">Trialog &#8211; Beitrag auf Radioeins<\/a><time datetime=\"2023-12-12T07:10:15+00:00\" class=\"wp-block-latest-posts__post-date\">12. Dezember 2023<\/time><div class=\"wp-block-latest-posts__post-excerpt\">Die j\u00fcdisch-pal\u00e4stinensischen P\u00e4dagog*innen Shai Hoffmann und Jouanna Hassoun sind seit Jahren an deutschen Schulen f\u00fcr den israelisch-pal\u00e4stinensischen Dialog engagiert.&nbsp;Die Sophie-Scholl-Schule\u2026\u00a0<a class=\"wp-block-latest-posts__read-more\" href=\"https:\/\/sophie-scholl-schule.eu\/?p=3601\" rel=\"noopener noreferrer\"><span class=\"screen-reader-text\">Trialog &#8211; Beitrag auf Radioeins <\/span>weiterlesen<\/a><\/div><\/li>\n<li><div class=\"wp-block-latest-posts__featured-image alignleft\"><a href=\"https:\/\/sophie-scholl-schule.eu\/?p=3557\" aria-label=\"Der Journalist David Donschen zu Besuch im GK Politik\"><img decoding=\"async\" loading=\"lazy\" width=\"80\" height=\"80\" src=\"https:\/\/sophie-scholl-schule.eu\/wp-content\/uploads\/2023\/07\/Besuch_D._Donschen_12.12.22-80x80.jpg\" class=\"wp-image-3556 avia-img-lazy-loading-3556 attachment-thumbnail size-thumbnail wp-post-image\" alt=\"Besuch D. Donschen 12.12.22\" style=\"max-width:100px;max-height:100px;\" srcset=\"https:\/\/sophie-scholl-schule.eu\/wp-content\/uploads\/2023\/07\/Besuch_D._Donschen_12.12.22-80x80.jpg 80w, https:\/\/sophie-scholl-schule.eu\/wp-content\/uploads\/2023\/07\/Besuch_D._Donschen_12.12.22-36x36.jpg 36w, https:\/\/sophie-scholl-schule.eu\/wp-content\/uploads\/2023\/07\/Besuch_D._Donschen_12.12.22-180x180.jpg 180w\" sizes=\"auto, (max-width: 80px) 100vw, 80px\" \/><\/a><\/div><a class=\"wp-block-latest-posts__post-title\" href=\"https:\/\/sophie-scholl-schule.eu\/?p=3557\">Der Journalist David Donschen zu Besuch im GK Politik<\/a><time datetime=\"2023-07-12T07:27:41+00:00\" class=\"wp-block-latest-posts__post-date\">12. Juli 2023<\/time><div class=\"wp-block-latest-posts__post-excerpt\">Am Montag, dem 12. Dezember 2022, hat der freischaffende Journalist David Donschen den Grundkurs Politik von Frau Beyer besucht. Gemeinsam\u2026\u00a0<a class=\"wp-block-latest-posts__read-more\" href=\"https:\/\/sophie-scholl-schule.eu\/?p=3557\" rel=\"noopener noreferrer\"><span class=\"screen-reader-text\">Der Journalist David Donschen zu Besuch im GK Politik <\/span>weiterlesen<\/a><\/div><\/li>\n<li><div class=\"wp-block-latest-posts__featured-image alignleft\"><a href=\"https:\/\/sophie-scholl-schule.eu\/?p=3338\" aria-label=\"Geschichtswettbewerb des Bundespr\u00e4sidenten\"><img decoding=\"async\" loading=\"lazy\" width=\"80\" height=\"80\" src=\"https:\/\/sophie-scholl-schule.eu\/wp-content\/uploads\/2021\/09\/geschichtswettbewerb_useli-80x80.jpg\" class=\"wp-image-3337 avia-img-lazy-loading-3337 attachment-thumbnail size-thumbnail wp-post-image\" alt=\"geschichtswettbewerb useli\" style=\"max-width:100px;max-height:100px;\" srcset=\"https:\/\/sophie-scholl-schule.eu\/wp-content\/uploads\/2021\/09\/geschichtswettbewerb_useli-80x80.jpg 80w, https:\/\/sophie-scholl-schule.eu\/wp-content\/uploads\/2021\/09\/geschichtswettbewerb_useli-36x36.jpg 36w, https:\/\/sophie-scholl-schule.eu\/wp-content\/uploads\/2021\/09\/geschichtswettbewerb_useli-180x180.jpg 180w\" sizes=\"auto, (max-width: 80px) 100vw, 80px\" \/><\/a><\/div><a class=\"wp-block-latest-posts__post-title\" href=\"https:\/\/sophie-scholl-schule.eu\/?p=3338\">Geschichtswettbewerb des Bundespr\u00e4sidenten<\/a><time datetime=\"2021-09-28T09:08:15+00:00\" class=\"wp-block-latest-posts__post-date\">28. September 2021<\/time><div class=\"wp-block-latest-posts__post-excerpt\">Am 27.9.2021 hat im Zeughauskino die Landespreisverleihung des Geschichtswettbewerbs des Bundespr\u00e4sidenten. Esme Buden, Nils-Milan Ide und Leander Treuwerth nahmen ihre\u2026\u00a0<a class=\"wp-block-latest-posts__read-more\" href=\"https:\/\/sophie-scholl-schule.eu\/?p=3338\" rel=\"noopener noreferrer\"><span class=\"screen-reader-text\">Geschichtswettbewerb des Bundespr\u00e4sidenten <\/span>weiterlesen<\/a><\/div><\/li>\n<li><div class=\"wp-block-latest-posts__featured-image alignleft\"><a href=\"https:\/\/sophie-scholl-schule.eu\/?p=3329\" aria-label=\"Briefmarathon 2023\"><img decoding=\"async\" loading=\"lazy\" width=\"80\" height=\"80\" src=\"https:\/\/sophie-scholl-schule.eu\/wp-content\/uploads\/2021\/06\/briefmarathon-80x80.png\" class=\"wp-image-3328 avia-img-lazy-loading-3328 attachment-thumbnail size-thumbnail wp-post-image\" alt=\"ai Briefmarathon Dez. 2022\" style=\"max-width:100px;max-height:100px;\" srcset=\"https:\/\/sophie-scholl-schule.eu\/wp-content\/uploads\/2021\/06\/briefmarathon-80x80.png 80w, https:\/\/sophie-scholl-schule.eu\/wp-content\/uploads\/2021\/06\/briefmarathon-36x36.png 36w, https:\/\/sophie-scholl-schule.eu\/wp-content\/uploads\/2021\/06\/briefmarathon-180x180.png 180w\" sizes=\"auto, (max-width: 80px) 100vw, 80px\" \/><\/a><\/div><a class=\"wp-block-latest-posts__post-title\" href=\"https:\/\/sophie-scholl-schule.eu\/?p=3329\">Briefmarathon 2023<\/a><time datetime=\"2021-06-22T14:11:50+00:00\" class=\"wp-block-latest-posts__post-date\">22. Juni 2021<\/time><div class=\"wp-block-latest-posts__post-excerpt\"><\/div><\/li>\n<li><div class=\"wp-block-latest-posts__featured-image alignleft\"><a href=\"https:\/\/sophie-scholl-schule.eu\/?p=3561\" aria-label=\"Besuch der Bundesfamilienministerin Lisa Paus\"><img decoding=\"async\" loading=\"lazy\" width=\"80\" height=\"80\" src=\"https:\/\/sophie-scholl-schule.eu\/wp-content\/uploads\/2021\/06\/230602_HBMFSFJ_PHT016-80x80.jpg\" class=\"wp-image-3558 avia-img-lazy-loading-3558 attachment-thumbnail size-thumbnail wp-post-image\" alt=\"230602 HBMFSFJ PHT016\" style=\"max-width:100px;max-height:100px;\" srcset=\"https:\/\/sophie-scholl-schule.eu\/wp-content\/uploads\/2021\/06\/230602_HBMFSFJ_PHT016-80x80.jpg 80w, https:\/\/sophie-scholl-schule.eu\/wp-content\/uploads\/2021\/06\/230602_HBMFSFJ_PHT016-36x36.jpg 36w, https:\/\/sophie-scholl-schule.eu\/wp-content\/uploads\/2021\/06\/230602_HBMFSFJ_PHT016-180x180.jpg 180w\" sizes=\"auto, (max-width: 80px) 100vw, 80px\" \/><\/a><\/div><a class=\"wp-block-latest-posts__post-title\" href=\"https:\/\/sophie-scholl-schule.eu\/?p=3561\">Besuch der Bundesfamilienministerin Lisa Paus<\/a><time datetime=\"2021-06-22T14:11:50+00:00\" class=\"wp-block-latest-posts__post-date\">22. Juni 2021<\/time><div class=\"wp-block-latest-posts__post-excerpt\">Am Freitag, dem 02. Juni 2023, besuchte die Bundesministerin f\u00fcr Familie, Frauen, Senioren und Jugend Lisa Paus die Sophie-Scholl-Schule anl\u00e4sslich\u2026\u00a0<a class=\"wp-block-latest-posts__read-more\" href=\"https:\/\/sophie-scholl-schule.eu\/?p=3561\" rel=\"noopener noreferrer\"><span class=\"screen-reader-text\">Besuch der Bundesfamilienministerin Lisa Paus <\/span>weiterlesen<\/a><\/div><\/li>\n<li><div class=\"wp-block-latest-posts__featured-image alignleft\"><a href=\"https:\/\/sophie-scholl-schule.eu\/?p=3309\" aria-label=\"Gesellschaftswissenschaften\"><img decoding=\"async\" loading=\"lazy\" width=\"80\" height=\"80\" src=\"https:\/\/sophie-scholl-schule.eu\/wp-content\/uploads\/2021\/05\/GWI_Themenuebersicht_Tabelle-80x80.jpg\" class=\"wp-image-3308 avia-img-lazy-loading-3308 attachment-thumbnail size-thumbnail wp-post-image\" alt=\"GWI Themen\u00fcbersicht Tabelle\" style=\"max-width:100px;max-height:100px;\" srcset=\"https:\/\/sophie-scholl-schule.eu\/wp-content\/uploads\/2021\/05\/GWI_Themenuebersicht_Tabelle-80x80.jpg 80w, https:\/\/sophie-scholl-schule.eu\/wp-content\/uploads\/2021\/05\/GWI_Themenuebersicht_Tabelle-36x36.jpg 36w, https:\/\/sophie-scholl-schule.eu\/wp-content\/uploads\/2021\/05\/GWI_Themenuebersicht_Tabelle-180x180.jpg 180w\" sizes=\"auto, (max-width: 80px) 100vw, 80px\" \/><\/a><\/div><a class=\"wp-block-latest-posts__post-title\" href=\"https:\/\/sophie-scholl-schule.eu\/?p=3309\">Gesellschaftswissenschaften<\/a><time datetime=\"2021-05-19T11:30:43+00:00\" class=\"wp-block-latest-posts__post-date\">19. Mai 2021<\/time><div class=\"wp-block-latest-posts__post-excerpt\">\u201eSteh zu den Dingen, an die du glaubst. Auch, wenn du alleine dort stehst.\u201c \u2014 Sophie Scholl Das Fach Gesellschaftswissenschaften\u2026\u00a0<a class=\"wp-block-latest-posts__read-more\" href=\"https:\/\/sophie-scholl-schule.eu\/?p=3309\" rel=\"noopener noreferrer\"><span class=\"screen-reader-text\">Gesellschaftswissenschaften <\/span>weiterlesen<\/a><\/div><\/li>\n<\/ul>","protected":false},"excerpt":{"rendered":"<p>Gesellschaftswissenschaften (GWI) \u201eDas Gesetz \u00e4ndert sich, das Gewissen nicht.\u201c \u2013 Sophie Scholl Die Geschichte der Namensgeberin unserer Schule genauso wie unsere Gegenwart zeigen, wie wichtig das Fach Gesellschaftswissenschaften ist. Der Fachbereich Gesellschaftswissenschaften (GWI) beinhaltet an unserer Schule die drei F\u00e4cher Geschichte, Politische Bildung und Geografie. Diese F\u00e4cher haben an der Sophie-Scholl-Schule einen ganz besonderen Stellenwert. [&hellip;]<\/p>\n","protected":false},"author":1,"featured_media":0,"parent":3966,"menu_order":0,"comment_status":"closed","ping_status":"closed","template":"","meta":{"footnotes":""},"class_list":["post-3996","page","type-page","status-publish","hentry"],"_links":{"self":[{"href":"https:\/\/sophie-scholl-schule.eu\/index.php?rest_route=\/wp\/v2\/pages\/3996","targetHints":{"allow":["GET"]}}],"collection":[{"href":"https:\/\/sophie-scholl-schule.eu\/index.php?rest_route=\/wp\/v2\/pages"}],"about":[{"href":"https:\/\/sophie-scholl-schule.eu\/index.php?rest_route=\/wp\/v2\/types\/page"}],"author":[{"embeddable":true,"href":"https:\/\/sophie-scholl-schule.eu\/index.php?rest_route=\/wp\/v2\/users\/1"}],"replies":[{"embeddable":true,"href":"https:\/\/sophie-scholl-schule.eu\/index.php?rest_route=%2Fwp%2Fv2%2Fcomments&post=3996"}],"version-history":[{"count":3,"href":"https:\/\/sophie-scholl-schule.eu\/index.php?rest_route=\/wp\/v2\/pages\/3996\/revisions"}],"predecessor-version":[{"id":6572,"href":"https:\/\/sophie-scholl-schule.eu\/index.php?rest_route=\/wp\/v2\/pages\/3996\/revisions\/6572"}],"up":[{"embeddable":true,"href":"https:\/\/sophie-scholl-schule.eu\/index.php?rest_route=\/wp\/v2\/pages\/3966"}],"wp:attachment":[{"href":"https:\/\/sophie-scholl-schule.eu\/index.php?rest_route=%2Fwp%2Fv2%2Fmedia&parent=3996"}],"curies":[{"name":"wp","href":"https:\/\/api.w.org\/{rel}","templated":true}]}}