{"id":3905,"date":"2024-08-25T14:22:57","date_gmt":"2024-08-25T14:22:57","guid":{"rendered":"https:\/\/sophie-scholl-schule.eu\/?page_id=3905"},"modified":"2025-09-16T16:41:41","modified_gmt":"2025-09-16T16:41:41","slug":"wat","status":"publish","type":"page","link":"https:\/\/sophie-scholl-schule.eu\/?page_id=3905","title":{"rendered":"WAT"},"content":{"rendered":"\n<figure class=\"wp-block-image alignright size-full is-resized\"><img loading=\"lazy\" decoding=\"async\" width=\"1868\" height=\"1650\" src=\"https:\/\/sophie-scholl-schule.eu\/wp-content\/uploads\/2024\/10\/Bildschirmfoto-2024-10-27-um-16.58.34.png\" alt=\"\" class=\"wp-image-3962\" style=\"width:500px\" srcset=\"https:\/\/sophie-scholl-schule.eu\/wp-content\/uploads\/2024\/10\/Bildschirmfoto-2024-10-27-um-16.58.34.png 1868w, https:\/\/sophie-scholl-schule.eu\/wp-content\/uploads\/2024\/10\/Bildschirmfoto-2024-10-27-um-16.58.34-300x265.png 300w, https:\/\/sophie-scholl-schule.eu\/wp-content\/uploads\/2024\/10\/Bildschirmfoto-2024-10-27-um-16.58.34-1030x910.png 1030w, https:\/\/sophie-scholl-schule.eu\/wp-content\/uploads\/2024\/10\/Bildschirmfoto-2024-10-27-um-16.58.34-768x678.png 768w, https:\/\/sophie-scholl-schule.eu\/wp-content\/uploads\/2024\/10\/Bildschirmfoto-2024-10-27-um-16.58.34-1536x1357.png 1536w, https:\/\/sophie-scholl-schule.eu\/wp-content\/uploads\/2024\/10\/Bildschirmfoto-2024-10-27-um-16.58.34-1500x1325.png 1500w, https:\/\/sophie-scholl-schule.eu\/wp-content\/uploads\/2024\/10\/Bildschirmfoto-2024-10-27-um-16.58.34-705x623.png 705w\" sizes=\"auto, (max-width: 1868px) 100vw, 1868px\" \/><\/figure>\n\n\n\n<h2 class=\"wp-block-heading\">WAT<\/h2>\n\n\n\n<p class=\"has-text-align-left\">Das Fach Wirtschaft-Arbeit-Technik zeichnet sich durch eine <strong>Integration von Theorie und Praxis<\/strong> aus. Sch\u00fclerinnen und Sch\u00fcler steuern dabei ihr Lernen zunehmend selbst. Das Konzept des handlungsorientierten Lernens in seiner Methodenvielfalt ist zielf\u00fchrend f\u00fcr das Fach.<\/p>\n\n\n\n<p>Die <strong>Projektarbeit<\/strong> spielt f\u00fcr das Fach Wirtschaft-Arbeit-Technik eine besondere Rolle. Das Fach Wirtschaft-Arbeit-Technik versteht sich als <strong>Leitfach f\u00fcr die \u00f6konomische und technische Bildung<\/strong>, f\u00fcr die <strong>Berufs- und Studienorientierung<\/strong> sowie auch f\u00fcr das <strong>Duale Lernen<\/strong>.&#8220;&nbsp;(Auszug aus dem Rahmenlehrplan WAT, Abschnitt C, S.10)<\/p>\n\n\n\n<p><strong>WAT ist eines der vielf\u00e4ltigsten F\u00e4cher in der Berliner Schullandschaft.<\/strong><\/p>\n\n\n\n<p>An der Sophie-Scholl-Schule wird dem Fach Wirtschaft-Arbeit-Technik (WAT) ein besonderer Stellenwert einger\u00e4umt. Als eines der <strong>Profilf\u00e4cher<\/strong> im Rahmen der Schule besonderer p\u00e4dagogischer Pr\u00e4gung erm\u00f6glicht es Sch\u00fcler:innen <strong>neigungsorientiert<\/strong> zu lernen und das eigene Lernen \u00fcber die Entscheidung f\u00fcr das Fach mitzubestimmen.<\/p>\n\n\n\n<p>Ziel des Faches an der Sophie-Scholl-Schule ist es sowohl im Profil- als auch in kleinerem Rahmen im Pflichtbereich Praxis und Theorie in Bezug zu setzen. Dabei werden Handlungsorientierung und Projektplanung in den Mittelpunkt ger\u00fcckt, um die Sch\u00fcler:innen bestm\u00f6glich in ihrer Entwicklung zu selbstst\u00e4ndig lernenden Personen zu begleiten und zu unterst\u00fctzen.<\/p>\n\n\n\n<p><strong>WAT als Profilfach<\/strong><\/p>\n\n\n\n<p>Im Profil WAT lernen die Sch\u00fcler:innen haupts\u00e4chlich praxisorientiert. Dabei spielen die Werkst\u00e4tten eine besondere Rolle: Im 7. und 8. Jahrgang werden die Grundkenntnisse und Kompetenzen in den Bereichen <strong>Holz- und Metallverarbeitung<\/strong>, <strong>Lebensmittel-<\/strong> und T<strong>extilverarbeitung<\/strong> vermittelt und vertieft. Im 9. Jahrgang besch\u00e4ftigen sich die Sch\u00fcler:innen im Themenkomplex <strong>Bauen und Wohnen,<\/strong> <strong>Mobilit\u00e4t und Energieversorgung <\/strong>und <strong>Elektrotechnik<\/strong> mit gesellschaftlich relevanten Themen und wenden die in den unteren Klassen erworbenen Kenntnisse und Fertigkeiten in Projekten an.<\/p>\n\n\n\n<p>Im 10. Jahrgang schlie\u00dflich wird der Schwerpunkt im Rahmen von Sch\u00fclerfirmen auf den Bereich <strong>Wirtschaft<\/strong> gelegt. Im Rahmen von festgelegten Aufgaben und selbstgeplanten Projekten wird der Zusammenhang von <strong>praktischer Arbeit<\/strong> und <strong>grundlegenden Zusammenh\u00e4ngen wirtschaftlichen Handelns<\/strong> gezogen.<\/p>\n\n\n\n<figure class=\"wp-block-embed is-type-video is-provider-youtube wp-block-embed-youtube wp-embed-aspect-16-9 wp-has-aspect-ratio\"><div class=\"wp-block-embed__wrapper\">\n<div class='avia-iframe-wrap'><iframe loading=\"lazy\" title=\"Sophie Scholl   Wahlprofil WAT (Wirtschaft-Arbeit-Technik)\" width=\"1500\" height=\"844\" src=\"https:\/\/www.youtube.com\/embed\/BD1rxCm3Mj4?feature=oembed\" frameborder=\"0\" allow=\"accelerometer; autoplay; clipboard-write; encrypted-media; gyroscope; picture-in-picture; web-share\" referrerpolicy=\"strict-origin-when-cross-origin\" allowfullscreen><\/iframe><\/div>\n<\/div><\/figure>\n\n\n\n<p><strong>WAT im Pflichtbereich<\/strong><\/p>\n\n\n\n<p>Im Pflichtunterricht wird im 8. Jahrgang in kleinerem Rahmen die Verbindung von Theorie und Praxis vermittelt. Es wird ein grundlegendes praktisches Projekt in einer der Werkst\u00e4tten umgesetzt und ein wirtschaftliches Projekt geplant. Der Schwerpunkt der Berufsorientierung wird im 8. Jahrgang begonnen und im 9. Jahrgang weitergef\u00fchrt (vgl. dazu auch den Punkt \u201eBerufs- und Studienorientierung\u201c)<\/p>\n\n\n\n<p><strong>Lernort Gr\u00fcnes Klassenzimmer &#8211; Schulgarten<\/strong><\/p>\n\n\n\n<p>Das Fach WAT ist verantwortlich f\u00fcr den Schulgarten als Gr\u00fcnes Klassenzimmer und f\u00fcr die Schulumfeldgestaltung. In der Sch\u00fclerfirma werden Projekte und gartengestalterische Projekte umgesetzt. Im Profilfach und auch in Projektwochen wird die Schule als Umfeld gestaltet.<\/p>\n\n\n\n<p>Fach\u00fcbergreifendes Lernen findet im Fach \u201eUrban Gardening for future\u201c in den Jahrg\u00e4ngen 7 und 8 statt.<\/p>\n\n\n\n<p><strong>Wirtschaftswissenschaft in der Oberstufe<\/strong><\/p>\n\n\n\n<p>Sch\u00fcler:innen, die an der Sophie-Scholl-Schule die gymnasiale Oberstufe besuchen, k\u00f6nnen die in der Mittelstufe erworbenen Kenntnisse und Grundlagen im Kurs Wirtschaftswissenschaften einbringen. Im Mittelpunkt steht das wissenschaftliche Arbeiten und somit die Vorbereitung auf ein Studium. Je nach M\u00f6glichkeit wird auch der Kontakt zu Unternehmen, Wirtschaftsvertretern, politischen Vertretern etc. gesucht. Auch die praktische Umsetzung der Kenntnisse im Rahmen eines Wettbewerbs ist m\u00f6glich.<\/p>\n\n\n\n<p><strong>Betriebspraktikum<\/strong><\/p>\n\n\n\n<p>Das Betriebspraktikum wird im Rahmen des WAT-Unterrichts vorbereitet. Hier finden Sie einige Dokumente:<\/p>\n\n\n\n<p><a href=\"https:\/\/sophie-scholl-schule.eu\/wp-content\/uploads\/2025\/09\/Vereinbarung_Betriebspraktikum.docx\">Vereinbarung Betriebspraktikum<\/a><\/p>\n\n\n\n<p><a href=\"https:\/\/sophie-scholl-schule.eu\/wp-content\/uploads\/2024\/12\/Vorlage_Bewerbungsanschreiben.docx\">Vorlage Bewerbungsanschreiben<\/a><\/p>\n\n\n\n<p><a href=\"https:\/\/sophie-scholl-schule.eu\/wp-content\/uploads\/2024\/12\/Vorlage_Lebenslauf.docx\">Vorlage Lebenslauf<\/a><\/p>\n\n\n\n<p><\/p>\n","protected":false},"excerpt":{"rendered":"<p>WAT Das Fach Wirtschaft-Arbeit-Technik zeichnet sich durch eine Integration von Theorie und Praxis aus. Sch\u00fclerinnen und Sch\u00fcler steuern dabei ihr Lernen zunehmend selbst. Das Konzept des handlungsorientierten Lernens in seiner Methodenvielfalt ist zielf\u00fchrend f\u00fcr das Fach. Die Projektarbeit spielt f\u00fcr das Fach Wirtschaft-Arbeit-Technik eine besondere Rolle. Das Fach Wirtschaft-Arbeit-Technik versteht sich als Leitfach f\u00fcr die [&hellip;]<\/p>\n","protected":false},"author":1,"featured_media":0,"parent":17,"menu_order":4,"comment_status":"closed","ping_status":"closed","template":"","meta":{"footnotes":""},"class_list":["post-3905","page","type-page","status-publish","hentry"],"_links":{"self":[{"href":"https:\/\/sophie-scholl-schule.eu\/index.php?rest_route=\/wp\/v2\/pages\/3905","targetHints":{"allow":["GET"]}}],"collection":[{"href":"https:\/\/sophie-scholl-schule.eu\/index.php?rest_route=\/wp\/v2\/pages"}],"about":[{"href":"https:\/\/sophie-scholl-schule.eu\/index.php?rest_route=\/wp\/v2\/types\/page"}],"author":[{"embeddable":true,"href":"https:\/\/sophie-scholl-schule.eu\/index.php?rest_route=\/wp\/v2\/users\/1"}],"replies":[{"embeddable":true,"href":"https:\/\/sophie-scholl-schule.eu\/index.php?rest_route=%2Fwp%2Fv2%2Fcomments&post=3905"}],"version-history":[{"count":8,"href":"https:\/\/sophie-scholl-schule.eu\/index.php?rest_route=\/wp\/v2\/pages\/3905\/revisions"}],"predecessor-version":[{"id":6856,"href":"https:\/\/sophie-scholl-schule.eu\/index.php?rest_route=\/wp\/v2\/pages\/3905\/revisions\/6856"}],"up":[{"embeddable":true,"href":"https:\/\/sophie-scholl-schule.eu\/index.php?rest_route=\/wp\/v2\/pages\/17"}],"wp:attachment":[{"href":"https:\/\/sophie-scholl-schule.eu\/index.php?rest_route=%2Fwp%2Fv2%2Fmedia&parent=3905"}],"curies":[{"name":"wp","href":"https:\/\/api.w.org\/{rel}","templated":true}]}}